{"id":1719,"date":"2020-10-06T17:22:18","date_gmt":"2020-10-06T17:22:18","guid":{"rendered":"https:\/\/premio-fotografia.intras.es\/?page_id=1719"},"modified":"2026-01-12T12:47:32","modified_gmt":"2026-01-12T12:47:32","slug":"inicio-4-2-2-2","status":"publish","type":"page","link":"https:\/\/premio-fotografia.intras.es\/index.php\/inicio-4-2-2-2\/","title":{"rendered":"LOCOGRAFIAS II"},"content":{"rendered":"\t\t<div data-elementor-type=\"wp-page\" data-elementor-id=\"1719\" class=\"elementor elementor-1719\">\n\t\t\t\t\t\t\t<div class=\"elementor-element elementor-element-5d51ce18 e-flex e-con-boxed e-con e-parent\" data-id=\"5d51ce18\" data-element_type=\"container\" data-settings=\"{&quot;container_type&quot;:&quot;flex&quot;,&quot;content_width&quot;:&quot;boxed&quot;}\" data-core-v316-plus=\"true\">\n\t\t\t\t\t<div class=\"e-con-inner\">\n\t\t\t\t<div class=\"elementor-element elementor-element-5775a9bb elementor-widget elementor-widget-text-editor\" data-id=\"5775a9bb\" data-element_type=\"widget\" data-widget_type=\"text-editor.default\">\n\t\t\t\t<div class=\"elementor-widget-container\">\n\t\t\t<style>\/*! elementor - v3.17.0 - 08-11-2023 *\/\n.elementor-widget-text-editor.elementor-drop-cap-view-stacked .elementor-drop-cap{background-color:#69727d;color:#fff}.elementor-widget-text-editor.elementor-drop-cap-view-framed .elementor-drop-cap{color:#69727d;border:3px solid;background-color:transparent}.elementor-widget-text-editor:not(.elementor-drop-cap-view-default) .elementor-drop-cap{margin-top:8px}.elementor-widget-text-editor:not(.elementor-drop-cap-view-default) .elementor-drop-cap-letter{width:1em;height:1em}.elementor-widget-text-editor .elementor-drop-cap{float:left;text-align:center;line-height:1;font-size:50px}.elementor-widget-text-editor .elementor-drop-cap-letter{display:inline-block}<\/style>\t\t\t\t<h3>&#8216;Another world&#8217; es la obra\u00a0 ganadora\u00a0 del II Premio Internacional de Fotograf\u00eda y Locura \u2018Locograf\u00edas\u2019.<\/h3><p>El jurado convocado por Fundaci\u00f3n INTRAS ha designado a \u00d3scar Barrera T\u00e9var por su obra \u2018Another world\u2019 como ganador del II Premio Internacional Fotograf\u00eda y Locura \u2018LOCOGRAF\u00cdAS\u2019. El jurado ha concedido adem\u00e1s tres acc\u00e9sits a las obras \u2018Sin t\u00edtulo III\u2019 del argentino Horacio Culaciatti, \u2018Las mil y una caras de la locura\u2019 del vallisoletano Javier Cabez\u00f3n S\u00e1nchez y \u2018Pensando en pepinos\u2019 del madrile\u00f1o Ignacio Carmona Loeches.<\/p><p>En esta segunda edici\u00f3n del Premio se han recibido m\u00e1s de 500 trabajos realizados por 182 fot\u00f3grafos de Espa\u00f1a, Argentina, Brasil, Chile, Colombia, Ecuador, EEUU, Italia, M\u00e9xico, Mozambique, Noruega, Per\u00fa, Portugal, Rep. Dominicana y Venezuela.<\/p><p>Las obras seleccionadas por el Jurado formar\u00e1n parte de la exposici\u00f3n internacional que se celebrar\u00e1 en Atenas coincidiendo con la celebraci\u00f3n del Festival Europeo de Arte para la mejora de la Salud Mental (1 al 16 de octubre) organizado por el proyecto NEFELE (Networking European Festivals for Mental Health Enhancement) del que INTRAS es socio.<\/p><figure><\/figure><p><style>\/*! elementor - v3.17.0 - 08-11-2023 *\/<br \/>.elementor-image-gallery .gallery-item{display:inline-block;text-align:center;vertical-align:top;width:100%;max-width:100%;margin:0 auto}.elementor-image-gallery .gallery-item img{margin:0 auto}.elementor-image-gallery .gallery-item .gallery-caption{margin:0}.elementor-image-gallery figure img{display:block}.elementor-image-gallery figure figcaption{width:100%}.gallery-spacing-custom .elementor-image-gallery .gallery-icon{padding:0}@media (min-width:768px){.elementor-image-gallery .gallery-columns-2 .gallery-item{max-width:50%}.elementor-image-gallery .gallery-columns-3 .gallery-item{max-width:33.33%}.elementor-image-gallery .gallery-columns-4 .gallery-item{max-width:25%}.elementor-image-gallery .gallery-columns-5 .gallery-item{max-width:20%}.elementor-image-gallery .gallery-columns-6 .gallery-item{max-width:16.666%}.elementor-image-gallery .gallery-columns-7 .gallery-item{max-width:14.28%}.elementor-image-gallery .gallery-columns-8 .gallery-item{max-width:12.5%}.elementor-image-gallery .gallery-columns-9 .gallery-item{max-width:11.11%}.elementor-image-gallery .gallery-columns-10 .gallery-item{max-width:10%}}@media (min-width:480px) and (max-width:767px){.elementor-image-gallery .gallery.gallery-columns-2 .gallery-item,.elementor-image-gallery .gallery.gallery-columns-3 .gallery-item,.elementor-image-gallery .gallery.gallery-columns-4 .gallery-item,.elementor-image-gallery .gallery.gallery-columns-5 .gallery-item,.elementor-image-gallery .gallery.gallery-columns-6 .gallery-item,.elementor-image-gallery .gallery.gallery-columns-7 .gallery-item,.elementor-image-gallery .gallery.gallery-columns-8 .gallery-item,.elementor-image-gallery .gallery.gallery-columns-9 .gallery-item,.elementor-image-gallery .gallery.gallery-columns-10 .gallery-item{max-width:50%}}@media (max-width:479px){.elementor-image-gallery .gallery.gallery-columns-2 .gallery-item,.elementor-image-gallery .gallery.gallery-columns-3 .gallery-item,.elementor-image-gallery .gallery.gallery-columns-4 .gallery-item,.elementor-image-gallery .gallery.gallery-columns-5 .gallery-item,.elementor-image-gallery .gallery.gallery-columns-6 .gallery-item,.elementor-image-gallery .gallery.gallery-columns-7 .gallery-item,.elementor-image-gallery .gallery.gallery-columns-8 .gallery-item,.elementor-image-gallery .gallery.gallery-columns-9 .gallery-item,.elementor-image-gallery .gallery.gallery-columns-10 .gallery-item{max-width:100%}}<\/style><style>\/*! elementor - v3.17.0 - 08-11-2023 *\/<br \/>.elementor-image-gallery .gallery-item{display:inline-block;text-align:center;vertical-align:top;width:100%;max-width:100%;margin:0 auto}.elementor-image-gallery .gallery-item img{margin:0 auto}.elementor-image-gallery .gallery-item .gallery-caption{margin:0}.elementor-image-gallery figure img{display:block}.elementor-image-gallery figure figcaption{width:100%}.gallery-spacing-custom .elementor-image-gallery .gallery-icon{padding:0}@media (min-width:768px){.elementor-image-gallery .gallery-columns-2 .gallery-item{max-width:50%}.elementor-image-gallery .gallery-columns-3 .gallery-item{max-width:33.33%}.elementor-image-gallery .gallery-columns-4 .gallery-item{max-width:25%}.elementor-image-gallery .gallery-columns-5 .gallery-item{max-width:20%}.elementor-image-gallery .gallery-columns-6 .gallery-item{max-width:16.666%}.elementor-image-gallery .gallery-columns-7 .gallery-item{max-width:14.28%}.elementor-image-gallery .gallery-columns-8 .gallery-item{max-width:12.5%}.elementor-image-gallery .gallery-columns-9 .gallery-item{max-width:11.11%}.elementor-image-gallery .gallery-columns-10 .gallery-item{max-width:10%}}@media (min-width:480px) and (max-width:767px){.elementor-image-gallery .gallery.gallery-columns-2 .gallery-item,.elementor-image-gallery .gallery.gallery-columns-3 .gallery-item,.elementor-image-gallery .gallery.gallery-columns-4 .gallery-item,.elementor-image-gallery .gallery.gallery-columns-5 .gallery-item,.elementor-image-gallery .gallery.gallery-columns-6 .gallery-item,.elementor-image-gallery .gallery.gallery-columns-7 .gallery-item,.elementor-image-gallery .gallery.gallery-columns-8 .gallery-item,.elementor-image-gallery .gallery.gallery-columns-9 .gallery-item,.elementor-image-gallery .gallery.gallery-columns-10 .gallery-item{max-width:50%}}@media (max-width:479px){.elementor-image-gallery .gallery.gallery-columns-2 .gallery-item,.elementor-image-gallery .gallery.gallery-columns-3 .gallery-item,.elementor-image-gallery .gallery.gallery-columns-4 .gallery-item,.elementor-image-gallery .gallery.gallery-columns-5 .gallery-item,.elementor-image-gallery .gallery.gallery-columns-6 .gallery-item,.elementor-image-gallery .gallery.gallery-columns-7 .gallery-item,.elementor-image-gallery .gallery.gallery-columns-8 .gallery-item,.elementor-image-gallery .gallery.gallery-columns-9 .gallery-item,.elementor-image-gallery .gallery.gallery-columns-10 .gallery-item{max-width:100%}}<\/style><style>\/*! elementor - v3.17.0 - 08-11-2023 *\/<br \/>.elementor-heading-title{padding:0;margin:0;line-height:1}.elementor-widget-heading .elementor-heading-title[class*=elementor-size-]>a{color:inherit;font-size:inherit;line-height:inherit}.elementor-widget-heading .elementor-heading-title.elementor-size-small{font-size:15px}.elementor-widget-heading .elementor-heading-title.elementor-size-medium{font-size:19px}.elementor-widget-heading .elementor-heading-title.elementor-size-large{font-size:29px}.elementor-widget-heading .elementor-heading-title.elementor-size-xl{font-size:39px}.elementor-widget-heading .elementor-heading-title.elementor-size-xxl{font-size:59px}<\/style><\/p>\t\t\t\t\t\t<\/div>\n\t\t\t\t<\/div>\n\t\t\t\t\t<\/div>\n\t\t\t\t<\/div>\n\t\t<div class=\"elementor-element elementor-element-89a499f e-flex e-con-boxed e-con e-parent\" data-id=\"89a499f\" data-element_type=\"container\" data-settings=\"{&quot;container_type&quot;:&quot;flex&quot;,&quot;content_width&quot;:&quot;boxed&quot;}\" data-core-v316-plus=\"true\">\n\t\t\t\t\t<div class=\"e-con-inner\">\n\t\t\t\t<div class=\"elementor-element elementor-element-6bcfbd2 elementor-widget elementor-widget-image-gallery\" data-id=\"6bcfbd2\" data-element_type=\"widget\" data-widget_type=\"image-gallery.default\">\n\t\t\t\t<div class=\"elementor-widget-container\">\n\t\t\t<style>\/*! elementor - v3.17.0 - 08-11-2023 *\/\n.elementor-image-gallery .gallery-item{display:inline-block;text-align:center;vertical-align:top;width:100%;max-width:100%;margin:0 auto}.elementor-image-gallery .gallery-item img{margin:0 auto}.elementor-image-gallery .gallery-item .gallery-caption{margin:0}.elementor-image-gallery figure img{display:block}.elementor-image-gallery figure figcaption{width:100%}.gallery-spacing-custom .elementor-image-gallery .gallery-icon{padding:0}@media (min-width:768px){.elementor-image-gallery .gallery-columns-2 .gallery-item{max-width:50%}.elementor-image-gallery .gallery-columns-3 .gallery-item{max-width:33.33%}.elementor-image-gallery .gallery-columns-4 .gallery-item{max-width:25%}.elementor-image-gallery .gallery-columns-5 .gallery-item{max-width:20%}.elementor-image-gallery .gallery-columns-6 .gallery-item{max-width:16.666%}.elementor-image-gallery .gallery-columns-7 .gallery-item{max-width:14.28%}.elementor-image-gallery .gallery-columns-8 .gallery-item{max-width:12.5%}.elementor-image-gallery .gallery-columns-9 .gallery-item{max-width:11.11%}.elementor-image-gallery .gallery-columns-10 .gallery-item{max-width:10%}}@media (min-width:480px) and (max-width:767px){.elementor-image-gallery .gallery.gallery-columns-2 .gallery-item,.elementor-image-gallery .gallery.gallery-columns-3 .gallery-item,.elementor-image-gallery .gallery.gallery-columns-4 .gallery-item,.elementor-image-gallery .gallery.gallery-columns-5 .gallery-item,.elementor-image-gallery .gallery.gallery-columns-6 .gallery-item,.elementor-image-gallery .gallery.gallery-columns-7 .gallery-item,.elementor-image-gallery .gallery.gallery-columns-8 .gallery-item,.elementor-image-gallery .gallery.gallery-columns-9 .gallery-item,.elementor-image-gallery .gallery.gallery-columns-10 .gallery-item{max-width:50%}}@media (max-width:479px){.elementor-image-gallery .gallery.gallery-columns-2 .gallery-item,.elementor-image-gallery .gallery.gallery-columns-3 .gallery-item,.elementor-image-gallery .gallery.gallery-columns-4 .gallery-item,.elementor-image-gallery .gallery.gallery-columns-5 .gallery-item,.elementor-image-gallery .gallery.gallery-columns-6 .gallery-item,.elementor-image-gallery .gallery.gallery-columns-7 .gallery-item,.elementor-image-gallery .gallery.gallery-columns-8 .gallery-item,.elementor-image-gallery .gallery.gallery-columns-9 .gallery-item,.elementor-image-gallery .gallery.gallery-columns-10 .gallery-item{max-width:100%}}<\/style>\t\t<div class=\"elementor-image-gallery\">\n\t\t\t<div id='gallery-1' class='gallery galleryid-1719 gallery-columns-1 gallery-size-large'><figure class='gallery-item'>\n\t\t\t<div class='gallery-icon landscape'>\n\t\t\t\t<a data-elementor-open-lightbox=\"yes\" data-elementor-lightbox-slideshow=\"6bcfbd2\" data-elementor-lightbox-title=\"&#039;ANOTHER WORLD&#039; - \u00d3SCAR BARRERA T\u00c9VAR ( Valencia, Espa\u00f1a)\" data-e-action-hash=\"#elementor-action%3Aaction%3Dlightbox%26settings%3DeyJpZCI6MTE4NywidXJsIjoiaHR0cHM6XC9cL3ByZW1pby1mb3RvZ3JhZmlhLmludHJhcy5lc1wvd3AtY29udGVudFwvdXBsb2Fkc1wvMjAxNlwvMDZcLzQ3OS1BTk9USEVSLVdPUkxELmpwZyIsInNsaWRlc2hvdyI6IjZiY2ZiZDIifQ%3D%3D\" href='https:\/\/premio-fotografia.intras.es\/wp-content\/uploads\/2016\/06\/479-ANOTHER-WORLD.jpg'><img fetchpriority=\"high\" decoding=\"async\" width=\"580\" height=\"387\" src=\"https:\/\/premio-fotografia.intras.es\/wp-content\/uploads\/2016\/06\/479-ANOTHER-WORLD.jpg\" class=\"attachment-large size-large\" alt=\"\" aria-describedby=\"gallery-1-1187\" srcset=\"https:\/\/premio-fotografia.intras.es\/wp-content\/uploads\/2016\/06\/479-ANOTHER-WORLD.jpg 700w, https:\/\/premio-fotografia.intras.es\/wp-content\/uploads\/2016\/06\/479-ANOTHER-WORLD-300x200.jpg 300w\" sizes=\"(max-width: 580px) 100vw, 580px\" \/><\/a>\n\t\t\t<\/div>\n\t\t\t\t<figcaption class='wp-caption-text gallery-caption' id='gallery-1-1187'>\n\t\t\t\t&#8216;ANOTHER WORLD&#8217; &#8211; \u00d3SCAR BARRERA T\u00c9VAR ( Valencia, Espa\u00f1a)\nEn alguna parte del mundo reflexiona a su manera. Hab\u00eda le\u00eddo que la locura es transparente, pero nada de eso, se dijo a si mismo. Elloscreen que me transparento. Creen que me localizan al instante. Creen que a trav\u00e9s de mis actos, a trav\u00e9s de mis gestos adivinan mi vida, mi pasado, mi presente. Son capaces hasta de predecir mi no-futuro. Imaginad que me razonan. Oh, no! La locura no imagina&#8230; So\u00f1ad que ellos deciden vivir mi locura. Quiz\u00e1 desaparecer\u00edan los miedos de su raz\u00f3n. Quiiz\u00e1 ser\u00edan m\u00e1s libres. Quiz\u00e1 sea el sue\u00f1o de la locura el que produce monstruos.\n\t\t\t\t<\/figcaption><\/figure>\n\t\t<\/div>\n\t\t<\/div>\n\t\t\t\t<\/div>\n\t\t\t\t<\/div>\n\t\t\t\t\t<\/div>\n\t\t\t\t<\/div>\n\t\t<div class=\"elementor-element elementor-element-5ddd830 e-flex e-con-boxed e-con e-parent\" data-id=\"5ddd830\" data-element_type=\"container\" data-settings=\"{&quot;container_type&quot;:&quot;flex&quot;,&quot;content_width&quot;:&quot;boxed&quot;}\" data-core-v316-plus=\"true\">\n\t\t\t\t\t<div class=\"e-con-inner\">\n\t\t\t\t<div class=\"elementor-element elementor-element-196bea2 elementor-widget elementor-widget-image-gallery\" data-id=\"196bea2\" data-element_type=\"widget\" data-widget_type=\"image-gallery.default\">\n\t\t\t\t<div class=\"elementor-widget-container\">\n\t\t\t\t\t<div class=\"elementor-image-gallery\">\n\t\t\t<div id='gallery-2' class='gallery galleryid-1719 gallery-columns-2 gallery-size-medium_large'><figure class='gallery-item'>\n\t\t\t<div class='gallery-icon landscape'>\n\t\t\t\t<a data-elementor-open-lightbox=\"yes\" data-elementor-lightbox-slideshow=\"196bea2\" data-elementor-lightbox-title=\"&#039;LAS MIL Y UNA CARAS DE LA LOCURA&#039; - JAVIER CABEZ\u00d3N S\u00c1NCHEZ (Arroyo de la Encomienda - Valladolid, Espa\u00f1a)\" data-e-action-hash=\"#elementor-action%3Aaction%3Dlightbox%26settings%3DeyJpZCI6MTA5MCwidXJsIjoiaHR0cHM6XC9cL3ByZW1pby1mb3RvZ3JhZmlhLmludHJhcy5lc1wvd3AtY29udGVudFwvdXBsb2Fkc1wvMjAxNlwvMDZcLzAyOS1MYXNtaWx5dW5hY2FyYXNkZWxhbG9jdXJhLmdpZiIsInNsaWRlc2hvdyI6IjE5NmJlYTIifQ%3D%3D\" href='https:\/\/premio-fotografia.intras.es\/wp-content\/uploads\/2016\/06\/029-Lasmilyunacarasdelalocura.gif'><img decoding=\"async\" width=\"580\" height=\"387\" src=\"https:\/\/premio-fotografia.intras.es\/wp-content\/uploads\/2016\/06\/029-Lasmilyunacarasdelalocura.gif\" class=\"attachment-medium_large size-medium_large\" alt=\"\" aria-describedby=\"gallery-2-1090\" \/><\/a>\n\t\t\t<\/div>\n\t\t\t\t<figcaption class='wp-caption-text gallery-caption' id='gallery-2-1090'>\n\t\t\t\t&#8216;LAS MIL Y UNA CARAS DE LA LOCURA&#8217; &#8211; JAVIER CABEZ\u00d3N S\u00c1NCHEZ (Arroyo de la Encomienda &#8211; Valladolid, Espa\u00f1a)\nAyuda, s\u00f3lo pido que me ayudes, tan s\u00f3lo que permanezcas a mi lado.\nNi siquiera te pido que me entiendas, porque ni yo misma me entiendo\u2026\nS\u00f3lo qu\u00e9date a mi lado, si\u00e9nteme, esc\u00fachame, perd\u00f3name, qui\u00e9reme\u2026\nGrito, lloro, siento miedo, siento rabia, estoy feliz\u2026 \nPero te odio tanto que quiero estar contigo para siempre\u2026\nNo sabes lo dif\u00edcil que es no saber lo que siento, ni por qu\u00e9 lo siento\u2026 \nLevantarme cada ma\u00f1ana feliz y en un instante estar triste y llorar sin saber por qu\u00e9..\nAlegr\u00eda, felicidad, miedo, ira, rabia, tristeza, indiferencia\u2026 las mil y una caras de mi locura\u2026\n\t\t\t\t<\/figcaption><\/figure><figure class='gallery-item'>\n\t\t\t<div class='gallery-icon landscape'>\n\t\t\t\t<a data-elementor-open-lightbox=\"yes\" data-elementor-lightbox-slideshow=\"196bea2\" data-elementor-lightbox-title=\"&#039;SIN T\u00cdTULO - III&#039; - HORACIO CULACIATTI (Buenos Aires, Argentina)\" data-e-action-hash=\"#elementor-action%3Aaction%3Dlightbox%26settings%3DeyJpZCI6MTEzNywidXJsIjoiaHR0cHM6XC9cL3ByZW1pby1mb3RvZ3JhZmlhLmludHJhcy5lc1wvd3AtY29udGVudFwvdXBsb2Fkc1wvMjAxNlwvMDZcLzE4NC1TaW4tdGl0dWxvLUlJSS5qcGciLCJzbGlkZXNob3ciOiIxOTZiZWEyIn0%3D\" href='https:\/\/premio-fotografia.intras.es\/wp-content\/uploads\/2016\/06\/184-Sin-titulo-III.jpg'><img decoding=\"async\" width=\"580\" height=\"385\" src=\"https:\/\/premio-fotografia.intras.es\/wp-content\/uploads\/2016\/06\/184-Sin-titulo-III.jpg\" class=\"attachment-medium_large size-medium_large\" alt=\"\" aria-describedby=\"gallery-2-1137\" srcset=\"https:\/\/premio-fotografia.intras.es\/wp-content\/uploads\/2016\/06\/184-Sin-titulo-III.jpg 700w, https:\/\/premio-fotografia.intras.es\/wp-content\/uploads\/2016\/06\/184-Sin-titulo-III-300x199.jpg 300w\" sizes=\"(max-width: 580px) 100vw, 580px\" \/><\/a>\n\t\t\t<\/div>\n\t\t\t\t<figcaption class='wp-caption-text gallery-caption' id='gallery-2-1137'>\n\t\t\t\t&#8216;SIN T\u00cdTULO &#8211; III&#8217; &#8211; HORACIO CULACIATTI (Buenos Aires, Argentina)\nEste retrato compuesto, tambi\u00e9n pertenece a la serie del neuropsiqui\u00e1trico. Ellos viv\u00edan en un plano id\u00edlico, muy felices  programaban su futuro casamiento, del cual no pude participar.\n\t\t\t\t<\/figcaption><\/figure><figure class='gallery-item'>\n\t\t\t<div class='gallery-icon landscape'>\n\t\t\t\t<a data-elementor-open-lightbox=\"yes\" data-elementor-lightbox-slideshow=\"196bea2\" data-elementor-lightbox-title=\"&#039;PENSANDO EN PEPINOS&#039; - IGNACIO CARMONA LOECHES (Madrid, Espa\u00f1a)\" data-e-action-hash=\"#elementor-action%3Aaction%3Dlightbox%26settings%3DeyJpZCI6MTA5OCwidXJsIjoiaHR0cHM6XC9cL3ByZW1pby1mb3RvZ3JhZmlhLmludHJhcy5lc1wvd3AtY29udGVudFwvdXBsb2Fkc1wvMjAxNlwvMDZcLzA0OS1QZW5zYW5kby1lbi1wZXBpbm9zLmpwZyIsInNsaWRlc2hvdyI6IjE5NmJlYTIifQ%3D%3D\" href='https:\/\/premio-fotografia.intras.es\/wp-content\/uploads\/2016\/06\/049-Pensando-en-pepinos.jpg'><img loading=\"lazy\" decoding=\"async\" width=\"580\" height=\"387\" src=\"https:\/\/premio-fotografia.intras.es\/wp-content\/uploads\/2016\/06\/049-Pensando-en-pepinos.jpg\" class=\"attachment-medium_large size-medium_large\" alt=\"\" aria-describedby=\"gallery-2-1098\" srcset=\"https:\/\/premio-fotografia.intras.es\/wp-content\/uploads\/2016\/06\/049-Pensando-en-pepinos.jpg 700w, https:\/\/premio-fotografia.intras.es\/wp-content\/uploads\/2016\/06\/049-Pensando-en-pepinos-300x200.jpg 300w\" sizes=\"(max-width: 580px) 100vw, 580px\" \/><\/a>\n\t\t\t<\/div>\n\t\t\t\t<figcaption class='wp-caption-text gallery-caption' id='gallery-2-1098'>\n\t\t\t\t&#8216;PENSANDO EN PEPINOS&#8217; &#8211; IGNACIO CARMONA LOECHES (Madrid, Espa\u00f1a)\nEn el pueblo de Valjevo, en Serbia, esta se\u00f1ora, llamada \u201cla loca del pueblo\u201d, destaca por su capacidad de observaci\u00f3n. Se la considera loca por no interactuar con la gente y no ser social, pero creo que la mayor sociabilidad es vivir en paz con los dem\u00e1s, sin molestar, dejando vivir. Ella probablemente no sepa que la llaman as\u00ed  y si lo supiese seguramente no le importar\u00eda, porque la gente debe aprender a vivir con las opiniones de los dem\u00e1s sin importarle m\u00e1s que vivir su propia vida.\n\t\t\t\t<\/figcaption><\/figure>\n\t\t<\/div>\n\t\t<\/div>\n\t\t\t\t<\/div>\n\t\t\t\t<\/div>\n\t\t\t\t\t<\/div>\n\t\t\t\t<\/div>\n\t\t<div class=\"elementor-element elementor-element-767d898 e-flex e-con-boxed e-con e-parent\" data-id=\"767d898\" data-element_type=\"container\" data-settings=\"{&quot;container_type&quot;:&quot;flex&quot;,&quot;content_width&quot;:&quot;boxed&quot;}\" data-core-v316-plus=\"true\">\n\t\t\t\t\t<div class=\"e-con-inner\">\n\t\t\t\t<div class=\"elementor-element elementor-element-5c7d726 elementor-widget elementor-widget-image-gallery\" data-id=\"5c7d726\" data-element_type=\"widget\" data-widget_type=\"image-gallery.default\">\n\t\t\t\t<div class=\"elementor-widget-container\">\n\t\t\t\t\t<div class=\"elementor-image-gallery\">\n\t\t\t<div id='gallery-3' class='gallery galleryid-1719 gallery-columns-3 gallery-size-thumbnail'><figure class='gallery-item'>\n\t\t\t<div class='gallery-icon landscape'>\n\t\t\t\t<a data-elementor-open-lightbox=\"yes\" data-elementor-lightbox-slideshow=\"5c7d726\" data-elementor-lightbox-title=\"&#039;LA IMPOTENCIA DE LA CUERDA&#039; - RAFAEL GARRIDO GARC\u00cdA (Valladolid, Espa\u00f1a)\" data-e-action-hash=\"#elementor-action%3Aaction%3Dlightbox%26settings%3DeyJpZCI6MTIxMCwidXJsIjoiaHR0cHM6XC9cL3ByZW1pby1mb3RvZ3JhZmlhLmludHJhcy5lc1wvd3AtY29udGVudFwvdXBsb2Fkc1wvMjAxNlwvMDdcLzM5Ny1MQS1JTVBPVEVOQ0lBLURFLUxBLUNVRVJEQS5qcGciLCJzbGlkZXNob3ciOiI1YzdkNzI2In0%3D\" href='https:\/\/premio-fotografia.intras.es\/wp-content\/uploads\/2016\/07\/397-LA-IMPOTENCIA-DE-LA-CUERDA.jpg'><img loading=\"lazy\" decoding=\"async\" width=\"150\" height=\"150\" src=\"https:\/\/premio-fotografia.intras.es\/wp-content\/uploads\/2016\/07\/397-LA-IMPOTENCIA-DE-LA-CUERDA-150x150.jpg\" class=\"attachment-thumbnail size-thumbnail\" alt=\"\" aria-describedby=\"gallery-3-1210\" srcset=\"https:\/\/premio-fotografia.intras.es\/wp-content\/uploads\/2016\/07\/397-LA-IMPOTENCIA-DE-LA-CUERDA-150x150.jpg 150w, https:\/\/premio-fotografia.intras.es\/wp-content\/uploads\/2016\/07\/397-LA-IMPOTENCIA-DE-LA-CUERDA-220x220.jpg 220w, https:\/\/premio-fotografia.intras.es\/wp-content\/uploads\/2016\/07\/397-LA-IMPOTENCIA-DE-LA-CUERDA-450x450.jpg 450w, https:\/\/premio-fotografia.intras.es\/wp-content\/uploads\/2016\/07\/397-LA-IMPOTENCIA-DE-LA-CUERDA-400x400.jpg 400w\" sizes=\"(max-width: 150px) 100vw, 150px\" \/><\/a>\n\t\t\t<\/div>\n\t\t\t\t<figcaption class='wp-caption-text gallery-caption' id='gallery-3-1210'>\n\t\t\t\t&#8216;LA IMPOTENCIA DE LA CUERDA&#8217; &#8211; RAFAEL GARRIDO GARC\u00cdA (Valladolid, Espa\u00f1a)\nAunque me tiren hacia atr\u00e1s yo sigo adelante. Las personas con enfermedad mental luchan cada d\u00eda, y muchas veces al d\u00eda por superar sus dificultades y las que les presenta la sociedad. Es la convicci\u00f3n de poder hacerlo lo que les da la fuerza aunque se sientan a veces solos en esta lucha\n\t\t\t\t<\/figcaption><\/figure><figure class='gallery-item'>\n\t\t\t<div class='gallery-icon landscape'>\n\t\t\t\t<a data-elementor-open-lightbox=\"yes\" data-elementor-lightbox-slideshow=\"5c7d726\" data-elementor-lightbox-title=\"&#039;MIS PENSAMIENTOS&#039; - V\u00cdCTOR CALERO TORRE (Barcelona, Espa\u00f1a)\" data-e-action-hash=\"#elementor-action%3Aaction%3Dlightbox%26settings%3DeyJpZCI6MTE4NCwidXJsIjoiaHR0cHM6XC9cL3ByZW1pby1mb3RvZ3JhZmlhLmludHJhcy5lc1wvd3AtY29udGVudFwvdXBsb2Fkc1wvMjAxNlwvMDZcLzQ3Mi1NaXMtcGVuc2FtaWVudG9zLmpwZyIsInNsaWRlc2hvdyI6IjVjN2Q3MjYifQ%3D%3D\" href='https:\/\/premio-fotografia.intras.es\/wp-content\/uploads\/2016\/06\/472-Mis-pensamientos.jpg'><img loading=\"lazy\" decoding=\"async\" width=\"150\" height=\"150\" src=\"https:\/\/premio-fotografia.intras.es\/wp-content\/uploads\/2016\/06\/472-Mis-pensamientos-150x150.jpg\" class=\"attachment-thumbnail size-thumbnail\" alt=\"\" aria-describedby=\"gallery-3-1184\" srcset=\"https:\/\/premio-fotografia.intras.es\/wp-content\/uploads\/2016\/06\/472-Mis-pensamientos-150x150.jpg 150w, https:\/\/premio-fotografia.intras.es\/wp-content\/uploads\/2016\/06\/472-Mis-pensamientos-220x220.jpg 220w, https:\/\/premio-fotografia.intras.es\/wp-content\/uploads\/2016\/06\/472-Mis-pensamientos-450x450.jpg 450w, https:\/\/premio-fotografia.intras.es\/wp-content\/uploads\/2016\/06\/472-Mis-pensamientos-400x400.jpg 400w\" sizes=\"(max-width: 150px) 100vw, 150px\" \/><\/a>\n\t\t\t<\/div>\n\t\t\t\t<figcaption class='wp-caption-text gallery-caption' id='gallery-3-1184'>\n\t\t\t\t&#8216;MIS PENSAMIENTOS&#8217; &#8211; V\u00cdCTOR CALERO TORRE (Barcelona, Espa\u00f1a)\nEn momentos duros de mi vida utilizaba la fotograf\u00eda como medicamento de ayuda, hacerme autorretratos de momentos que no quer\u00eda que se repitieran en mi vida, nadie es consciente de una depresi\u00f3n hasta que la vive en su propia piel, las cosas que le pasan a uno por la cabeza no son l\u00f3gicas pero ah\u00ed est\u00e1n mostrando la mente como la herramienta m\u00e1s poderosa del ser humano.\n\t\t\t\t<\/figcaption><\/figure><figure class='gallery-item'>\n\t\t\t<div class='gallery-icon landscape'>\n\t\t\t\t<a data-elementor-open-lightbox=\"yes\" data-elementor-lightbox-slideshow=\"5c7d726\" data-elementor-lightbox-title=\"&#039;EL GRITO&#039; - MIGUEL ANTONIO EIRIZ SAIZ (Santander, Espa\u00f1a)\" data-e-action-hash=\"#elementor-action%3Aaction%3Dlightbox%26settings%3DeyJpZCI6MTE3NiwidXJsIjoiaHR0cHM6XC9cL3ByZW1pby1mb3RvZ3JhZmlhLmludHJhcy5lc1wvd3AtY29udGVudFwvdXBsb2Fkc1wvMjAxNlwvMDZcLzQyOC1FbF9Hcml0by5qcGciLCJzbGlkZXNob3ciOiI1YzdkNzI2In0%3D\" href='https:\/\/premio-fotografia.intras.es\/wp-content\/uploads\/2016\/06\/428-El_Grito.jpg'><img loading=\"lazy\" decoding=\"async\" width=\"150\" height=\"150\" src=\"https:\/\/premio-fotografia.intras.es\/wp-content\/uploads\/2016\/06\/428-El_Grito-150x150.jpg\" class=\"attachment-thumbnail size-thumbnail\" alt=\"\" aria-describedby=\"gallery-3-1176\" srcset=\"https:\/\/premio-fotografia.intras.es\/wp-content\/uploads\/2016\/06\/428-El_Grito-150x150.jpg 150w, https:\/\/premio-fotografia.intras.es\/wp-content\/uploads\/2016\/06\/428-El_Grito-220x220.jpg 220w, https:\/\/premio-fotografia.intras.es\/wp-content\/uploads\/2016\/06\/428-El_Grito-450x450.jpg 450w, https:\/\/premio-fotografia.intras.es\/wp-content\/uploads\/2016\/06\/428-El_Grito-400x400.jpg 400w\" sizes=\"(max-width: 150px) 100vw, 150px\" \/><\/a>\n\t\t\t<\/div>\n\t\t\t\t<figcaption class='wp-caption-text gallery-caption' id='gallery-3-1176'>\n\t\t\t\t&#8216;EL GRITO&#8217; &#8211; MIGUEL ANTONIO EIRIZ SAIZ (Santander, Espa\u00f1a)\nEsto es lo que a muchos les puede venir a la cabeza cuando dicen que alguien est\u00e1 \u00abloco\u00bb, una imagen algo exagerado, que grita, que no razon, a lo que no te puedes acercar, que hace locuras\u2026 quiz\u00e1s deber\u00edamos tener los valores y personalidad suficiente para no tener miedo a acaercarnos a la locura y opinar por nosotros mismos para quitar esta imagen de nuestra mente. Tanto en el \u00abbuen sentido\u00bb cde hacer locuras como en sentido, que no por ello malo o negativo, de acercarnos a esas personas que pueden parecer enfermedades mentales.\n\t\t\t\t<\/figcaption><\/figure><figure class='gallery-item'>\n\t\t\t<div class='gallery-icon landscape'>\n\t\t\t\t<a data-elementor-open-lightbox=\"yes\" data-elementor-lightbox-slideshow=\"5c7d726\" data-elementor-lightbox-title=\"&#039;NUNCA NADIE ME VINO A VISITAR&#039; - RAM\u00d3N \u00c1NGEL ACEVEDO ARCE (Santiago de Chile, Chile)\" data-e-action-hash=\"#elementor-action%3Aaction%3Dlightbox%26settings%3DeyJpZCI6MTE3MSwidXJsIjoiaHR0cHM6XC9cL3ByZW1pby1mb3RvZ3JhZmlhLmludHJhcy5lc1wvd3AtY29udGVudFwvdXBsb2Fkc1wvMjAxNlwvMDZcLzQwNi1OdW5jYS1uYWRpZS1tZS12aW5vLWEtdmlzaXRhci5qcGciLCJzbGlkZXNob3ciOiI1YzdkNzI2In0%3D\" href='https:\/\/premio-fotografia.intras.es\/wp-content\/uploads\/2016\/06\/406-Nunca-nadie-me-vino-a-visitar.jpg'><img loading=\"lazy\" decoding=\"async\" width=\"150\" height=\"150\" src=\"https:\/\/premio-fotografia.intras.es\/wp-content\/uploads\/2016\/06\/406-Nunca-nadie-me-vino-a-visitar-150x150.jpg\" class=\"attachment-thumbnail size-thumbnail\" alt=\"\" aria-describedby=\"gallery-3-1171\" srcset=\"https:\/\/premio-fotografia.intras.es\/wp-content\/uploads\/2016\/06\/406-Nunca-nadie-me-vino-a-visitar-150x150.jpg 150w, https:\/\/premio-fotografia.intras.es\/wp-content\/uploads\/2016\/06\/406-Nunca-nadie-me-vino-a-visitar-220x220.jpg 220w, https:\/\/premio-fotografia.intras.es\/wp-content\/uploads\/2016\/06\/406-Nunca-nadie-me-vino-a-visitar-450x450.jpg 450w, https:\/\/premio-fotografia.intras.es\/wp-content\/uploads\/2016\/06\/406-Nunca-nadie-me-vino-a-visitar-400x400.jpg 400w\" sizes=\"(max-width: 150px) 100vw, 150px\" \/><\/a>\n\t\t\t<\/div>\n\t\t\t\t<figcaption class='wp-caption-text gallery-caption' id='gallery-3-1171'>\n\t\t\t\t&#8216;NUNCA NADIE ME VINO A VISITAR&#8217; &#8211; RAM\u00d3N \u00c1NGEL ACEVEDO ARCE (Santiago de Chile, Chile)\nProven\u00eda de la ciudad de Arica, en el extremo norte del pa\u00eds. Su familia decidi\u00f3 internarlo despu\u00e9s de reiteradas crisis. Entre las m\u00e1s graves se contaba un intento de quemar la propia casa de su madre, en donde viv\u00eda hacinado con otros hermanos mayores. Me confes\u00f3 que lo \u00fanico que deseaba era deshacerse de su familia, pues nunca se hab\u00eda sentido considerado por nadie. Fue as\u00ed que lo destinaron al peque\u00f1o poblado rural de Putaendo, en donde se encuentra el hospital mental m\u00e1s grande de Chile. Era el \u00fanico recinto que por entonces contaba con camas para la internaci\u00f3n de larga estad\u00eda. Lo abandonaron all\u00ed, y nunca nadie lo fue a visitar.\n\t\t\t\t<\/figcaption><\/figure><figure class='gallery-item'>\n\t\t\t<div class='gallery-icon portrait'>\n\t\t\t\t<a data-elementor-open-lightbox=\"yes\" data-elementor-lightbox-slideshow=\"5c7d726\" data-elementor-lightbox-title=\"&#039;\u00bfA QUE NO HAY COJONES PARA ESTAR SIEMPRE FELIZ?&#039; - VIRGINIA SANZ GARC\u00cdA (Valladolid, Espa\u00f1a)\" data-e-action-hash=\"#elementor-action%3Aaction%3Dlightbox%26settings%3DeyJpZCI6MTE2OCwidXJsIjoiaHR0cHM6XC9cL3ByZW1pby1mb3RvZ3JhZmlhLmludHJhcy5lc1wvd3AtY29udGVudFwvdXBsb2Fkc1wvMjAxNlwvMDZcLzQwMC1BLVFVRS1OTy1IQVktQ09KT05FUy1QQVJBLUVTVEFSLVNJRU1QUkUtRkVMSVouanBnIiwic2xpZGVzaG93IjoiNWM3ZDcyNiJ9\" href='https:\/\/premio-fotografia.intras.es\/wp-content\/uploads\/2016\/06\/400-A-QUE-NO-HAY-COJONES-PARA-ESTAR-SIEMPRE-FELIZ.jpg'><img loading=\"lazy\" decoding=\"async\" width=\"150\" height=\"150\" src=\"https:\/\/premio-fotografia.intras.es\/wp-content\/uploads\/2016\/06\/400-A-QUE-NO-HAY-COJONES-PARA-ESTAR-SIEMPRE-FELIZ-150x150.jpg\" class=\"attachment-thumbnail size-thumbnail\" alt=\"\" aria-describedby=\"gallery-3-1168\" srcset=\"https:\/\/premio-fotografia.intras.es\/wp-content\/uploads\/2016\/06\/400-A-QUE-NO-HAY-COJONES-PARA-ESTAR-SIEMPRE-FELIZ-150x150.jpg 150w, https:\/\/premio-fotografia.intras.es\/wp-content\/uploads\/2016\/06\/400-A-QUE-NO-HAY-COJONES-PARA-ESTAR-SIEMPRE-FELIZ-220x220.jpg 220w, https:\/\/premio-fotografia.intras.es\/wp-content\/uploads\/2016\/06\/400-A-QUE-NO-HAY-COJONES-PARA-ESTAR-SIEMPRE-FELIZ-450x450.jpg 450w, https:\/\/premio-fotografia.intras.es\/wp-content\/uploads\/2016\/06\/400-A-QUE-NO-HAY-COJONES-PARA-ESTAR-SIEMPRE-FELIZ-400x400.jpg 400w\" sizes=\"(max-width: 150px) 100vw, 150px\" \/><\/a>\n\t\t\t<\/div>\n\t\t\t\t<figcaption class='wp-caption-text gallery-caption' id='gallery-3-1168'>\n\t\t\t\t&#8216;\u00bfA QUE NO HAY COJONES PARA ESTAR SIEMPRE FELIZ?&#8217; &#8211; VIRGINIA SANZ GARC\u00cdA (Valladolid, Espa\u00f1a)\n\u00bfQui\u00e9n puede decir que est\u00e1 siempre feliz? La depresi\u00f3n y la tristeza forman tambi\u00e9n parte de la vida, pero lo importante es levantar cabeza. Aunque a veces parezca que no se puede, siempre se puede\n\t\t\t\t<\/figcaption><\/figure><figure class='gallery-item'>\n\t\t\t<div class='gallery-icon landscape'>\n\t\t\t\t<a data-elementor-open-lightbox=\"yes\" data-elementor-lightbox-slideshow=\"5c7d726\" data-elementor-lightbox-title=\"&#039;SER O NO SER&#039; - JOS\u00c9 RAM\u00d3N AYALA GARC\u00cdA (Valladolid, Espa\u00f1a)\" data-e-action-hash=\"#elementor-action%3Aaction%3Dlightbox%26settings%3DeyJpZCI6MTE2NywidXJsIjoiaHR0cHM6XC9cL3ByZW1pby1mb3RvZ3JhZmlhLmludHJhcy5lc1wvd3AtY29udGVudFwvdXBsb2Fkc1wvMjAxNlwvMDZcLzM5Ni1TRVItTy1OTy1TRVIuanBnIiwic2xpZGVzaG93IjoiNWM3ZDcyNiJ9\" href='https:\/\/premio-fotografia.intras.es\/wp-content\/uploads\/2016\/06\/396-SER-O-NO-SER.jpg'><img loading=\"lazy\" decoding=\"async\" width=\"150\" height=\"150\" src=\"https:\/\/premio-fotografia.intras.es\/wp-content\/uploads\/2016\/06\/396-SER-O-NO-SER-150x150.jpg\" class=\"attachment-thumbnail size-thumbnail\" alt=\"\" aria-describedby=\"gallery-3-1167\" srcset=\"https:\/\/premio-fotografia.intras.es\/wp-content\/uploads\/2016\/06\/396-SER-O-NO-SER-150x150.jpg 150w, https:\/\/premio-fotografia.intras.es\/wp-content\/uploads\/2016\/06\/396-SER-O-NO-SER-220x220.jpg 220w, https:\/\/premio-fotografia.intras.es\/wp-content\/uploads\/2016\/06\/396-SER-O-NO-SER-400x400.jpg 400w\" sizes=\"(max-width: 150px) 100vw, 150px\" \/><\/a>\n\t\t\t<\/div>\n\t\t\t\t<figcaption class='wp-caption-text gallery-caption' id='gallery-3-1167'>\n\t\t\t\t&#8216;SER O NO SER&#8217; &#8211; JOS\u00c9 RAM\u00d3N AYALA GARC\u00cdA (Valladolid, Espa\u00f1a)\nEst\u00e1s como una regadera, seguramente no tiene una acepci\u00f3n positivia. Pero \u00bfos hab\u00e9is parado a pensar que tambi\u00e9n significa vida y florecimiento? Esa es la cuesti\u00f3n.\n\t\t\t\t<\/figcaption><\/figure><figure class='gallery-item'>\n\t\t\t<div class='gallery-icon portrait'>\n\t\t\t\t<a data-elementor-open-lightbox=\"yes\" data-elementor-lightbox-slideshow=\"5c7d726\" data-elementor-lightbox-title=\"&#039;P\u00c1JAROS EN LA CABEZA, \u00bfPOR QU\u00c9 NO?&#039;  - JOS\u00c9 RAM\u00d3N AYALA GARC\u00cdA (Valladolid, Espa\u00f1a)\" data-e-action-hash=\"#elementor-action%3Aaction%3Dlightbox%26settings%3DeyJpZCI6MTE2NiwidXJsIjoiaHR0cHM6XC9cL3ByZW1pby1mb3RvZ3JhZmlhLmludHJhcy5lc1wvd3AtY29udGVudFwvdXBsb2Fkc1wvMjAxNlwvMDZcLzM5NC1QQUpBUk9TLUVOLUxBLUNBQkVaQS5qcGciLCJzbGlkZXNob3ciOiI1YzdkNzI2In0%3D\" href='https:\/\/premio-fotografia.intras.es\/wp-content\/uploads\/2016\/06\/394-PAJAROS-EN-LA-CABEZA.jpg'><img loading=\"lazy\" decoding=\"async\" width=\"150\" height=\"150\" src=\"https:\/\/premio-fotografia.intras.es\/wp-content\/uploads\/2016\/06\/394-PAJAROS-EN-LA-CABEZA-150x150.jpg\" class=\"attachment-thumbnail size-thumbnail\" alt=\"\" aria-describedby=\"gallery-3-1166\" srcset=\"https:\/\/premio-fotografia.intras.es\/wp-content\/uploads\/2016\/06\/394-PAJAROS-EN-LA-CABEZA-150x150.jpg 150w, https:\/\/premio-fotografia.intras.es\/wp-content\/uploads\/2016\/06\/394-PAJAROS-EN-LA-CABEZA-220x220.jpg 220w, https:\/\/premio-fotografia.intras.es\/wp-content\/uploads\/2016\/06\/394-PAJAROS-EN-LA-CABEZA-450x450.jpg 450w, https:\/\/premio-fotografia.intras.es\/wp-content\/uploads\/2016\/06\/394-PAJAROS-EN-LA-CABEZA-400x400.jpg 400w\" sizes=\"(max-width: 150px) 100vw, 150px\" \/><\/a>\n\t\t\t<\/div>\n\t\t\t\t<figcaption class='wp-caption-text gallery-caption' id='gallery-3-1166'>\n\t\t\t\t&#8216;P\u00c1JAROS EN LA CABEZA, \u00bfPOR QU\u00c9 NO?&#8217;  &#8211; JOS\u00c9 RAM\u00d3N AYALA GARC\u00cdA (Valladolid, Espa\u00f1a)\nP\u00e1jaros en la cabeza no es sin\u00f3nimo de locura, significa una mente en ebullici\u00f3n llena de luz, sue\u00f1os, ilusiones, deseos, proyectos, esperanzas, expectativas de futuro, en definitiva felicidad.\n\t\t\t\t<\/figcaption><\/figure><figure class='gallery-item'>\n\t\t\t<div class='gallery-icon landscape'>\n\t\t\t\t<a data-elementor-open-lightbox=\"yes\" data-elementor-lightbox-slideshow=\"5c7d726\" data-elementor-lightbox-title=\"&#039;UNO: QU\u00c9 HACE UN TIPO COMO T\u00da EN UN SITIO COMO ESTE&#039; - C\u00c9SAR BLAY CUQUERELLA (Guardamar - Valencia, Espa\u00f1a)\" data-e-action-hash=\"#elementor-action%3Aaction%3Dlightbox%26settings%3DeyJpZCI6MTE2MSwidXJsIjoiaHR0cHM6XC9cL3ByZW1pby1mb3RvZ3JhZmlhLmludHJhcy5lc1wvd3AtY29udGVudFwvdXBsb2Fkc1wvMjAxNlwvMDZcLzM3MS1Vbm8uanBnIiwic2xpZGVzaG93IjoiNWM3ZDcyNiJ9\" href='https:\/\/premio-fotografia.intras.es\/wp-content\/uploads\/2016\/06\/371-Uno.jpg'><img loading=\"lazy\" decoding=\"async\" width=\"150\" height=\"150\" src=\"https:\/\/premio-fotografia.intras.es\/wp-content\/uploads\/2016\/06\/371-Uno-150x150.jpg\" class=\"attachment-thumbnail size-thumbnail\" alt=\"\" aria-describedby=\"gallery-3-1161\" srcset=\"https:\/\/premio-fotografia.intras.es\/wp-content\/uploads\/2016\/06\/371-Uno-150x150.jpg 150w, https:\/\/premio-fotografia.intras.es\/wp-content\/uploads\/2016\/06\/371-Uno-220x220.jpg 220w, https:\/\/premio-fotografia.intras.es\/wp-content\/uploads\/2016\/06\/371-Uno-450x450.jpg 450w, https:\/\/premio-fotografia.intras.es\/wp-content\/uploads\/2016\/06\/371-Uno-400x400.jpg 400w\" sizes=\"(max-width: 150px) 100vw, 150px\" \/><\/a>\n\t\t\t<\/div>\n\t\t\t\t<figcaption class='wp-caption-text gallery-caption' id='gallery-3-1161'>\n\t\t\t\t&#8216;UNO: QU\u00c9 HACE UN TIPO COMO T\u00da EN UN SITIO COMO ESTE&#8217; &#8211; C\u00c9SAR BLAY CUQUERELLA (Guardamar &#8211; Valencia, Espa\u00f1a)\nQuise conocer al loco del pueblo,\nquise saber m\u00e1s sobre el que abandon\u00f3 la cordura,\nquise escuchar al hombre del que todos hablaban,\nquise entrar en su casa para verlo mejor,\ny al final averig\u00fc\u00e9 que ese hombre era yo.\n\t\t\t\t<\/figcaption><\/figure><figure class='gallery-item'>\n\t\t\t<div class='gallery-icon landscape'>\n\t\t\t\t<a data-elementor-open-lightbox=\"yes\" data-elementor-lightbox-slideshow=\"5c7d726\" data-elementor-lightbox-title=\"&#039;EN EL ABISMO&#039; - MIGUEL PLANELLS SAURINA (Girona, Espa\u00f1a)\" data-e-action-hash=\"#elementor-action%3Aaction%3Dlightbox%26settings%3DeyJpZCI6MTE2MCwidXJsIjoiaHR0cHM6XC9cL3ByZW1pby1mb3RvZ3JhZmlhLmludHJhcy5lc1wvd3AtY29udGVudFwvdXBsb2Fkc1wvMjAxNlwvMDZcLzM2NC1Fbi1lbC1hYmlzbW8uanBnIiwic2xpZGVzaG93IjoiNWM3ZDcyNiJ9\" href='https:\/\/premio-fotografia.intras.es\/wp-content\/uploads\/2016\/06\/364-En-el-abismo.jpg'><img loading=\"lazy\" decoding=\"async\" width=\"150\" height=\"150\" src=\"https:\/\/premio-fotografia.intras.es\/wp-content\/uploads\/2016\/06\/364-En-el-abismo-150x150.jpg\" class=\"attachment-thumbnail size-thumbnail\" alt=\"\" aria-describedby=\"gallery-3-1160\" srcset=\"https:\/\/premio-fotografia.intras.es\/wp-content\/uploads\/2016\/06\/364-En-el-abismo-150x150.jpg 150w, https:\/\/premio-fotografia.intras.es\/wp-content\/uploads\/2016\/06\/364-En-el-abismo-300x300.jpg 300w, https:\/\/premio-fotografia.intras.es\/wp-content\/uploads\/2016\/06\/364-En-el-abismo-220x220.jpg 220w, https:\/\/premio-fotografia.intras.es\/wp-content\/uploads\/2016\/06\/364-En-el-abismo-450x450.jpg 450w, https:\/\/premio-fotografia.intras.es\/wp-content\/uploads\/2016\/06\/364-En-el-abismo-400x400.jpg 400w, https:\/\/premio-fotografia.intras.es\/wp-content\/uploads\/2016\/06\/364-En-el-abismo.jpg 700w\" sizes=\"(max-width: 150px) 100vw, 150px\" \/><\/a>\n\t\t\t<\/div>\n\t\t\t\t<figcaption class='wp-caption-text gallery-caption' id='gallery-3-1160'>\n\t\t\t\t&#8216;EN EL ABISMO&#8217; &#8211; MIGUEL PLANELLS SAURINA (Girona, Espa\u00f1a)\nTe has ido, y sin embargo, amaneces delante de mi todas las ma\u00f1anas. Que felicidad despu\u00e9s de la tristeza. Has vuelto. Juntos, en la mesa, donde siempre hablamos con a\u00f1oranza de aquellos tiempos de juventud. Que felicidad despu\u00e9s de la tristeza. Y mientras hablamos, recojo tus manos para entrelazarlas con las m\u00edas. Pero no las encuentro \u00bfpor qu\u00e9? \u00bfPor qu\u00e9 no reposa la calidez de tus manos en las m\u00edas? Levanto la cabeza y miro al espejo. Sola, en \u00e9l no est\u00e1s t\u00fa. Triste de mi. La locura ha abandonado mi cordura en el abismo de tu muerte.\n\t\t\t\t<\/figcaption><\/figure><figure class='gallery-item'>\n\t\t\t<div class='gallery-icon landscape'>\n\t\t\t\t<a data-elementor-open-lightbox=\"yes\" data-elementor-lightbox-slideshow=\"5c7d726\" data-elementor-lightbox-title=\"&#039;SIN SALIDA&#039; - JOS\u00c9 VIDAL JORD\u00c1N (Lima, Per\u00fa)\" data-e-action-hash=\"#elementor-action%3Aaction%3Dlightbox%26settings%3DeyJpZCI6MTE1NCwidXJsIjoiaHR0cHM6XC9cL3ByZW1pby1mb3RvZ3JhZmlhLmludHJhcy5lc1wvd3AtY29udGVudFwvdXBsb2Fkc1wvMjAxNlwvMDZcLzMyNi1TSU4tU0FMSURBLmpwZyIsInNsaWRlc2hvdyI6IjVjN2Q3MjYifQ%3D%3D\" href='https:\/\/premio-fotografia.intras.es\/wp-content\/uploads\/2016\/06\/326-SIN-SALIDA.jpg'><img loading=\"lazy\" decoding=\"async\" width=\"150\" height=\"150\" src=\"https:\/\/premio-fotografia.intras.es\/wp-content\/uploads\/2016\/06\/326-SIN-SALIDA-150x150.jpg\" class=\"attachment-thumbnail size-thumbnail\" alt=\"\" aria-describedby=\"gallery-3-1154\" srcset=\"https:\/\/premio-fotografia.intras.es\/wp-content\/uploads\/2016\/06\/326-SIN-SALIDA-150x150.jpg 150w, https:\/\/premio-fotografia.intras.es\/wp-content\/uploads\/2016\/06\/326-SIN-SALIDA-220x220.jpg 220w, https:\/\/premio-fotografia.intras.es\/wp-content\/uploads\/2016\/06\/326-SIN-SALIDA-450x450.jpg 450w, https:\/\/premio-fotografia.intras.es\/wp-content\/uploads\/2016\/06\/326-SIN-SALIDA-400x400.jpg 400w\" sizes=\"(max-width: 150px) 100vw, 150px\" \/><\/a>\n\t\t\t<\/div>\n\t\t\t\t<figcaption class='wp-caption-text gallery-caption' id='gallery-3-1154'>\n\t\t\t\t&#8216;SIN SALIDA&#8217; &#8211; JOS\u00c9 VIDAL JORD\u00c1N (Lima, Per\u00fa)\nHabitaciones extra\u00f1as en perspectiva, euforia sometida a camisas de fuerza, pisos con secuencias repetitivas. Estoy por salir del amplio cuarto y \u00e9l se acerca violento. Le he robado una imagen antes de partir. Lo abandono, \u00e9l sigue su incansable rondar en aquella habitaci\u00f3n sim\u00e9trica y ahora eterna.\n\t\t\t\t<\/figcaption><\/figure><figure class='gallery-item'>\n\t\t\t<div class='gallery-icon landscape'>\n\t\t\t\t<a data-elementor-open-lightbox=\"yes\" data-elementor-lightbox-slideshow=\"5c7d726\" data-elementor-lightbox-title=\"&#039;LA ESPERA&#039; - JOS\u00c9 VIDAL JORD\u00c1N (Lima, Per\u00fa)\" data-e-action-hash=\"#elementor-action%3Aaction%3Dlightbox%26settings%3DeyJpZCI6MTE1MiwidXJsIjoiaHR0cHM6XC9cL3ByZW1pby1mb3RvZ3JhZmlhLmludHJhcy5lc1wvd3AtY29udGVudFwvdXBsb2Fkc1wvMjAxNlwvMDZcLzMyNC1MQS1FU1BFUkEuanBnIiwic2xpZGVzaG93IjoiNWM3ZDcyNiJ9\" href='https:\/\/premio-fotografia.intras.es\/wp-content\/uploads\/2016\/06\/324-LA-ESPERA.jpg'><img loading=\"lazy\" decoding=\"async\" width=\"150\" height=\"150\" src=\"https:\/\/premio-fotografia.intras.es\/wp-content\/uploads\/2016\/06\/324-LA-ESPERA-150x150.jpg\" class=\"attachment-thumbnail size-thumbnail\" alt=\"\" aria-describedby=\"gallery-3-1152\" srcset=\"https:\/\/premio-fotografia.intras.es\/wp-content\/uploads\/2016\/06\/324-LA-ESPERA-150x150.jpg 150w, https:\/\/premio-fotografia.intras.es\/wp-content\/uploads\/2016\/06\/324-LA-ESPERA-220x220.jpg 220w, https:\/\/premio-fotografia.intras.es\/wp-content\/uploads\/2016\/06\/324-LA-ESPERA-450x450.jpg 450w, https:\/\/premio-fotografia.intras.es\/wp-content\/uploads\/2016\/06\/324-LA-ESPERA-400x400.jpg 400w\" sizes=\"(max-width: 150px) 100vw, 150px\" \/><\/a>\n\t\t\t<\/div>\n\t\t\t\t<figcaption class='wp-caption-text gallery-caption' id='gallery-3-1152'>\n\t\t\t\t&#8216;LA ESPERA&#8217; &#8211; JOS\u00c9 VIDAL JORD\u00c1N (Lima, Per\u00fa)\nEs hora de almorzar y la comida no llega. Hay impacientes pero tambi\u00e9n indiferentes. \n\t\t\t\t<\/figcaption><\/figure><figure class='gallery-item'>\n\t\t\t<div class='gallery-icon landscape'>\n\t\t\t\t<a data-elementor-open-lightbox=\"yes\" data-elementor-lightbox-slideshow=\"5c7d726\" data-elementor-lightbox-title=\"&#039;MIS AMIGOS&#039; - ENRIC ESTARL\u00cd MASJUAN (Santa Cristina D&#039;Aro - Girona, Espa\u00f1a)\" data-e-action-hash=\"#elementor-action%3Aaction%3Dlightbox%26settings%3DeyJpZCI6MTE0OCwidXJsIjoiaHR0cHM6XC9cL3ByZW1pby1mb3RvZ3JhZmlhLmludHJhcy5lc1wvd3AtY29udGVudFwvdXBsb2Fkc1wvMjAxNlwvMDZcLzI4MC1taXMtYW1pZ29zLmpwZyIsInNsaWRlc2hvdyI6IjVjN2Q3MjYifQ%3D%3D\" href='https:\/\/premio-fotografia.intras.es\/wp-content\/uploads\/2016\/06\/280-mis-amigos.jpg'><img loading=\"lazy\" decoding=\"async\" width=\"150\" height=\"150\" src=\"https:\/\/premio-fotografia.intras.es\/wp-content\/uploads\/2016\/06\/280-mis-amigos-150x150.jpg\" class=\"attachment-thumbnail size-thumbnail\" alt=\"\" aria-describedby=\"gallery-3-1148\" srcset=\"https:\/\/premio-fotografia.intras.es\/wp-content\/uploads\/2016\/06\/280-mis-amigos-150x150.jpg 150w, https:\/\/premio-fotografia.intras.es\/wp-content\/uploads\/2016\/06\/280-mis-amigos-220x220.jpg 220w, https:\/\/premio-fotografia.intras.es\/wp-content\/uploads\/2016\/06\/280-mis-amigos-450x450.jpg 450w, https:\/\/premio-fotografia.intras.es\/wp-content\/uploads\/2016\/06\/280-mis-amigos-400x400.jpg 400w\" sizes=\"(max-width: 150px) 100vw, 150px\" \/><\/a>\n\t\t\t<\/div>\n\t\t\t\t<figcaption class='wp-caption-text gallery-caption' id='gallery-3-1148'>\n\t\t\t\t&#8216;MIS AMIGOS&#8217; &#8211; ENRIC ESTARL\u00cd MASJUAN (Santa Cristina D&#8217;Aro &#8211; Girona, Espa\u00f1a)\n\u00bfCu\u00e1ndo la existencia de amigos imaginarios se convierte en una enfermedad mental?, y \u00bfqu\u00e9 lleva a una persona a necesitar de la existencia de esos seres imaginarios?.\n\t\t\t\t<\/figcaption><\/figure><figure class='gallery-item'>\n\t\t\t<div class='gallery-icon landscape'>\n\t\t\t\t<a data-elementor-open-lightbox=\"yes\" data-elementor-lightbox-slideshow=\"5c7d726\" data-elementor-lightbox-title=\"&#039;DEJADME&#039; - PATRICIA FABRA APARICIO (Valencia, Espa\u00f1a)\" data-e-action-hash=\"#elementor-action%3Aaction%3Dlightbox%26settings%3DeyJpZCI6MTE0NiwidXJsIjoiaHR0cHM6XC9cL3ByZW1pby1mb3RvZ3JhZmlhLmludHJhcy5lc1wvd3AtY29udGVudFwvdXBsb2Fkc1wvMjAxNlwvMDZcLzI3Ny1EZWphZG1lLmpwZyIsInNsaWRlc2hvdyI6IjVjN2Q3MjYifQ%3D%3D\" href='https:\/\/premio-fotografia.intras.es\/wp-content\/uploads\/2016\/06\/277-Dejadme.jpg'><img loading=\"lazy\" decoding=\"async\" width=\"150\" height=\"150\" src=\"https:\/\/premio-fotografia.intras.es\/wp-content\/uploads\/2016\/06\/277-Dejadme-150x150.jpg\" class=\"attachment-thumbnail size-thumbnail\" alt=\"\" aria-describedby=\"gallery-3-1146\" srcset=\"https:\/\/premio-fotografia.intras.es\/wp-content\/uploads\/2016\/06\/277-Dejadme-150x150.jpg 150w, https:\/\/premio-fotografia.intras.es\/wp-content\/uploads\/2016\/06\/277-Dejadme-220x220.jpg 220w, https:\/\/premio-fotografia.intras.es\/wp-content\/uploads\/2016\/06\/277-Dejadme-450x450.jpg 450w, https:\/\/premio-fotografia.intras.es\/wp-content\/uploads\/2016\/06\/277-Dejadme-400x400.jpg 400w\" sizes=\"(max-width: 150px) 100vw, 150px\" \/><\/a>\n\t\t\t<\/div>\n\t\t\t\t<figcaption class='wp-caption-text gallery-caption' id='gallery-3-1146'>\n\t\t\t\t&#8216;DEJADME&#8217; &#8211; PATRICIA FABRA APARICIO (Valencia, Espa\u00f1a)\n\u00a1Dejadme!\nDejad de controlarme. Dejad de tomar decisiones por m\u00ed. Dejad de decirme lo que tengo o no tengo que hacer. Dejad de machacarme.\n\u00a1Callaos!\nDejad de cueslionar todo lo que hago. Dejad de cuchichear sobre m\u00ed. Dejad de darme ordenes. Dejad de gritar.\n\u00a1Olvidadme!\nDesapareced de mi vida. He hecho todo cuanto quer\u00edais, pero siempre quer\u00e9is m\u00e1s, siempre ped\u00eds m\u00e1s. Ya no puedo m\u00e1s. Ya no quiero m\u00e1s. Ya no&#8230;\n\u00a1Soltadme!\nDejadme sola, os lo suplico. Dejadme libre. Dejadme de una vez, por favor&#8230; Dejadme en paz.\n\t\t\t\t<\/figcaption><\/figure><figure class='gallery-item'>\n\t\t\t<div class='gallery-icon landscape'>\n\t\t\t\t<a data-elementor-open-lightbox=\"yes\" data-elementor-lightbox-slideshow=\"5c7d726\" data-elementor-lightbox-title=\"&#039;LOS QUE SIN DORMIR SUE\u00d1AN&#039; - ANA MAR\u00cdA PALACIOS CANO (Madrid, Espa\u00f1a)\" data-e-action-hash=\"#elementor-action%3Aaction%3Dlightbox%26settings%3DeyJpZCI6MTE0MiwidXJsIjoiaHR0cHM6XC9cL3ByZW1pby1mb3RvZ3JhZmlhLmludHJhcy5lc1wvd3AtY29udGVudFwvdXBsb2Fkc1wvMjAxNlwvMDZcLzIzNC1Mb3NfcXVlX3Npbl9kb3JtaXJfc3VlXHUwMGYxYW4uZ2lmIiwic2xpZGVzaG93IjoiNWM3ZDcyNiJ9\" href='https:\/\/premio-fotografia.intras.es\/wp-content\/uploads\/2016\/06\/234-Los_que_sin_dormir_sue\u00f1an.gif'><img loading=\"lazy\" decoding=\"async\" width=\"150\" height=\"150\" src=\"https:\/\/premio-fotografia.intras.es\/wp-content\/uploads\/2016\/06\/234-Los_que_sin_dormir_sue\u00f1an-150x150.gif\" class=\"attachment-thumbnail size-thumbnail\" alt=\"\" aria-describedby=\"gallery-3-1142\" srcset=\"https:\/\/premio-fotografia.intras.es\/wp-content\/uploads\/2016\/06\/234-Los_que_sin_dormir_sue\u00f1an-150x150.gif 150w, https:\/\/premio-fotografia.intras.es\/wp-content\/uploads\/2016\/06\/234-Los_que_sin_dormir_sue\u00f1an-220x220.gif 220w, https:\/\/premio-fotografia.intras.es\/wp-content\/uploads\/2016\/06\/234-Los_que_sin_dormir_sue\u00f1an-450x450.gif 450w, https:\/\/premio-fotografia.intras.es\/wp-content\/uploads\/2016\/06\/234-Los_que_sin_dormir_sue\u00f1an-400x400.gif 400w\" sizes=\"(max-width: 150px) 100vw, 150px\" \/><\/a>\n\t\t\t<\/div>\n\t\t\t\t<figcaption class='wp-caption-text gallery-caption' id='gallery-3-1142'>\n\t\t\t\t&#8216;LOS QUE SIN DORMIR SUE\u00d1AN&#8217; &#8211; ANA MAR\u00cdA PALACIOS CANO (Madrid, Espa\u00f1a)\nAlgunos lo llaman locura, pero dejar que tu mente se dirija a nuevos e inesperados lugares y tomar el riesgo de alcanzarlos es lo que hace la diferencia en este mundo, lo que crea nuevos horizontes, nuevas oportunidades, se permiten miles emociones y contagian al mundo de ganas por querer ser un poco mejores.\nLocura es de genios por los que sin dormir suen\u0303an , los que no tienen miedo de imaginar una mejor realidad, los que toman riesgos , los emprendedores que hacen posibles miles de maravillas en el mundo.\n\t\t\t\t<\/figcaption><\/figure><figure class='gallery-item'>\n\t\t\t<div class='gallery-icon landscape'>\n\t\t\t\t<a data-elementor-open-lightbox=\"yes\" data-elementor-lightbox-slideshow=\"5c7d726\" data-elementor-lightbox-title=\"&#039;\u00bfD\u00d3NDE EST\u00c1 MI SALIDA?-\u00bfD\u00d3NDE EST\u00c1 MI CIELO?&#039; - DAVID MAZ\u00d3N G\u00d3MEZ (Santander, Espa\u00f1a)\" data-e-action-hash=\"#elementor-action%3Aaction%3Dlightbox%26settings%3DeyJpZCI6MTE0MSwidXJsIjoiaHR0cHM6XC9cL3ByZW1pby1mb3RvZ3JhZmlhLmludHJhcy5lc1wvd3AtY29udGVudFwvdXBsb2Fkc1wvMjAxNlwvMDZcLzIyNS1cdTAwYTFEb25kZS1lc3RcdTAwZTEtbWktc2FsaWRhLVx1MDBhMWRvbmRlLWVzdFx1MDBlMS1taS1jaWVsby5naWYiLCJzbGlkZXNob3ciOiI1YzdkNzI2In0%3D\" href='https:\/\/premio-fotografia.intras.es\/wp-content\/uploads\/2016\/06\/225-\u00a1Donde-est\u00e1-mi-salida-\u00a1donde-est\u00e1-mi-cielo.gif'><img loading=\"lazy\" decoding=\"async\" width=\"150\" height=\"150\" src=\"https:\/\/premio-fotografia.intras.es\/wp-content\/uploads\/2016\/06\/225-\u00a1Donde-est\u00e1-mi-salida-\u00a1donde-est\u00e1-mi-cielo-150x150.gif\" class=\"attachment-thumbnail size-thumbnail\" alt=\"\" aria-describedby=\"gallery-3-1141\" srcset=\"https:\/\/premio-fotografia.intras.es\/wp-content\/uploads\/2016\/06\/225-\u00a1Donde-est\u00e1-mi-salida-\u00a1donde-est\u00e1-mi-cielo-150x150.gif 150w, https:\/\/premio-fotografia.intras.es\/wp-content\/uploads\/2016\/06\/225-\u00a1Donde-est\u00e1-mi-salida-\u00a1donde-est\u00e1-mi-cielo-220x220.gif 220w, https:\/\/premio-fotografia.intras.es\/wp-content\/uploads\/2016\/06\/225-\u00a1Donde-est\u00e1-mi-salida-\u00a1donde-est\u00e1-mi-cielo-450x450.gif 450w, https:\/\/premio-fotografia.intras.es\/wp-content\/uploads\/2016\/06\/225-\u00a1Donde-est\u00e1-mi-salida-\u00a1donde-est\u00e1-mi-cielo-400x400.gif 400w\" sizes=\"(max-width: 150px) 100vw, 150px\" \/><\/a>\n\t\t\t<\/div>\n\t\t\t\t<figcaption class='wp-caption-text gallery-caption' id='gallery-3-1141'>\n\t\t\t\t&#8216;\u00bfD\u00d3NDE EST\u00c1 MI SALIDA?-\u00bfD\u00d3NDE EST\u00c1 MI CIELO?&#8217; &#8211; DAVID MAZ\u00d3N G\u00d3MEZ (Santander, Espa\u00f1a)\nCon esta fotograf\u00eda quiero significar la situaci\u00f3n en la que vive una persona con depresi\u00f3n y con algunos tipo de enfermedad mental: cada d\u00eda se levanta hundido en un pozo y el cielo azul, la felicidad o el bienestar parecen algo lejano y no se sabe c\u00f3mo llegar a ello, pues el peso del d\u00eda a d\u00eda nos va alejando de la salida.La fotograf\u00eda est\u00e1 realizada con un contra picado aprovechando la luz del atardecer que se proyecta sobre el interior de una torre vac\u00eda dando sensaci\u00f3n de profundida al mismo y dejando en la parte central el relativamente inaccesible cielo. Adem\u00e1s, la foto est\u00e1 parcialmente virada para realzar m\u00e1s a\u00fan la inestabilidad.\n\t\t\t\t<\/figcaption><\/figure><figure class='gallery-item'>\n\t\t\t<div class='gallery-icon landscape'>\n\t\t\t\t<a data-elementor-open-lightbox=\"yes\" data-elementor-lightbox-slideshow=\"5c7d726\" data-elementor-lightbox-title=\"&#039;PARADO&#039; - RA\u00daL CAVERO GARRIDO (Premi\u00e1 de Mar - Barcelona, Espa\u00f1a)\" data-e-action-hash=\"#elementor-action%3Aaction%3Dlightbox%26settings%3DeyJpZCI6MTEzOSwidXJsIjoiaHR0cHM6XC9cL3ByZW1pby1mb3RvZ3JhZmlhLmludHJhcy5lc1wvd3AtY29udGVudFwvdXBsb2Fkc1wvMjAxNlwvMDZcLzIwNC1wYXJhZG8uZ2lmIiwic2xpZGVzaG93IjoiNWM3ZDcyNiJ9\" href='https:\/\/premio-fotografia.intras.es\/wp-content\/uploads\/2016\/06\/204-parado.gif'><img loading=\"lazy\" decoding=\"async\" width=\"150\" height=\"150\" src=\"https:\/\/premio-fotografia.intras.es\/wp-content\/uploads\/2016\/06\/204-parado-150x150.gif\" class=\"attachment-thumbnail size-thumbnail\" alt=\"\" aria-describedby=\"gallery-3-1139\" srcset=\"https:\/\/premio-fotografia.intras.es\/wp-content\/uploads\/2016\/06\/204-parado-150x150.gif 150w, https:\/\/premio-fotografia.intras.es\/wp-content\/uploads\/2016\/06\/204-parado-220x220.gif 220w\" sizes=\"(max-width: 150px) 100vw, 150px\" \/><\/a>\n\t\t\t<\/div>\n\t\t\t\t<figcaption class='wp-caption-text gallery-caption' id='gallery-3-1139'>\n\t\t\t\t&#8216;PARADO&#8217; &#8211; RA\u00daL CAVERO GARRIDO (Premi\u00e1 de Mar &#8211; Barcelona, Espa\u00f1a)\nCuando entras en el juego de querer hacer algo, pero no lo haces y se acaba convirtiendo en rutina. El tiempo pasa y tu sigues ah\u00ed, parado, las cosas siguen pasando delante de ti\u2026 Quieres hacer el paso y tirarte al agua, pero no te atreves, te da miedo. Las cosas siguen pasando y t\u00fa sigues ah\u00ed, parado.\n\t\t\t\t<\/figcaption><\/figure><figure class='gallery-item'>\n\t\t\t<div class='gallery-icon portrait'>\n\t\t\t\t<a data-elementor-open-lightbox=\"yes\" data-elementor-lightbox-slideshow=\"5c7d726\" data-elementor-lightbox-title=\"&#039;VELOZ - 02&#039; - IAGO LEONARDO FERN\u00c1NDEZ CABRERA (Madrid, Espa\u00f1a)\" data-e-action-hash=\"#elementor-action%3Aaction%3Dlightbox%26settings%3DeyJpZCI6MTEzMSwidXJsIjoiaHR0cHM6XC9cL3ByZW1pby1mb3RvZ3JhZmlhLmludHJhcy5lc1wvd3AtY29udGVudFwvdXBsb2Fkc1wvMjAxNlwvMDZcLzE1Mi1WZWxvei0wMi5qcGciLCJzbGlkZXNob3ciOiI1YzdkNzI2In0%3D\" href='https:\/\/premio-fotografia.intras.es\/wp-content\/uploads\/2016\/06\/152-Veloz-02.jpg'><img loading=\"lazy\" decoding=\"async\" width=\"150\" height=\"150\" src=\"https:\/\/premio-fotografia.intras.es\/wp-content\/uploads\/2016\/06\/152-Veloz-02-150x150.jpg\" class=\"attachment-thumbnail size-thumbnail\" alt=\"\" aria-describedby=\"gallery-3-1131\" srcset=\"https:\/\/premio-fotografia.intras.es\/wp-content\/uploads\/2016\/06\/152-Veloz-02-150x150.jpg 150w, https:\/\/premio-fotografia.intras.es\/wp-content\/uploads\/2016\/06\/152-Veloz-02-220x220.jpg 220w, https:\/\/premio-fotografia.intras.es\/wp-content\/uploads\/2016\/06\/152-Veloz-02-450x450.jpg 450w, https:\/\/premio-fotografia.intras.es\/wp-content\/uploads\/2016\/06\/152-Veloz-02-400x400.jpg 400w\" sizes=\"(max-width: 150px) 100vw, 150px\" \/><\/a>\n\t\t\t<\/div>\n\t\t\t\t<figcaption class='wp-caption-text gallery-caption' id='gallery-3-1131'>\n\t\t\t\t&#8216;VELOZ &#8211; 02&#8217; &#8211; IAGO LEONARDO FERN\u00c1NDEZ CABRERA (Madrid, Espa\u00f1a)\nEsta fotograf\u00eda forma parte de un proyecto llamado \u201ccabezas de Cedeira\u201d, En el que se me encarg\u00f3 fotografiar a personajes que me pareciesen destacados  en una peque\u00f1a localidad en la provincia de la coru\u00f1a, llamada Cedeira.  Al inaugurar la exposici\u00f3n, muchas personas del pueblo me dijeron que \u201cporqu\u00e9 solo hab\u00eda fotrografiado a los locos\u201d. La verdad es que ten\u00edan parte de raz\u00f3. Pero result\u00f3 que aquellos personajes m\u00e1s c\u00e9lebres, con m\u00e1s fuerza visual o m\u00e1s atractivos , ten\u00edan una forma muy distinta de ver la realidad\u2026 estaban locos.\nTom\u00e1s de Remesal,  fue uno de esos maravillosos personajes que posaron para mi c\u00e1mara anal\u00f3gica. Ya no estaba muy bien de la cabeza,  no se si por su edad, pero conserbava algo muy especial en su mirada\u2026 me confes\u00f3 llorando que siempre quiso ser actor.\n\t\t\t\t<\/figcaption><\/figure><figure class='gallery-item'>\n\t\t\t<div class='gallery-icon landscape'>\n\t\t\t\t<a data-elementor-open-lightbox=\"yes\" data-elementor-lightbox-slideshow=\"5c7d726\" data-elementor-lightbox-title=\"&#039;EL VIAJE&#039; - I\u00d1AKI FERN\u00c1NDEZ ARZA (Amorebieta - Vizcaya, Espa\u00f1a)\" data-e-action-hash=\"#elementor-action%3Aaction%3Dlightbox%26settings%3DeyJpZCI6MTEzMCwidXJsIjoiaHR0cHM6XC9cL3ByZW1pby1mb3RvZ3JhZmlhLmludHJhcy5lc1wvd3AtY29udGVudFwvdXBsb2Fkc1wvMjAxNlwvMDZcLzE0OS1FbC12aWFqZS5qcGciLCJzbGlkZXNob3ciOiI1YzdkNzI2In0%3D\" href='https:\/\/premio-fotografia.intras.es\/wp-content\/uploads\/2016\/06\/149-El-viaje.jpg'><img loading=\"lazy\" decoding=\"async\" width=\"150\" height=\"150\" src=\"https:\/\/premio-fotografia.intras.es\/wp-content\/uploads\/2016\/06\/149-El-viaje-150x150.jpg\" class=\"attachment-thumbnail size-thumbnail\" alt=\"\" aria-describedby=\"gallery-3-1130\" srcset=\"https:\/\/premio-fotografia.intras.es\/wp-content\/uploads\/2016\/06\/149-El-viaje-150x150.jpg 150w, https:\/\/premio-fotografia.intras.es\/wp-content\/uploads\/2016\/06\/149-El-viaje-220x220.jpg 220w, https:\/\/premio-fotografia.intras.es\/wp-content\/uploads\/2016\/06\/149-El-viaje-450x450.jpg 450w, https:\/\/premio-fotografia.intras.es\/wp-content\/uploads\/2016\/06\/149-El-viaje-400x400.jpg 400w\" sizes=\"(max-width: 150px) 100vw, 150px\" \/><\/a>\n\t\t\t<\/div>\n\t\t\t\t<figcaption class='wp-caption-text gallery-caption' id='gallery-3-1130'>\n\t\t\t\t&#8216;EL VIAJE&#8217; &#8211; I\u00d1AKI FERN\u00c1NDEZ ARZA (Amorebieta &#8211; Vizcaya, Espa\u00f1a)\nEl viaje hacia la locura nos lleva a lugares desconocidos.\nSolo los que estamos en ese camino sabemos que lo importante no es el destino sino el trayecto.\nAprovechad cada minuto.\nLa oscuridad, de repente, se puede tornar en luz, una luz cegadora.\nEl camino hacia ninguna parte.\n\u00bfPor qu\u00e9 nadie entiende mis sentimientos?\n\u00a1Quita de ah\u00ed!\n\u2026abr\u00e1zame amor\u2026\n\u00bfQuieres un caf\u00e9?\nDame un cigarrillo.\nPor favor.\nNo mires atr\u00e1s, no me dejes solo.\nAcomp\u00e1\u00f1ame.\nEn este viaje solo cabe esperar.\nUn paseo por la vida, caminar hacia delante. Cada d\u00eda es un d\u00eda m\u00e1s y un d\u00eda menos de sufrimiento.\nNadie me entiende, solo el espejo me conoce\n\t\t\t\t<\/figcaption><\/figure><figure class='gallery-item'>\n\t\t\t<div class='gallery-icon portrait'>\n\t\t\t\t<a data-elementor-open-lightbox=\"yes\" data-elementor-lightbox-slideshow=\"5c7d726\" data-elementor-lightbox-title=\"&#039;HOMBRE MIRANDO A SUDESTE&#039; - PILAR GARC\u00cdA MERINO (Madrid, Espa\u00f1a)\" data-e-action-hash=\"#elementor-action%3Aaction%3Dlightbox%26settings%3DeyJpZCI6MTEyNiwidXJsIjoiaHR0cHM6XC9cL3ByZW1pby1mb3RvZ3JhZmlhLmludHJhcy5lc1wvd3AtY29udGVudFwvdXBsb2Fkc1wvMjAxNlwvMDZcLzEzNi1Ib21icmUtbWlyYW5kby1hLXN1ZGVzdGUuanBnIiwic2xpZGVzaG93IjoiNWM3ZDcyNiJ9\" href='https:\/\/premio-fotografia.intras.es\/wp-content\/uploads\/2016\/06\/136-Hombre-mirando-a-sudeste.jpg'><img loading=\"lazy\" decoding=\"async\" width=\"150\" height=\"150\" src=\"https:\/\/premio-fotografia.intras.es\/wp-content\/uploads\/2016\/06\/136-Hombre-mirando-a-sudeste-150x150.jpg\" class=\"attachment-thumbnail size-thumbnail\" alt=\"\" aria-describedby=\"gallery-3-1126\" srcset=\"https:\/\/premio-fotografia.intras.es\/wp-content\/uploads\/2016\/06\/136-Hombre-mirando-a-sudeste-150x150.jpg 150w, https:\/\/premio-fotografia.intras.es\/wp-content\/uploads\/2016\/06\/136-Hombre-mirando-a-sudeste-220x220.jpg 220w, https:\/\/premio-fotografia.intras.es\/wp-content\/uploads\/2016\/06\/136-Hombre-mirando-a-sudeste-450x450.jpg 450w, https:\/\/premio-fotografia.intras.es\/wp-content\/uploads\/2016\/06\/136-Hombre-mirando-a-sudeste-400x400.jpg 400w\" sizes=\"(max-width: 150px) 100vw, 150px\" \/><\/a>\n\t\t\t<\/div>\n\t\t\t\t<figcaption class='wp-caption-text gallery-caption' id='gallery-3-1126'>\n\t\t\t\t&#8216;HOMBRE MIRANDO A SUDESTE&#8217; &#8211; PILAR GARC\u00cdA MERINO (Madrid, Espa\u00f1a)\nLa imagen pertenece al proyecto \u201cDesequilibrios\u201d que est\u00e1 formado por un conjunto de dioramas elaborados mediante toma directa de peque\u00f1as figuras y maquetas. \nLa serie se centra en la dimensi\u00f3n psicol\u00f3gica del ser humano, profundizando en conceptos como el miedo, la soledad y la angustia.  \nLa iluminaci\u00f3n contrastada crea un juego de luces y sombras donde los personajes aparecen perfilados a base de claroscuros en un ambiente enigm\u00e1tico te\u00f1ido de melancol\u00eda, silencio y estatismo. \nLas fotograf\u00edas son como peque\u00f1as cajas de resonancia ps\u00edquica, pues est\u00e1n cargadas de simbolismo sobre el ciclo vital del hombre y sus posiciones reflexivas sobre la existencia.\n\t\t\t\t<\/figcaption><\/figure><figure class='gallery-item'>\n\t\t\t<div class='gallery-icon landscape'>\n\t\t\t\t<a data-elementor-open-lightbox=\"yes\" data-elementor-lightbox-slideshow=\"5c7d726\" data-elementor-lightbox-title=\"&#039;AUSENCIAS_1 - SILUETA&#039; - MIGUEL VEIGA TEIJIDO (Logro\u00f1o, Espa\u00f1a)\" data-e-action-hash=\"#elementor-action%3Aaction%3Dlightbox%26settings%3DeyJpZCI6MTEyMiwidXJsIjoiaHR0cHM6XC9cL3ByZW1pby1mb3RvZ3JhZmlhLmludHJhcy5lc1wvd3AtY29udGVudFwvdXBsb2Fkc1wvMjAxNlwvMDZcLzEyNS1BVVNFTkNJQVNfMS1TaWx1ZXRhLmpwZyIsInNsaWRlc2hvdyI6IjVjN2Q3MjYifQ%3D%3D\" href='https:\/\/premio-fotografia.intras.es\/wp-content\/uploads\/2016\/06\/125-AUSENCIAS_1-Silueta.jpg'><img loading=\"lazy\" decoding=\"async\" width=\"150\" height=\"150\" src=\"https:\/\/premio-fotografia.intras.es\/wp-content\/uploads\/2016\/06\/125-AUSENCIAS_1-Silueta-150x150.jpg\" class=\"attachment-thumbnail size-thumbnail\" alt=\"\" aria-describedby=\"gallery-3-1122\" srcset=\"https:\/\/premio-fotografia.intras.es\/wp-content\/uploads\/2016\/06\/125-AUSENCIAS_1-Silueta-150x150.jpg 150w, https:\/\/premio-fotografia.intras.es\/wp-content\/uploads\/2016\/06\/125-AUSENCIAS_1-Silueta-220x220.jpg 220w, https:\/\/premio-fotografia.intras.es\/wp-content\/uploads\/2016\/06\/125-AUSENCIAS_1-Silueta-450x450.jpg 450w, https:\/\/premio-fotografia.intras.es\/wp-content\/uploads\/2016\/06\/125-AUSENCIAS_1-Silueta-400x400.jpg 400w\" sizes=\"(max-width: 150px) 100vw, 150px\" \/><\/a>\n\t\t\t<\/div>\n\t\t\t\t<figcaption class='wp-caption-text gallery-caption' id='gallery-3-1122'>\n\t\t\t\t&#8216;AUSENCIAS_1 &#8211; SILUETA&#8217; &#8211; MIGUEL VEIGA TEIJIDO (Logro\u00f1o, Espa\u00f1a)\nA veces tomo la vida como una sucesi\u00f3n continua del presente. Esto me conduce irremediablemente a pensar en las ausencias, en el tiempo que se nos escapa de entre las manos arrastrando consigo los seres y objetos que configuran nuestro entorno. Cuando \u00e9stos nos importan los hacemos prevalecer en la memoria gracias a los recuerdos. El tiempo, inmisericorde, los erosiona y poco a poco los borra de nuestra mente para arrojarnos indefensos a un horizonte de ausencias, \u00bfpero que ocurre cuando somos una ausencia m\u00e1s en este desolado paisaje?\n\t\t\t\t<\/figcaption><\/figure><figure class='gallery-item'>\n\t\t\t<div class='gallery-icon landscape'>\n\t\t\t\t<a data-elementor-open-lightbox=\"yes\" data-elementor-lightbox-slideshow=\"5c7d726\" data-elementor-lightbox-title=\"&#039;D\u00c9DALO&#039; - JOS\u00c9 BEUT DUATO (Valencia, Espa\u00f1a)\" data-e-action-hash=\"#elementor-action%3Aaction%3Dlightbox%26settings%3DeyJpZCI6MTEyMSwidXJsIjoiaHR0cHM6XC9cL3ByZW1pby1mb3RvZ3JhZmlhLmludHJhcy5lc1wvd3AtY29udGVudFwvdXBsb2Fkc1wvMjAxNlwvMDZcLzEyNC1ELWRhbG8uanBnIiwic2xpZGVzaG93IjoiNWM3ZDcyNiJ9\" href='https:\/\/premio-fotografia.intras.es\/wp-content\/uploads\/2016\/06\/124-D-dalo.jpg'><img loading=\"lazy\" decoding=\"async\" width=\"150\" height=\"150\" src=\"https:\/\/premio-fotografia.intras.es\/wp-content\/uploads\/2016\/06\/124-D-dalo-150x150.jpg\" class=\"attachment-thumbnail size-thumbnail\" alt=\"\" aria-describedby=\"gallery-3-1121\" srcset=\"https:\/\/premio-fotografia.intras.es\/wp-content\/uploads\/2016\/06\/124-D-dalo-150x150.jpg 150w, https:\/\/premio-fotografia.intras.es\/wp-content\/uploads\/2016\/06\/124-D-dalo-220x220.jpg 220w, https:\/\/premio-fotografia.intras.es\/wp-content\/uploads\/2016\/06\/124-D-dalo-450x450.jpg 450w, https:\/\/premio-fotografia.intras.es\/wp-content\/uploads\/2016\/06\/124-D-dalo-400x400.jpg 400w\" sizes=\"(max-width: 150px) 100vw, 150px\" \/><\/a>\n\t\t\t<\/div>\n\t\t\t\t<figcaption class='wp-caption-text gallery-caption' id='gallery-3-1121'>\n\t\t\t\t&#8216;D\u00c9DALO&#8217; &#8211; JOS\u00c9 BEUT DUATO (Valencia, Espa\u00f1a)\nLaberinto, caos, embrollo, mara\u00f1a, duda, dualidad, indecisi\u00f3n,inestabilidad.\n\t\t\t\t<\/figcaption><\/figure><figure class='gallery-item'>\n\t\t\t<div class='gallery-icon landscape'>\n\t\t\t\t<a data-elementor-open-lightbox=\"yes\" data-elementor-lightbox-slideshow=\"5c7d726\" data-elementor-lightbox-title=\"&#039;REBELI\u00d3N DE LAS SOMBRAS&#039; - FRANCISCO MAYENCH ARIZA (Alguaire - Lleida, Espa\u00f1a)\" data-e-action-hash=\"#elementor-action%3Aaction%3Dlightbox%26settings%3DeyJpZCI6MTExNiwidXJsIjoiaHR0cHM6XC9cL3ByZW1pby1mb3RvZ3JhZmlhLmludHJhcy5lc1wvd3AtY29udGVudFwvdXBsb2Fkc1wvMjAxNlwvMDZcLzA4Ni1SZWJlbGlvbi1kZS1sYXMtU29tYnJhcy5qcGciLCJzbGlkZXNob3ciOiI1YzdkNzI2In0%3D\" href='https:\/\/premio-fotografia.intras.es\/wp-content\/uploads\/2016\/06\/086-Rebelion-de-las-Sombras.jpg'><img loading=\"lazy\" decoding=\"async\" width=\"150\" height=\"150\" src=\"https:\/\/premio-fotografia.intras.es\/wp-content\/uploads\/2016\/06\/086-Rebelion-de-las-Sombras-150x150.jpg\" class=\"attachment-thumbnail size-thumbnail\" alt=\"\" aria-describedby=\"gallery-3-1116\" srcset=\"https:\/\/premio-fotografia.intras.es\/wp-content\/uploads\/2016\/06\/086-Rebelion-de-las-Sombras-150x150.jpg 150w, https:\/\/premio-fotografia.intras.es\/wp-content\/uploads\/2016\/06\/086-Rebelion-de-las-Sombras-220x220.jpg 220w, https:\/\/premio-fotografia.intras.es\/wp-content\/uploads\/2016\/06\/086-Rebelion-de-las-Sombras-450x450.jpg 450w, https:\/\/premio-fotografia.intras.es\/wp-content\/uploads\/2016\/06\/086-Rebelion-de-las-Sombras-400x400.jpg 400w\" sizes=\"(max-width: 150px) 100vw, 150px\" \/><\/a>\n\t\t\t<\/div>\n\t\t\t\t<figcaption class='wp-caption-text gallery-caption' id='gallery-3-1116'>\n\t\t\t\t&#8216;REBELI\u00d3N DE LAS SOMBRAS&#8217; &#8211; FRANCISCO MAYENCH ARIZA (Alguaire &#8211; Lleida, Espa\u00f1a)\n La locura no solo debe considerarse como un problema de salud. Hay veces que la necesidad de romper con la rutina o de liberar tensi\u00f3n hace que los comportamientos de los seres humanos se consideren locuras. Eso fue lo que ocurri\u00f3 al hacer la foto. Por un momento imagin\u00e9 que las sombras cobraban vida y adoptaban una actitud irreverente ante nuestra at\u00f3nita mirada.\n\t\t\t\t<\/figcaption><\/figure><figure class='gallery-item'>\n\t\t\t<div class='gallery-icon landscape'>\n\t\t\t\t<a data-elementor-open-lightbox=\"yes\" data-elementor-lightbox-slideshow=\"5c7d726\" data-elementor-lightbox-title=\"&#039;TE QUIERO&#039; - DAVID MART\u00cdN HUAMAN\u00cd BEDOYA (Lima, Per\u00fa)\" data-e-action-hash=\"#elementor-action%3Aaction%3Dlightbox%26settings%3DeyJpZCI6MTExMywidXJsIjoiaHR0cHM6XC9cL3ByZW1pby1mb3RvZ3JhZmlhLmludHJhcy5lc1wvd3AtY29udGVudFwvdXBsb2Fkc1wvMjAxNlwvMDZcLzA3Ni1URS1RVUlFUk8uanBnIiwic2xpZGVzaG93IjoiNWM3ZDcyNiJ9\" href='https:\/\/premio-fotografia.intras.es\/wp-content\/uploads\/2016\/06\/076-TE-QUIERO.jpg'><img loading=\"lazy\" decoding=\"async\" width=\"150\" height=\"150\" src=\"https:\/\/premio-fotografia.intras.es\/wp-content\/uploads\/2016\/06\/076-TE-QUIERO-150x150.jpg\" class=\"attachment-thumbnail size-thumbnail\" alt=\"\" aria-describedby=\"gallery-3-1113\" srcset=\"https:\/\/premio-fotografia.intras.es\/wp-content\/uploads\/2016\/06\/076-TE-QUIERO-150x150.jpg 150w, https:\/\/premio-fotografia.intras.es\/wp-content\/uploads\/2016\/06\/076-TE-QUIERO-220x220.jpg 220w, https:\/\/premio-fotografia.intras.es\/wp-content\/uploads\/2016\/06\/076-TE-QUIERO-450x450.jpg 450w, https:\/\/premio-fotografia.intras.es\/wp-content\/uploads\/2016\/06\/076-TE-QUIERO-400x400.jpg 400w\" sizes=\"(max-width: 150px) 100vw, 150px\" \/><\/a>\n\t\t\t<\/div>\n\t\t\t\t<figcaption class='wp-caption-text gallery-caption' id='gallery-3-1113'>\n\t\t\t\t&#8216;TE QUIERO&#8217; &#8211; DAVID MART\u00cdN HUAMAN\u00cd BEDOYA (Lima, Per\u00fa)\nA veces pienso que la locura no es un estado mental desequilibrado. Pienso que locura es la no ayuda a otros seres humanos en esos momentos de crisis o el da\u00f1o que nos hacemos unos a otros. Un te quiero en un amplio sentido de la palabra pondria al mundo en un estado (mental) equilibrado.\n\t\t\t\t<\/figcaption><\/figure><figure class='gallery-item'>\n\t\t\t<div class='gallery-icon portrait'>\n\t\t\t\t<a data-elementor-open-lightbox=\"yes\" data-elementor-lightbox-slideshow=\"5c7d726\" data-elementor-lightbox-title=\"&#039;JOSUHA_10&#039; - ROBERTO TABAR\u00c9S DIAZ (Valladolid, Espa\u00f1a)\" data-e-action-hash=\"#elementor-action%3Aaction%3Dlightbox%26settings%3DeyJpZCI6MTEwOSwidXJsIjoiaHR0cHM6XC9cL3ByZW1pby1mb3RvZ3JhZmlhLmludHJhcy5lc1wvd3AtY29udGVudFwvdXBsb2Fkc1wvMjAxNlwvMDZcLzA2Mi1Kb3N1aGFfMTAuZ2lmIiwic2xpZGVzaG93IjoiNWM3ZDcyNiJ9\" href='https:\/\/premio-fotografia.intras.es\/wp-content\/uploads\/2016\/06\/062-Josuha_10.gif'><img loading=\"lazy\" decoding=\"async\" width=\"150\" height=\"150\" src=\"https:\/\/premio-fotografia.intras.es\/wp-content\/uploads\/2016\/06\/062-Josuha_10-150x150.gif\" class=\"attachment-thumbnail size-thumbnail\" alt=\"\" aria-describedby=\"gallery-3-1109\" srcset=\"https:\/\/premio-fotografia.intras.es\/wp-content\/uploads\/2016\/06\/062-Josuha_10-150x150.gif 150w, https:\/\/premio-fotografia.intras.es\/wp-content\/uploads\/2016\/06\/062-Josuha_10-220x220.gif 220w, https:\/\/premio-fotografia.intras.es\/wp-content\/uploads\/2016\/06\/062-Josuha_10-450x450.gif 450w, https:\/\/premio-fotografia.intras.es\/wp-content\/uploads\/2016\/06\/062-Josuha_10-400x400.gif 400w\" sizes=\"(max-width: 150px) 100vw, 150px\" \/><\/a>\n\t\t\t<\/div>\n\t\t\t\t<figcaption class='wp-caption-text gallery-caption' id='gallery-3-1109'>\n\t\t\t\t&#8216;JOSUHA_10&#8217; &#8211; ROBERTO TABAR\u00c9S DIAZ (Valladolid, Espa\u00f1a)\nJosuha , como as\u00ed se hac\u00eda llamar era un jesuita que de tanto estudio lleg\u00f3 a perder la cabeza. Al final comprendi\u00f3 que ellas le empujaban a una \u201csanta locura\u201d de ayudar a los dem\u00e1s. La pensi\u00f3n le duraba dos d\u00edas y luego apenas llegaba a fin de mes. Se llev\u00f3 un mont\u00f3n de frustraciones y desenga\u00f1os con la gente, por lo que al final su amor lo volc\u00f3 hacia los animales: p\u00e1jaros, perros, gatos\u2026\nLucid\u00edsimo para algunas cosas e incapaz de gobernar su propia vida: acumulaba desperdicios, e inmundicias lo que le acarreaba la hostilidad de sus vecinos. Pero amable, cordial en el trato. Sent\u00eda una identificaci\u00f3n insana con Jes\u00fas y a la vez era muy culto le\u00eda las Sagradas Escrituras en Hebreo.\nDe extremada delgadez y salud incierta, nos dej\u00f3 de repente hace unos a\u00f1os.\nNo dejo de sorprenderme y a veces de incomodarme, pero llegue a sentir cierta admiraci\u00f3n y cari\u00f1o por este Quijote de nuestro tiempo.\n\t\t\t\t<\/figcaption><\/figure><figure class='gallery-item'>\n\t\t\t<div class='gallery-icon landscape'>\n\t\t\t\t<a data-elementor-open-lightbox=\"yes\" data-elementor-lightbox-slideshow=\"5c7d726\" data-elementor-lightbox-title=\"&#039;JOSUHA_02&#039; - ROBERTO TABAR\u00c9S DIAZ (Valladolid, Espa\u00f1a)\" data-e-action-hash=\"#elementor-action%3Aaction%3Dlightbox%26settings%3DeyJpZCI6MTEwMSwidXJsIjoiaHR0cHM6XC9cL3ByZW1pby1mb3RvZ3JhZmlhLmludHJhcy5lc1wvd3AtY29udGVudFwvdXBsb2Fkc1wvMjAxNlwvMDZcLzA1NC1Kb3N1aGFfMDIuZ2lmIiwic2xpZGVzaG93IjoiNWM3ZDcyNiJ9\" href='https:\/\/premio-fotografia.intras.es\/wp-content\/uploads\/2016\/06\/054-Josuha_02.gif'><img loading=\"lazy\" decoding=\"async\" width=\"150\" height=\"150\" src=\"https:\/\/premio-fotografia.intras.es\/wp-content\/uploads\/2016\/06\/054-Josuha_02-150x150.gif\" class=\"attachment-thumbnail size-thumbnail\" alt=\"\" aria-describedby=\"gallery-3-1101\" srcset=\"https:\/\/premio-fotografia.intras.es\/wp-content\/uploads\/2016\/06\/054-Josuha_02-150x150.gif 150w, https:\/\/premio-fotografia.intras.es\/wp-content\/uploads\/2016\/06\/054-Josuha_02-220x220.gif 220w, https:\/\/premio-fotografia.intras.es\/wp-content\/uploads\/2016\/06\/054-Josuha_02-450x450.gif 450w, https:\/\/premio-fotografia.intras.es\/wp-content\/uploads\/2016\/06\/054-Josuha_02-400x400.gif 400w\" sizes=\"(max-width: 150px) 100vw, 150px\" \/><\/a>\n\t\t\t<\/div>\n\t\t\t\t<figcaption class='wp-caption-text gallery-caption' id='gallery-3-1101'>\n\t\t\t\t&#8216;JOSUHA_02&#8217; &#8211; ROBERTO TABAR\u00c9S DIAZ (Valladolid, Espa\u00f1a)\nJosuha , como as\u00ed se hac\u00eda llamar era un jesuita que de tanto estudio lleg\u00f3 a perder la cabeza. Al final comprendi\u00f3 que ellas le empujaban a una \u201csanta locura\u201d de ayudar a los dem\u00e1s. La pensi\u00f3n le duraba dos d\u00edas y luego apenas llegaba a fin de mes. Se llev\u00f3 un mont\u00f3n de frustraciones y desenga\u00f1os con la gente, por lo que al final su amor lo volc\u00f3 hacia los animales: p\u00e1jaros, perros, gatos\u2026\nLucid\u00edsimo para algunas cosas e incapaz de gobernar su propia vida: acumulaba desperdicios, e inmundicias lo que le acarreaba la hostilidad de sus vecinos. Pero amable, cordial en el trato. Sent\u00eda una identificaci\u00f3n insana con Jes\u00fas y a la vez era muy culto le\u00eda las Sagradas Escrituras en Hebreo.\nDe extremada delgadez y salud incierta, nos dej\u00f3 de repente hace unos a\u00f1os.\nNo dejo de sorprenderme y a veces de incomodarme, pero llegue a sentir cierta admiraci\u00f3n y cari\u00f1o por este Quijote de nuestro tiempo.\n\t\t\t\t<\/figcaption><\/figure><figure class='gallery-item'>\n\t\t\t<div class='gallery-icon portrait'>\n\t\t\t\t<a data-elementor-open-lightbox=\"yes\" data-elementor-lightbox-slideshow=\"5c7d726\" data-elementor-lightbox-title=\"&#039;JOSUHA_01&#039; - ROBERTO TABAR\u00c9S DIAZ (Valladolid, Espa\u00f1a)\" data-e-action-hash=\"#elementor-action%3Aaction%3Dlightbox%26settings%3DeyJpZCI6MTEwMCwidXJsIjoiaHR0cHM6XC9cL3ByZW1pby1mb3RvZ3JhZmlhLmludHJhcy5lc1wvd3AtY29udGVudFwvdXBsb2Fkc1wvMjAxNlwvMDZcLzA1My1Kb3N1aGFfMDEuZ2lmIiwic2xpZGVzaG93IjoiNWM3ZDcyNiJ9\" href='https:\/\/premio-fotografia.intras.es\/wp-content\/uploads\/2016\/06\/053-Josuha_01.gif'><img loading=\"lazy\" decoding=\"async\" width=\"150\" height=\"150\" src=\"https:\/\/premio-fotografia.intras.es\/wp-content\/uploads\/2016\/06\/053-Josuha_01-150x150.gif\" class=\"attachment-thumbnail size-thumbnail\" alt=\"\" aria-describedby=\"gallery-3-1100\" srcset=\"https:\/\/premio-fotografia.intras.es\/wp-content\/uploads\/2016\/06\/053-Josuha_01-150x150.gif 150w, https:\/\/premio-fotografia.intras.es\/wp-content\/uploads\/2016\/06\/053-Josuha_01-220x220.gif 220w, https:\/\/premio-fotografia.intras.es\/wp-content\/uploads\/2016\/06\/053-Josuha_01-450x450.gif 450w, https:\/\/premio-fotografia.intras.es\/wp-content\/uploads\/2016\/06\/053-Josuha_01-400x400.gif 400w\" sizes=\"(max-width: 150px) 100vw, 150px\" \/><\/a>\n\t\t\t<\/div>\n\t\t\t\t<figcaption class='wp-caption-text gallery-caption' id='gallery-3-1100'>\n\t\t\t\t&#8216;JOSUHA_01&#8217; &#8211; ROBERTO TABAR\u00c9S DIAZ (Valladolid, Espa\u00f1a)\nJosuha , como as\u00ed se hac\u00eda llamar era un jesuita que de tanto estudio lleg\u00f3 a perder la cabeza. Al final comprendi\u00f3 que ellas le empujaban a una \u201csanta locura\u201d de ayudar a los dem\u00e1s. La pensi\u00f3n le duraba dos d\u00edas y luego apenas llegaba a fin de mes. Se llev\u00f3 un mont\u00f3n de frustraciones y desenga\u00f1os con la gente, por lo que al final su amor lo volc\u00f3 hacia los animales: p\u00e1jaros, perros, gatos\u2026\nLucid\u00edsimo para algunas cosas e incapaz de gobernar su propia vida: acumulaba desperdicios, e inmundicias lo que le acarreaba la hostilidad de sus vecinos. Pero amable, cordial en el trato. Sent\u00eda una identificaci\u00f3n insana con Jes\u00fas y a la vez era muy culto le\u00eda las Sagradas Escrituras en Hebreo.\nDe extremada delgadez y salud incierta, nos dej\u00f3 de repente hace unos a\u00f1os.\nNo dejo de sorprenderme y a veces de incomodarme, pero llegue a sentir cierta admiraci\u00f3n y cari\u00f1o por este Quijote de nuestro tiempo.\n\t\t\t\t<\/figcaption><\/figure><figure class='gallery-item'>\n\t\t\t<div class='gallery-icon landscape'>\n\t\t\t\t<a data-elementor-open-lightbox=\"yes\" data-elementor-lightbox-slideshow=\"5c7d726\" data-elementor-lightbox-title=\"&#039;LOS V\u00c9RTIGOS&#039; - LUIS JUSTO HIDALGO MEN\u00c9NDEZ (Madrid, Espa\u00f1a)\" data-e-action-hash=\"#elementor-action%3Aaction%3Dlightbox%26settings%3DeyJpZCI6MTA5MiwidXJsIjoiaHR0cHM6XC9cL3ByZW1pby1mb3RvZ3JhZmlhLmludHJhcy5lc1wvd3AtY29udGVudFwvdXBsb2Fkc1wvMjAxNlwvMDZcLzAzNy1Mb3MtdmVydGlnb3MuZ2lmIiwic2xpZGVzaG93IjoiNWM3ZDcyNiJ9\" href='https:\/\/premio-fotografia.intras.es\/wp-content\/uploads\/2016\/06\/037-Los-vertigos.gif'><img loading=\"lazy\" decoding=\"async\" width=\"150\" height=\"150\" src=\"https:\/\/premio-fotografia.intras.es\/wp-content\/uploads\/2016\/06\/037-Los-vertigos-150x150.gif\" class=\"attachment-thumbnail size-thumbnail\" alt=\"\" aria-describedby=\"gallery-3-1092\" srcset=\"https:\/\/premio-fotografia.intras.es\/wp-content\/uploads\/2016\/06\/037-Los-vertigos-150x150.gif 150w, https:\/\/premio-fotografia.intras.es\/wp-content\/uploads\/2016\/06\/037-Los-vertigos-220x220.gif 220w, https:\/\/premio-fotografia.intras.es\/wp-content\/uploads\/2016\/06\/037-Los-vertigos-450x450.gif 450w, https:\/\/premio-fotografia.intras.es\/wp-content\/uploads\/2016\/06\/037-Los-vertigos-400x400.gif 400w\" sizes=\"(max-width: 150px) 100vw, 150px\" \/><\/a>\n\t\t\t<\/div>\n\t\t\t\t<figcaption class='wp-caption-text gallery-caption' id='gallery-3-1092'>\n\t\t\t\t&#8216;LOS V\u00c9RTIGOS&#8217; &#8211; LUIS JUSTO HIDALGO MEN\u00c9NDEZ (Madrid, Espa\u00f1a)\nMe detuve en el quicio de la puerta, indeciso entre la idea de salir o quedarme. La noche anterior hab\u00edan vuelto los v\u00e9rtigos. Finalmente camin\u00e9 en direcci\u00f3n a la calle. Los v\u00e9rtigos me acompa\u00f1aban. A pesar de los a\u00f1o que llev\u00e1bamos juntos, todav\u00eda no nos hab\u00edamos hecho los unos a los otros.\nconoc\u00ed a los v\u00e9rtigos una noche mientras me dirig\u00eda a la ducha. Eran peque\u00f1as chispas, pines vivos saltando de parte a parte de mi cuerpo. Los not\u00e9 en la cabeza como un susurro en los o\u00eddos, una ligera presi\u00f3n en la mand\u00edbula. El mundo me daba vueltas, pero al mismo tiempo una manada de ideas nuevas quedaron convocadas en mi pensamiento.\nAquella noche tambi\u00e9n sal\u00ed a la calle: fue un reflejo cuando los v\u00ed; all\u00ed conoc\u00ed a los v\u00e9rtigos y sus ideas.\n\t\t\t\t<\/figcaption><\/figure><figure class='gallery-item'>\n\t\t\t<div class='gallery-icon portrait'>\n\t\t\t\t<a data-elementor-open-lightbox=\"yes\" data-elementor-lightbox-slideshow=\"5c7d726\" data-elementor-lightbox-title=\"&#039;MI MUNDO&#039; - CARLOS RAM\u00d3N BONILLA MIRANDA (Madrid, Espa\u00f1a)\" data-e-action-hash=\"#elementor-action%3Aaction%3Dlightbox%26settings%3DeyJpZCI6MTA5MSwidXJsIjoiaHR0cHM6XC9cL3ByZW1pby1mb3RvZ3JhZmlhLmludHJhcy5lc1wvd3AtY29udGVudFwvdXBsb2Fkc1wvMjAxNlwvMDZcLzAzNC1NaS1NdW5kby5naWYiLCJzbGlkZXNob3ciOiI1YzdkNzI2In0%3D\" href='https:\/\/premio-fotografia.intras.es\/wp-content\/uploads\/2016\/06\/034-Mi-Mundo.gif'><img loading=\"lazy\" decoding=\"async\" width=\"150\" height=\"150\" src=\"https:\/\/premio-fotografia.intras.es\/wp-content\/uploads\/2016\/06\/034-Mi-Mundo-150x150.gif\" class=\"attachment-thumbnail size-thumbnail\" alt=\"\" aria-describedby=\"gallery-3-1091\" srcset=\"https:\/\/premio-fotografia.intras.es\/wp-content\/uploads\/2016\/06\/034-Mi-Mundo-150x150.gif 150w, https:\/\/premio-fotografia.intras.es\/wp-content\/uploads\/2016\/06\/034-Mi-Mundo-220x220.gif 220w, https:\/\/premio-fotografia.intras.es\/wp-content\/uploads\/2016\/06\/034-Mi-Mundo-450x450.gif 450w, https:\/\/premio-fotografia.intras.es\/wp-content\/uploads\/2016\/06\/034-Mi-Mundo-400x400.gif 400w\" sizes=\"(max-width: 150px) 100vw, 150px\" \/><\/a>\n\t\t\t<\/div>\n\t\t\t\t<figcaption class='wp-caption-text gallery-caption' id='gallery-3-1091'>\n\t\t\t\t&#8216;MI MUNDO&#8217; &#8211; CARLOS RAM\u00d3N BONILLA MIRANDA (Madrid, Espa\u00f1a)\nMi mundo interno. Un mundo propio, \u00fanico, con barreras gigantescas como enormes muros de hormig\u00f3n gris que confunden su altura con el cielo. Nadie entra ni sale. Nada entra ni sale. Poca gente sabe de su existencia, pero est\u00e1 ah\u00ed, m\u00e1s clautrof\u00f3bico que nunca. Pocos momentos de claridad me alejan de \u00e9l. \u00bfQuiz\u00e1s la medicaci\u00f3n? \u00bffamilia?&#8230;.. \u00bfellos? Quien sabe si lo que ve es real. O al menos eso es lo que pienso. \u00bfLe importa a alguien adem\u00e1s de a mi? Yo creo que&#8230;\n\t\t\t\t<\/figcaption><\/figure><figure class='gallery-item'>\n\t\t\t<div class='gallery-icon portrait'>\n\t\t\t\t<a data-elementor-open-lightbox=\"yes\" data-elementor-lightbox-slideshow=\"5c7d726\" data-elementor-lightbox-title=\"&#039;RAZ\u00d3N Y LOCURA&#039; - GIORDANO RAIGADA CONESA (Miraflores de la Sierra, Madrid)\" data-e-action-hash=\"#elementor-action%3Aaction%3Dlightbox%26settings%3DeyJpZCI6MTA4OCwidXJsIjoiaHR0cHM6XC9cL3ByZW1pby1mb3RvZ3JhZmlhLmludHJhcy5lc1wvd3AtY29udGVudFwvdXBsb2Fkc1wvMjAxNlwvMDZcLzAyMy1SYXotbi15LWxvY3VyYS5naWYiLCJzbGlkZXNob3ciOiI1YzdkNzI2In0%3D\" href='https:\/\/premio-fotografia.intras.es\/wp-content\/uploads\/2016\/06\/023-Raz-n-y-locura.gif'><img loading=\"lazy\" decoding=\"async\" width=\"150\" height=\"150\" src=\"https:\/\/premio-fotografia.intras.es\/wp-content\/uploads\/2016\/06\/023-Raz-n-y-locura-150x150.gif\" class=\"attachment-thumbnail size-thumbnail\" alt=\"\" aria-describedby=\"gallery-3-1088\" srcset=\"https:\/\/premio-fotografia.intras.es\/wp-content\/uploads\/2016\/06\/023-Raz-n-y-locura-150x150.gif 150w, https:\/\/premio-fotografia.intras.es\/wp-content\/uploads\/2016\/06\/023-Raz-n-y-locura-220x220.gif 220w, https:\/\/premio-fotografia.intras.es\/wp-content\/uploads\/2016\/06\/023-Raz-n-y-locura-450x450.gif 450w, https:\/\/premio-fotografia.intras.es\/wp-content\/uploads\/2016\/06\/023-Raz-n-y-locura-400x400.gif 400w\" sizes=\"(max-width: 150px) 100vw, 150px\" \/><\/a>\n\t\t\t<\/div>\n\t\t\t\t<figcaption class='wp-caption-text gallery-caption' id='gallery-3-1088'>\n\t\t\t\t&#8216;RAZ\u00d3N Y LOCURA&#8217; &#8211; GIORDANO RAIGADA CONESA (Miraflores de la Sierra, Madrid)\n\u201cLa verdadera locura quiz\u00e1 no sea otra cosa que la sabidur\u00eda misma que, cansada de descubrir las verg\u00fcenzas del mundo, ha tomado a la inteligente resoluci\u00f3n de volverse loca\u201d Heinrich Heine.\n\t\t\t\t<\/figcaption><\/figure><figure class='gallery-item'>\n\t\t\t<div class='gallery-icon portrait'>\n\t\t\t\t<a data-elementor-open-lightbox=\"yes\" data-elementor-lightbox-slideshow=\"5c7d726\" data-elementor-lightbox-title=\"&#039;AISLAMIENTO&#039; - FERNANDO JOS\u00c9 SORIA CASTRO (Zaragoza, Espa\u00f1a)\" data-e-action-hash=\"#elementor-action%3Aaction%3Dlightbox%26settings%3DeyJpZCI6MTA4NywidXJsIjoiaHR0cHM6XC9cL3ByZW1pby1mb3RvZ3JhZmlhLmludHJhcy5lc1wvd3AtY29udGVudFwvdXBsb2Fkc1wvMjAxNlwvMDZcLzAyMS1BSVNMQU1JRU5UTy5naWYiLCJzbGlkZXNob3ciOiI1YzdkNzI2In0%3D\" href='https:\/\/premio-fotografia.intras.es\/wp-content\/uploads\/2016\/06\/021-AISLAMIENTO.gif'><img loading=\"lazy\" decoding=\"async\" width=\"150\" height=\"150\" src=\"https:\/\/premio-fotografia.intras.es\/wp-content\/uploads\/2016\/06\/021-AISLAMIENTO-150x150.gif\" class=\"attachment-thumbnail size-thumbnail\" alt=\"\" aria-describedby=\"gallery-3-1087\" srcset=\"https:\/\/premio-fotografia.intras.es\/wp-content\/uploads\/2016\/06\/021-AISLAMIENTO-150x150.gif 150w, https:\/\/premio-fotografia.intras.es\/wp-content\/uploads\/2016\/06\/021-AISLAMIENTO-220x220.gif 220w, https:\/\/premio-fotografia.intras.es\/wp-content\/uploads\/2016\/06\/021-AISLAMIENTO-450x450.gif 450w, https:\/\/premio-fotografia.intras.es\/wp-content\/uploads\/2016\/06\/021-AISLAMIENTO-400x400.gif 400w\" sizes=\"(max-width: 150px) 100vw, 150px\" \/><\/a>\n\t\t\t<\/div>\n\t\t\t\t<figcaption class='wp-caption-text gallery-caption' id='gallery-3-1087'>\n\t\t\t\t&#8216;AISLAMIENTO&#8217; &#8211; FERNANDO JOS\u00c9 SORIA CASTRO (Zaragoza, Espa\u00f1a)\nLa locura no distingue entre hombres y mujeres, ricos y pobres, negros y blancos, listos y tontos; incluso la misma psicosis no iguala en conducta y sentir a todos los que la padecen. Sin embargo s\u00ed que creo que hay un denominador com\u00fan en todos los enfermos: El Aislamiento. \nA veces provocado por el propio psic\u00f3tico, otras por quienes le rodean y lo que es mucho peor, por quienes dicen que lo aman. Un enfermo mental aislado, es un ser humano condenado. Cierto que puede haber casos muy cr\u00edticos cl\u00ednicamente que requiera ese aislamiento, pero nunca por juicio moral y social \u201cpor ser diferentes\u201d.\nEl amor a tu ser querido, debe ser incondicional.\n\t\t\t\t<\/figcaption><\/figure>\n\t\t<\/div>\n\t\t<\/div>\n\t\t\t\t<\/div>\n\t\t\t\t<\/div>\n\t\t\t\t\t<\/div>\n\t\t\t\t<\/div>\n\t\t\t\t\t\t\t<\/div>\n\t\t","protected":false},"excerpt":{"rendered":"<p>&#8216;Another world&#8217; es la obra\u00a0 ganadora\u00a0 del II Premio Internacional de Fotograf\u00eda y Locura \u2018Locograf\u00edas\u2019. El jurado convocado por Fundaci\u00f3n INTRAS ha designado a \u00d3scar Barrera T\u00e9var por su obra \u2018Another world\u2019 como ganador del II Premio Internacional Fotograf\u00eda y Locura \u2018LOCOGRAF\u00cdAS\u2019. El jurado ha concedido adem\u00e1s tres acc\u00e9sits a las obras \u2018Sin t\u00edtulo III\u2019 [&hellip;]<\/p>\n","protected":false},"author":1,"featured_media":0,"parent":0,"menu_order":0,"comment_status":"closed","ping_status":"closed","template":"","meta":{"footnotes":""},"class_list":["post-1719","page","type-page","status-publish","hentry"],"_links":{"self":[{"href":"https:\/\/premio-fotografia.intras.es\/index.php\/wp-json\/wp\/v2\/pages\/1719","targetHints":{"allow":["GET"]}}],"collection":[{"href":"https:\/\/premio-fotografia.intras.es\/index.php\/wp-json\/wp\/v2\/pages"}],"about":[{"href":"https:\/\/premio-fotografia.intras.es\/index.php\/wp-json\/wp\/v2\/types\/page"}],"author":[{"embeddable":true,"href":"https:\/\/premio-fotografia.intras.es\/index.php\/wp-json\/wp\/v2\/users\/1"}],"replies":[{"embeddable":true,"href":"https:\/\/premio-fotografia.intras.es\/index.php\/wp-json\/wp\/v2\/comments?post=1719"}],"version-history":[{"count":7,"href":"https:\/\/premio-fotografia.intras.es\/index.php\/wp-json\/wp\/v2\/pages\/1719\/revisions"}],"predecessor-version":[{"id":1861,"href":"https:\/\/premio-fotografia.intras.es\/index.php\/wp-json\/wp\/v2\/pages\/1719\/revisions\/1861"}],"wp:attachment":[{"href":"https:\/\/premio-fotografia.intras.es\/index.php\/wp-json\/wp\/v2\/media?parent=1719"}],"curies":[{"name":"wp","href":"https:\/\/api.w.org\/{rel}","templated":true}]}}