{"id":1863,"date":"2020-10-06T17:22:18","date_gmt":"2020-10-06T17:22:18","guid":{"rendered":"https:\/\/premio-fotografia.intras.es\/?page_id=1863"},"modified":"2026-01-12T13:27:45","modified_gmt":"2026-01-12T13:27:45","slug":"inicio-4-2-3","status":"publish","type":"page","link":"https:\/\/premio-fotografia.intras.es\/index.php\/inicio-4-2-3\/","title":{"rendered":"LOCOGRAFIAS V"},"content":{"rendered":"\t\t<div data-elementor-type=\"wp-page\" data-elementor-id=\"1863\" class=\"elementor elementor-1863\">\n\t\t\t\t\t\t\t<div class=\"elementor-element elementor-element-3e082346 e-flex e-con-boxed e-con e-parent\" data-id=\"3e082346\" data-element_type=\"container\" data-settings=\"{&quot;container_type&quot;:&quot;flex&quot;,&quot;content_width&quot;:&quot;boxed&quot;}\" data-core-v316-plus=\"true\">\n\t\t\t\t\t<div class=\"e-con-inner\">\n\t\t\t\t<div class=\"elementor-element elementor-element-56ced72 elementor-widget elementor-widget-text-editor\" data-id=\"56ced72\" data-element_type=\"widget\" data-widget_type=\"text-editor.default\">\n\t\t\t\t<div class=\"elementor-widget-container\">\n\t\t\t<style>\/*! elementor - v3.17.0 - 08-11-2023 *\/\n.elementor-widget-text-editor.elementor-drop-cap-view-stacked .elementor-drop-cap{background-color:#69727d;color:#fff}.elementor-widget-text-editor.elementor-drop-cap-view-framed .elementor-drop-cap{color:#69727d;border:3px solid;background-color:transparent}.elementor-widget-text-editor:not(.elementor-drop-cap-view-default) .elementor-drop-cap{margin-top:8px}.elementor-widget-text-editor:not(.elementor-drop-cap-view-default) .elementor-drop-cap-letter{width:1em;height:1em}.elementor-widget-text-editor .elementor-drop-cap{float:left;text-align:center;line-height:1;font-size:50px}.elementor-widget-text-editor .elementor-drop-cap-letter{display:inline-block}<\/style>\t\t\t\t<h3>Jos\u00e9 Mar\u00eda Rubio Calonge gana el V Premio Internacional de Fotograf\u00eda y Locura &#8216;Locograf\u00eda&#8217;.<\/h3><p><span style=\"font-family: NonBreakingSpaceOverride, 'Hoefler Text', 'Noto Serif', Garamond, 'Times New Roman', serif;\">El jurado convocado por Fundaci\u00f3n INTRAS ha designado a\u00a0<\/span><span style=\"box-sizing: inherit; font-weight: bold; font-family: NonBreakingSpaceOverride, 'Hoefler Text', 'Noto Serif', Garamond, 'Times New Roman', serif;\">Jos\u00e9 Mar\u00eda Rubio Calonge\u00a0<\/span><span style=\"font-family: NonBreakingSpaceOverride, 'Hoefler Text', 'Noto Serif', Garamond, 'Times New Roman', serif;\">por su obra \u2018<\/span><span style=\"box-sizing: inherit; font-weight: bold; font-family: NonBreakingSpaceOverride, 'Hoefler Text', 'Noto Serif', Garamond, 'Times New Roman', serif;\">ALZH 14<\/span><span style=\"font-family: NonBreakingSpaceOverride, 'Hoefler Text', 'Noto Serif', Garamond, 'Times New Roman', serif;\">\u2019 como ganador del V Premio Internacional de Fotograf\u00eda y Locura \u2018LOCOGRAF\u00cdAS\u2019. El jurado, integrado por profesionales de la salud mental, los servicios sociales, los medios de comunicaci\u00f3n y la gesti\u00f3n cultural, ha concedido adem\u00e1s dos acc\u00e9sits a las obras \u2018<\/span><span style=\"box-sizing: inherit; font-weight: bold; font-family: NonBreakingSpaceOverride, 'Hoefler Text', 'Noto Serif', Garamond, 'Times New Roman', serif;\">TOC Verificaci\u00f3n 1\u2019<\/span><span style=\"font-family: NonBreakingSpaceOverride, 'Hoefler Text', 'Noto Serif', Garamond, 'Times New Roman', serif;\">\u00a0del vallisoletano\u00a0<\/span><span style=\"box-sizing: inherit; font-weight: bold; font-family: NonBreakingSpaceOverride, 'Hoefler Text', 'Noto Serif', Garamond, 'Times New Roman', serif;\">Ra\u00fal Gonz\u00e1lez\u00a0<\/span><span style=\"font-family: NonBreakingSpaceOverride, 'Hoefler Text', 'Noto Serif', Garamond, 'Times New Roman', serif;\">y \u2018<\/span><span style=\"box-sizing: inherit; font-weight: bold; font-family: NonBreakingSpaceOverride, 'Hoefler Text', 'Noto Serif', Garamond, 'Times New Roman', serif;\">El ba\u00fal de mis recuerdos<\/span><span style=\"font-family: NonBreakingSpaceOverride, 'Hoefler Text', 'Noto Serif', Garamond, 'Times New Roman', serif;\">\u2019 de\u00a0<\/span><span style=\"box-sizing: inherit; font-weight: bold; font-family: NonBreakingSpaceOverride, 'Hoefler Text', 'Noto Serif', Garamond, 'Times New Roman', serif;\">Cristina Cabello<\/span><span style=\"font-family: NonBreakingSpaceOverride, 'Hoefler Text', 'Noto Serif', Garamond, 'Times New Roman', serif;\">. Se trata de tres im\u00e1genes muy diferentes entre s\u00ed, que a trav\u00e9s de relatos que reflejan experiencias en primera persona, abordan la salud mental de los cuidadores de las personas con demencia, las dificultades cotidianas de quien vive con trastorno obsesivo compulsivo y el poder de los recuerdos como refugio. En los pr\u00f3ximos meses se expondr\u00e1n en diferentes provincias de Castilla y Le\u00f3n los trabajos galardonados, junto al resto de im\u00e1genes y relatos seleccionados por el jurado.<\/span><\/p>\t\t\t\t\t\t<\/div>\n\t\t\t\t<\/div>\n\t\t\t\t<div class=\"elementor-element elementor-element-aea19ca elementor-widget elementor-widget-image-gallery\" data-id=\"aea19ca\" data-element_type=\"widget\" data-widget_type=\"image-gallery.default\">\n\t\t\t\t<div class=\"elementor-widget-container\">\n\t\t\t<style>\/*! elementor - v3.17.0 - 08-11-2023 *\/\n.elementor-image-gallery .gallery-item{display:inline-block;text-align:center;vertical-align:top;width:100%;max-width:100%;margin:0 auto}.elementor-image-gallery .gallery-item img{margin:0 auto}.elementor-image-gallery .gallery-item .gallery-caption{margin:0}.elementor-image-gallery figure img{display:block}.elementor-image-gallery figure figcaption{width:100%}.gallery-spacing-custom .elementor-image-gallery .gallery-icon{padding:0}@media (min-width:768px){.elementor-image-gallery .gallery-columns-2 .gallery-item{max-width:50%}.elementor-image-gallery .gallery-columns-3 .gallery-item{max-width:33.33%}.elementor-image-gallery .gallery-columns-4 .gallery-item{max-width:25%}.elementor-image-gallery .gallery-columns-5 .gallery-item{max-width:20%}.elementor-image-gallery .gallery-columns-6 .gallery-item{max-width:16.666%}.elementor-image-gallery .gallery-columns-7 .gallery-item{max-width:14.28%}.elementor-image-gallery .gallery-columns-8 .gallery-item{max-width:12.5%}.elementor-image-gallery .gallery-columns-9 .gallery-item{max-width:11.11%}.elementor-image-gallery .gallery-columns-10 .gallery-item{max-width:10%}}@media (min-width:480px) and (max-width:767px){.elementor-image-gallery .gallery.gallery-columns-2 .gallery-item,.elementor-image-gallery .gallery.gallery-columns-3 .gallery-item,.elementor-image-gallery .gallery.gallery-columns-4 .gallery-item,.elementor-image-gallery .gallery.gallery-columns-5 .gallery-item,.elementor-image-gallery .gallery.gallery-columns-6 .gallery-item,.elementor-image-gallery .gallery.gallery-columns-7 .gallery-item,.elementor-image-gallery .gallery.gallery-columns-8 .gallery-item,.elementor-image-gallery .gallery.gallery-columns-9 .gallery-item,.elementor-image-gallery .gallery.gallery-columns-10 .gallery-item{max-width:50%}}@media (max-width:479px){.elementor-image-gallery .gallery.gallery-columns-2 .gallery-item,.elementor-image-gallery .gallery.gallery-columns-3 .gallery-item,.elementor-image-gallery .gallery.gallery-columns-4 .gallery-item,.elementor-image-gallery .gallery.gallery-columns-5 .gallery-item,.elementor-image-gallery .gallery.gallery-columns-6 .gallery-item,.elementor-image-gallery .gallery.gallery-columns-7 .gallery-item,.elementor-image-gallery .gallery.gallery-columns-8 .gallery-item,.elementor-image-gallery .gallery.gallery-columns-9 .gallery-item,.elementor-image-gallery .gallery.gallery-columns-10 .gallery-item{max-width:100%}}<\/style>\t\t<div class=\"elementor-image-gallery\">\n\t\t\t<div id='gallery-1' class='gallery galleryid-1863 gallery-columns-1 gallery-size-medium_large'><figure class='gallery-item'>\n\t\t\t<div class='gallery-icon landscape'>\n\t\t\t\t<a data-elementor-open-lightbox=\"yes\" data-elementor-lightbox-slideshow=\"aea19ca\" data-elementor-lightbox-title=\"ALZH 14\" data-elementor-lightbox-description=\"Cada d\u00eda intento explicarte, con una sonrisa, qui\u00e9n soy yo. \nCada d\u00eda intento explicarte algunas de esas miles de cosas que hemos hecho juntos, aquellas que yo recuerdo con mucho cari\u00f1o y que me doler\u00eda infinito olvidar.\nCada vez me importa menos darme de bruces contra una mirada perdida, me has dejado preparado para ello durante todo este tiempo con tus ense\u00f1anzas, valores y consejos.\nD\u00e9jame intentar aprender a disfrutar de estos nuevos momentos contigo, que han venido para quedarse.\nD\u00e9jame olvidar el mal trago de hoy, cuando en un descuido, te has ido de casa y deambulado por la ciudad en que vivimos durante media hora, imagino sin rumbo, confuso, desconcertado.. \nVamos a intentar que no vuelva a ocurrir.\nTe quiero, Papa.\" data-e-action-hash=\"#elementor-action%3Aaction%3Dlightbox%26settings%3DeyJpZCI6MTc1MSwidXJsIjoiaHR0cHM6XC9cL3ByZW1pby1mb3RvZ3JhZmlhLmludHJhcy5lc1wvd3AtY29udGVudFwvdXBsb2Fkc1wvMjAyNFwvMDJcLzA3LWFsemgtMTQtc2NhbGVkLmpwZyIsInNsaWRlc2hvdyI6ImFlYTE5Y2EifQ%3D%3D\" href='https:\/\/premio-fotografia.intras.es\/wp-content\/uploads\/2024\/02\/07-alzh-14-scaled.jpg'><img fetchpriority=\"high\" decoding=\"async\" width=\"580\" height=\"387\" src=\"https:\/\/premio-fotografia.intras.es\/wp-content\/uploads\/2024\/02\/07-alzh-14-768x512.jpg\" class=\"attachment-medium_large size-medium_large\" alt=\"Cada d\u00eda intento explicarte, con una sonrisa, qui\u00e9n soy yo. Cada d\u00eda intento explicarte algunas de esas miles de cosas que hemos hecho juntos, aquellas que yo recuerdo con mucho cari\u00f1o y que me doler\u00eda infinito olvidar. Cada vez me importa menos darme de bruces contra una mirada perdida, me has dejado preparado para ello durante todo este tiempo con tus ense\u00f1anzas, valores y consejos. D\u00e9jame intentar aprender a disfrutar de estos nuevos momentos contigo, que han venido para quedarse. D\u00e9jame olvidar el mal trago de hoy, cuando en un descuido, te has ido de casa y deambulado por la ciudad en que vivimos durante media hora, imagino sin rumbo, confuso, desconcertado.. Vamos a intentar que no vuelva a ocurrir. Te quiero, Papa.\" aria-describedby=\"gallery-1-1751\" srcset=\"https:\/\/premio-fotografia.intras.es\/wp-content\/uploads\/2024\/02\/07-alzh-14-768x512.jpg 768w, https:\/\/premio-fotografia.intras.es\/wp-content\/uploads\/2024\/02\/07-alzh-14-300x200.jpg 300w, https:\/\/premio-fotografia.intras.es\/wp-content\/uploads\/2024\/02\/07-alzh-14-1024x683.jpg 1024w, https:\/\/premio-fotografia.intras.es\/wp-content\/uploads\/2024\/02\/07-alzh-14-1536x1024.jpg 1536w, https:\/\/premio-fotografia.intras.es\/wp-content\/uploads\/2024\/02\/07-alzh-14-2048x1365.jpg 2048w, https:\/\/premio-fotografia.intras.es\/wp-content\/uploads\/2024\/02\/07-alzh-14-1200x800.jpg 1200w, https:\/\/premio-fotografia.intras.es\/wp-content\/uploads\/2024\/02\/07-alzh-14-1980x1320.jpg 1980w\" sizes=\"(max-width: 580px) 100vw, 580px\" \/><\/a>\n\t\t\t<\/div>\n\t\t\t\t<figcaption class='wp-caption-text gallery-caption' id='gallery-1-1751'>\n\t\t\t\tALZH 14\nCada d\u00eda intento explicarte, con una sonrisa, qui\u00e9n soy yo. \nCada d\u00eda intento explicarte algunas de esas miles de cosas que hemos hecho juntos, aquellas que yo recuerdo con mucho cari\u00f1o y que me doler\u00eda infinito olvidar.\nCada vez me importa menos darme de bruces contra una mirada perdida, me has dejado preparado para ello durante todo este tiempo con tus ense\u00f1anzas, valores y consejos.\nD\u00e9jame intentar aprender a disfrutar de estos nuevos momentos contigo, que han venido para quedarse.\nD\u00e9jame olvidar el mal trago de hoy, cuando en un descuido, te has ido de casa y deambulado por la ciudad en que vivimos durante media hora, imagino sin rumbo, confuso, desconcertado.. \nVamos a intentar que no vuelva a ocurrir.\nTe quiero, Papa.\n\t\t\t\t<\/figcaption><\/figure>\n\t\t<\/div>\n\t\t<\/div>\n\t\t\t\t<\/div>\n\t\t\t\t<\/div>\n\t\t\t\t<div class=\"elementor-element elementor-element-3e616e8 elementor-widget elementor-widget-text-editor\" data-id=\"3e616e8\" data-element_type=\"widget\" data-widget_type=\"text-editor.default\">\n\t\t\t\t<div class=\"elementor-widget-container\">\n\t\t\t\t\t\t\t\t\t\t\t\t\t<\/div>\n\t\t\t\t<\/div>\n\t\t\t\t\t<\/div>\n\t\t\t\t<\/div>\n\t\t<div class=\"elementor-element elementor-element-a984823 e-flex e-con-boxed e-con e-parent\" data-id=\"a984823\" data-element_type=\"container\" data-settings=\"{&quot;container_type&quot;:&quot;flex&quot;,&quot;content_width&quot;:&quot;boxed&quot;}\" data-core-v316-plus=\"true\">\n\t\t\t\t\t<div class=\"e-con-inner\">\n\t\t\t\t<div class=\"elementor-element elementor-element-f70096c elementor-widget elementor-widget-image-gallery\" data-id=\"f70096c\" data-element_type=\"widget\" data-widget_type=\"image-gallery.default\">\n\t\t\t\t<div class=\"elementor-widget-container\">\n\t\t\t\t\t<div class=\"elementor-image-gallery\">\n\t\t\t<div id='gallery-2' class='gallery galleryid-1863 gallery-columns-2 gallery-size-medium_large'><figure class='gallery-item'>\n\t\t\t<div class='gallery-icon landscape'>\n\t\t\t\t<a data-elementor-open-lightbox=\"yes\" data-elementor-lightbox-slideshow=\"f70096c\" data-elementor-lightbox-title=\"TOC VERIFICACI\u00d3N 1\" data-elementor-lightbox-description=\"A trav\u00e9s de esta fotograf\u00eda quiero trasmitir que en un acto tan simple y cotidiano como cerrar el coche la dificultad que supone para una persona que sufre un TOC de verificaci\u00f3n\" data-e-action-hash=\"#elementor-action%3Aaction%3Dlightbox%26settings%3DeyJpZCI6MTc1NywidXJsIjoiaHR0cHM6XC9cL3ByZW1pby1mb3RvZ3JhZmlhLmludHJhcy5lc1wvd3AtY29udGVudFwvdXBsb2Fkc1wvMjAyNFwvMDJcLzEzX1RvYy1WZXJpZmljYWNpb24tMS1zY2FsZWQuanBnIiwic2xpZGVzaG93IjoiZjcwMDk2YyJ9\" href='https:\/\/premio-fotografia.intras.es\/wp-content\/uploads\/2024\/02\/13_Toc-Verificacion-1-scaled.jpg'><img decoding=\"async\" width=\"580\" height=\"387\" src=\"https:\/\/premio-fotografia.intras.es\/wp-content\/uploads\/2024\/02\/13_Toc-Verificacion-1-768x512.jpg\" class=\"attachment-medium_large size-medium_large\" alt=\"A trav\u00e9s de esta fotograf\u00eda quiero trasmitir que en un acto tan simple y cotidiano como cerrar el coche la dificultad que supone para una persona que sufre un TOC de verificaci\u00f3n\" aria-describedby=\"gallery-2-1757\" srcset=\"https:\/\/premio-fotografia.intras.es\/wp-content\/uploads\/2024\/02\/13_Toc-Verificacion-1-768x512.jpg 768w, https:\/\/premio-fotografia.intras.es\/wp-content\/uploads\/2024\/02\/13_Toc-Verificacion-1-300x200.jpg 300w, https:\/\/premio-fotografia.intras.es\/wp-content\/uploads\/2024\/02\/13_Toc-Verificacion-1-1024x683.jpg 1024w, https:\/\/premio-fotografia.intras.es\/wp-content\/uploads\/2024\/02\/13_Toc-Verificacion-1-1536x1024.jpg 1536w, https:\/\/premio-fotografia.intras.es\/wp-content\/uploads\/2024\/02\/13_Toc-Verificacion-1-2048x1365.jpg 2048w, https:\/\/premio-fotografia.intras.es\/wp-content\/uploads\/2024\/02\/13_Toc-Verificacion-1-1200x800.jpg 1200w, https:\/\/premio-fotografia.intras.es\/wp-content\/uploads\/2024\/02\/13_Toc-Verificacion-1-1980x1320.jpg 1980w\" sizes=\"(max-width: 580px) 100vw, 580px\" \/><\/a>\n\t\t\t<\/div>\n\t\t\t\t<figcaption class='wp-caption-text gallery-caption' id='gallery-2-1757'>\n\t\t\t\tTOC VERIFICACI\u00d3N 2\nA trav\u00e9s de esta fotograf\u00eda quiero trasmitir que en un acto tan simple y cotidiano como cerrar el coche la dificultad que supone para una persona que sufre un TOC de verificaci\u00f3n\n\t\t\t\t<\/figcaption><\/figure><figure class='gallery-item'>\n\t\t\t<div class='gallery-icon landscape'>\n\t\t\t\t<a data-elementor-open-lightbox=\"yes\" data-elementor-lightbox-slideshow=\"f70096c\" data-elementor-lightbox-title=\"EL BA\u00daL DE LOS AMIGOS\" data-elementor-lightbox-description=\"Entre mis juguetes de anta\u00f1o, encuentro mi refugio,\nen ellos reposa el eco de d\u00edas risue\u00f1os, de sue\u00f1os.\n\nCada pieza despierta una historia, un abrazo de la ni\u00f1ez,\nun rinc\u00f3n de certeza en un mundo incierto.\n\nEn su tacto conocido, halla mi alma serenidad,\nun manto de paz en la complejidad del vivir.\n\nSon tesoros silenciosos que guardan secretos de un pasado.\" data-e-action-hash=\"#elementor-action%3Aaction%3Dlightbox%26settings%3DeyJpZCI6MTc2NywidXJsIjoiaHR0cHM6XC9cL3ByZW1pby1mb3RvZ3JhZmlhLmludHJhcy5lc1wvd3AtY29udGVudFwvdXBsb2Fkc1wvMjAyNFwvMDJcLzIzX0VsLWJhdWwtZGUtbG9zLWFtaWdvcy5qcGciLCJzbGlkZXNob3ciOiJmNzAwOTZjIn0%3D\" href='https:\/\/premio-fotografia.intras.es\/wp-content\/uploads\/2024\/02\/23_El-baul-de-los-amigos.jpg'><img decoding=\"async\" width=\"580\" height=\"387\" src=\"https:\/\/premio-fotografia.intras.es\/wp-content\/uploads\/2024\/02\/23_El-baul-de-los-amigos-768x512.jpg\" class=\"attachment-medium_large size-medium_large\" alt=\"Entre mis juguetes de anta\u00f1o, encuentro mi refugio, en ellos reposa el eco de d\u00edas risue\u00f1os, de sue\u00f1os. Cada pieza despierta una historia, un abrazo de la ni\u00f1ez, un rinc\u00f3n de certeza en un mundo incierto. En su tacto conocido, halla mi alma serenidad, un manto de paz en la complejidad del vivir. Son tesoros silenciosos que guardan secretos de un pasado.\" aria-describedby=\"gallery-2-1767\" srcset=\"https:\/\/premio-fotografia.intras.es\/wp-content\/uploads\/2024\/02\/23_El-baul-de-los-amigos-768x512.jpg 768w, https:\/\/premio-fotografia.intras.es\/wp-content\/uploads\/2024\/02\/23_El-baul-de-los-amigos-300x200.jpg 300w, https:\/\/premio-fotografia.intras.es\/wp-content\/uploads\/2024\/02\/23_El-baul-de-los-amigos-1024x683.jpg 1024w, https:\/\/premio-fotografia.intras.es\/wp-content\/uploads\/2024\/02\/23_El-baul-de-los-amigos-1536x1024.jpg 1536w, https:\/\/premio-fotografia.intras.es\/wp-content\/uploads\/2024\/02\/23_El-baul-de-los-amigos-2048x1366.jpg 2048w, https:\/\/premio-fotografia.intras.es\/wp-content\/uploads\/2024\/02\/23_El-baul-de-los-amigos-1200x800.jpg 1200w, https:\/\/premio-fotografia.intras.es\/wp-content\/uploads\/2024\/02\/23_El-baul-de-los-amigos-1980x1320.jpg 1980w\" sizes=\"(max-width: 580px) 100vw, 580px\" \/><\/a>\n\t\t\t<\/div>\n\t\t\t\t<figcaption class='wp-caption-text gallery-caption' id='gallery-2-1767'>\n\t\t\t\tEL BA\u00daL DE LOS AMIGOS\nEntre mis juguetes de anta\u00f1o, encuentro mi refugio,\nen ellos reposa el eco de d\u00edas risue\u00f1os, de sue\u00f1os.\n\nCada pieza despierta una historia, un abrazo de la ni\u00f1ez,\nun rinc\u00f3n de certeza en un mundo incierto.\n\nEn su tacto conocido, halla mi alma serenidad,\nun manto de paz en la complejidad del vivir.\n\nSon tesoros silenciosos que guardan secretos de un pasado.\n\t\t\t\t<\/figcaption><\/figure>\n\t\t<\/div>\n\t\t<\/div>\n\t\t\t\t<\/div>\n\t\t\t\t<\/div>\n\t\t\t\t<div class=\"elementor-element elementor-element-9307c22 elementor-widget elementor-widget-heading\" data-id=\"9307c22\" data-element_type=\"widget\" data-widget_type=\"heading.default\">\n\t\t\t\t<div class=\"elementor-widget-container\">\n\t\t\t<style>\/*! elementor - v3.17.0 - 08-11-2023 *\/\n.elementor-heading-title{padding:0;margin:0;line-height:1}.elementor-widget-heading .elementor-heading-title[class*=elementor-size-]>a{color:inherit;font-size:inherit;line-height:inherit}.elementor-widget-heading .elementor-heading-title.elementor-size-small{font-size:15px}.elementor-widget-heading .elementor-heading-title.elementor-size-medium{font-size:19px}.elementor-widget-heading .elementor-heading-title.elementor-size-large{font-size:29px}.elementor-widget-heading .elementor-heading-title.elementor-size-xl{font-size:39px}.elementor-widget-heading .elementor-heading-title.elementor-size-xxl{font-size:59px}<\/style><h2 class=\"elementor-heading-title elementor-size-default\">El resto de la exposici\u00f3n<\/h2>\t\t<\/div>\n\t\t\t\t<\/div>\n\t\t\t\t<div class=\"elementor-element elementor-element-660e96c elementor-widget elementor-widget-image-gallery\" data-id=\"660e96c\" data-element_type=\"widget\" data-settings=\"{&quot;_animation&quot;:&quot;none&quot;}\" data-widget_type=\"image-gallery.default\">\n\t\t\t\t<div class=\"elementor-widget-container\">\n\t\t\t\t\t<div class=\"elementor-image-gallery\">\n\t\t\t<div id='gallery-3' class='gallery galleryid-1863 gallery-columns-2 gallery-size-medium'><figure class='gallery-item'>\n\t\t\t<div class='gallery-icon landscape'>\n\t\t\t\t<a data-elementor-open-lightbox=\"yes\" data-elementor-lightbox-slideshow=\"660e96c\" data-elementor-lightbox-title=\"Mi patio, mi mundo\" data-elementor-lightbox-description=\"En el calor de una tarde de verano, mi patio es mi mundo\u2026 desde all\u00ed espero la noche,  la luna que me recuerda otras lunas. Mi patio, es cielo en cuatro paredes, es la ventana por la cual se derrama el cielo en la casa. Espero sereno a la luna y las estrellas, mientras el tiempo pasa lento y grato en mi amistad con Harry. Soledad y fotograf\u00eda que recuperan el impulso para resistir la vida. Mi cabeza en el cielo y mis pies en mis zuecos que me recuerdan el lugar de d\u00f3nde vengo. \" data-e-action-hash=\"#elementor-action%3Aaction%3Dlightbox%26settings%3DeyJpZCI6MTg2NSwidXJsIjoiaHR0cHM6XC9cL3ByZW1pby1mb3RvZ3JhZmlhLmludHJhcy5lc1wvd3AtY29udGVudFwvdXBsb2Fkc1wvMjAyNlwvMDFcLzM1X01pcGF0aW8tc2NhbGVkLmpwZyIsInNsaWRlc2hvdyI6IjY2MGU5NmMifQ%3D%3D\" href='https:\/\/premio-fotografia.intras.es\/wp-content\/uploads\/2026\/01\/35_Mipatio-scaled.jpg'><img loading=\"lazy\" decoding=\"async\" width=\"300\" height=\"200\" src=\"https:\/\/premio-fotografia.intras.es\/wp-content\/uploads\/2026\/01\/35_Mipatio-300x200.jpg\" class=\"attachment-medium size-medium\" alt=\"Mi patio, mi mundo\" aria-describedby=\"gallery-3-1865\" srcset=\"https:\/\/premio-fotografia.intras.es\/wp-content\/uploads\/2026\/01\/35_Mipatio-300x200.jpg 300w, https:\/\/premio-fotografia.intras.es\/wp-content\/uploads\/2026\/01\/35_Mipatio-1024x683.jpg 1024w, https:\/\/premio-fotografia.intras.es\/wp-content\/uploads\/2026\/01\/35_Mipatio-768x512.jpg 768w, https:\/\/premio-fotografia.intras.es\/wp-content\/uploads\/2026\/01\/35_Mipatio-1536x1024.jpg 1536w, https:\/\/premio-fotografia.intras.es\/wp-content\/uploads\/2026\/01\/35_Mipatio-2048x1365.jpg 2048w, https:\/\/premio-fotografia.intras.es\/wp-content\/uploads\/2026\/01\/35_Mipatio-1200x800.jpg 1200w, https:\/\/premio-fotografia.intras.es\/wp-content\/uploads\/2026\/01\/35_Mipatio-1980x1320.jpg 1980w\" sizes=\"(max-width: 300px) 100vw, 300px\" \/><\/a>\n\t\t\t<\/div>\n\t\t\t\t<figcaption class='wp-caption-text gallery-caption' id='gallery-3-1865'>\n\t\t\t\tMi patio, mi mundo &#8211; En el calor de una tarde de verano, mi patio es mi mundo\u2026 desde all\u00ed espero la noche,  la luna que me recuerda otras lunas. Mi patio, es cielo en cuatro paredes, es la ventana por la cual se derrama el cielo en la casa. Espero sereno a la luna y las estrellas, mientras el tiempo pasa lento y grato en mi amistad con Harry. Soledad y fotograf\u00eda que recuperan el impulso para resistir la vida. Mi cabeza en el cielo y mis pies en mis zuecos que me recuerdan el lugar de d\u00f3nde vengo. \n\t\t\t\t<\/figcaption><\/figure><figure class='gallery-item'>\n\t\t\t<div class='gallery-icon portrait'>\n\t\t\t\t<a data-elementor-open-lightbox=\"yes\" data-elementor-lightbox-slideshow=\"660e96c\" data-elementor-lightbox-title=\"Memory\" data-elementor-lightbox-description=\"El sentido de la memoria como elemento principal de los recuerdos que quedan borrados a su paso.\" data-e-action-hash=\"#elementor-action%3Aaction%3Dlightbox%26settings%3DeyJpZCI6MTg2NiwidXJsIjoiaHR0cHM6XC9cL3ByZW1pby1mb3RvZ3JhZmlhLmludHJhcy5lc1wvd3AtY29udGVudFwvdXBsb2Fkc1wvMjAyNlwvMDFcLzAxX01FTU9SWS1zY2FsZWQuanBnIiwic2xpZGVzaG93IjoiNjYwZTk2YyJ9\" href='https:\/\/premio-fotografia.intras.es\/wp-content\/uploads\/2026\/01\/01_MEMORY-scaled.jpg'><img loading=\"lazy\" decoding=\"async\" width=\"240\" height=\"300\" src=\"https:\/\/premio-fotografia.intras.es\/wp-content\/uploads\/2026\/01\/01_MEMORY-240x300.jpg\" class=\"attachment-medium size-medium\" alt=\"Memory\" aria-describedby=\"gallery-3-1866\" srcset=\"https:\/\/premio-fotografia.intras.es\/wp-content\/uploads\/2026\/01\/01_MEMORY-240x300.jpg 240w, https:\/\/premio-fotografia.intras.es\/wp-content\/uploads\/2026\/01\/01_MEMORY-819x1024.jpg 819w, https:\/\/premio-fotografia.intras.es\/wp-content\/uploads\/2026\/01\/01_MEMORY-768x960.jpg 768w, https:\/\/premio-fotografia.intras.es\/wp-content\/uploads\/2026\/01\/01_MEMORY-1229x1536.jpg 1229w, https:\/\/premio-fotografia.intras.es\/wp-content\/uploads\/2026\/01\/01_MEMORY-1639x2048.jpg 1639w, https:\/\/premio-fotografia.intras.es\/wp-content\/uploads\/2026\/01\/01_MEMORY-1200x1500.jpg 1200w, https:\/\/premio-fotografia.intras.es\/wp-content\/uploads\/2026\/01\/01_MEMORY-1980x2475.jpg 1980w, https:\/\/premio-fotografia.intras.es\/wp-content\/uploads\/2026\/01\/01_MEMORY-scaled.jpg 2048w\" sizes=\"(max-width: 240px) 100vw, 240px\" \/><\/a>\n\t\t\t<\/div>\n\t\t\t\t<figcaption class='wp-caption-text gallery-caption' id='gallery-3-1866'>\n\t\t\t\tMemory &#8211; El sentido de la memoria como elemento principal de los recuerdos que quedan borrados a su paso.\n\t\t\t\t<\/figcaption><\/figure><figure class='gallery-item'>\n\t\t\t<div class='gallery-icon landscape'>\n\t\t\t\t<a data-elementor-open-lightbox=\"yes\" data-elementor-lightbox-slideshow=\"660e96c\" data-elementor-lightbox-title=\"Presencias\" data-elementor-lightbox-description=\"El camino recorrido y el pozo en el cual no parece tener fin ante la esperanza de una vida mejor.\nDescribimos la imagen con el fin de poder entender lo que en ella se ve reflejado pero el sendero incierto de la traves\u00eda nunca se corresponde con la realidad transitada.\" data-e-action-hash=\"#elementor-action%3Aaction%3Dlightbox%26settings%3DeyJpZCI6MTg2NywidXJsIjoiaHR0cHM6XC9cL3ByZW1pby1mb3RvZ3JhZmlhLmludHJhcy5lc1wvd3AtY29udGVudFwvdXBsb2Fkc1wvMjAyNlwvMDFcLzAyX1BSRVNFTkNJQVMtc2NhbGVkLmpwZyIsInNsaWRlc2hvdyI6IjY2MGU5NmMifQ%3D%3D\" href='https:\/\/premio-fotografia.intras.es\/wp-content\/uploads\/2026\/01\/02_PRESENCIAS-scaled.jpg'><img loading=\"lazy\" decoding=\"async\" width=\"300\" height=\"240\" src=\"https:\/\/premio-fotografia.intras.es\/wp-content\/uploads\/2026\/01\/02_PRESENCIAS-300x240.jpg\" class=\"attachment-medium size-medium\" alt=\"Presencias\" aria-describedby=\"gallery-3-1867\" srcset=\"https:\/\/premio-fotografia.intras.es\/wp-content\/uploads\/2026\/01\/02_PRESENCIAS-300x240.jpg 300w, https:\/\/premio-fotografia.intras.es\/wp-content\/uploads\/2026\/01\/02_PRESENCIAS-1024x819.jpg 1024w, https:\/\/premio-fotografia.intras.es\/wp-content\/uploads\/2026\/01\/02_PRESENCIAS-768x614.jpg 768w, https:\/\/premio-fotografia.intras.es\/wp-content\/uploads\/2026\/01\/02_PRESENCIAS-1536x1229.jpg 1536w, https:\/\/premio-fotografia.intras.es\/wp-content\/uploads\/2026\/01\/02_PRESENCIAS-2048x1638.jpg 2048w, https:\/\/premio-fotografia.intras.es\/wp-content\/uploads\/2026\/01\/02_PRESENCIAS-1200x960.jpg 1200w, https:\/\/premio-fotografia.intras.es\/wp-content\/uploads\/2026\/01\/02_PRESENCIAS-1980x1584.jpg 1980w\" sizes=\"(max-width: 300px) 100vw, 300px\" \/><\/a>\n\t\t\t<\/div>\n\t\t\t\t<figcaption class='wp-caption-text gallery-caption' id='gallery-3-1867'>\n\t\t\t\tPresencias &#8211; El camino recorrido y el pozo en el cual no parece tener fin ante la esperanza de una vida mejor.\nDescribimos la imagen con el fin de poder entender lo que en ella se ve reflejado pero el sendero incierto de la traves\u00eda nunca se corresponde con la realidad transitada.\n\t\t\t\t<\/figcaption><\/figure><figure class='gallery-item'>\n\t\t\t<div class='gallery-icon landscape'>\n\t\t\t\t<a data-elementor-open-lightbox=\"yes\" data-elementor-lightbox-slideshow=\"660e96c\" data-elementor-lightbox-title=\"Recuerdos\" data-elementor-lightbox-description=\"Acudimos a las fuentes de la memoria para abstraernos. Los nuevos c\u00f3digos digitales nos permiten estudiar y trabajar mas sobre la salud mental \nCuando nos dividimos entre quienes somos y lo que estamos padeciendo.\" data-e-action-hash=\"#elementor-action%3Aaction%3Dlightbox%26settings%3DeyJpZCI6MTg2OCwidXJsIjoiaHR0cHM6XC9cL3ByZW1pby1mb3RvZ3JhZmlhLmludHJhcy5lc1wvd3AtY29udGVudFwvdXBsb2Fkc1wvMjAyNlwvMDFcLzAzX1JFQ1VFUkRPUy1zY2FsZWQuanBnIiwic2xpZGVzaG93IjoiNjYwZTk2YyJ9\" href='https:\/\/premio-fotografia.intras.es\/wp-content\/uploads\/2026\/01\/03_RECUERDOS-scaled.jpg'><img loading=\"lazy\" decoding=\"async\" width=\"300\" height=\"173\" src=\"https:\/\/premio-fotografia.intras.es\/wp-content\/uploads\/2026\/01\/03_RECUERDOS-300x173.jpg\" class=\"attachment-medium size-medium\" alt=\"Recuerdos\" aria-describedby=\"gallery-3-1868\" srcset=\"https:\/\/premio-fotografia.intras.es\/wp-content\/uploads\/2026\/01\/03_RECUERDOS-300x173.jpg 300w, https:\/\/premio-fotografia.intras.es\/wp-content\/uploads\/2026\/01\/03_RECUERDOS-1024x590.jpg 1024w, https:\/\/premio-fotografia.intras.es\/wp-content\/uploads\/2026\/01\/03_RECUERDOS-768x443.jpg 768w, https:\/\/premio-fotografia.intras.es\/wp-content\/uploads\/2026\/01\/03_RECUERDOS-1536x886.jpg 1536w, https:\/\/premio-fotografia.intras.es\/wp-content\/uploads\/2026\/01\/03_RECUERDOS-2048x1181.jpg 2048w, https:\/\/premio-fotografia.intras.es\/wp-content\/uploads\/2026\/01\/03_RECUERDOS-1200x692.jpg 1200w, https:\/\/premio-fotografia.intras.es\/wp-content\/uploads\/2026\/01\/03_RECUERDOS-1980x1141.jpg 1980w\" sizes=\"(max-width: 300px) 100vw, 300px\" \/><\/a>\n\t\t\t<\/div>\n\t\t\t\t<figcaption class='wp-caption-text gallery-caption' id='gallery-3-1868'>\n\t\t\t\tRecuerdos &#8211; Acudimos a las fuentes de la memoria para abstraernos. Los nuevos c\u00f3digos digitales nos permiten estudiar y trabajar mas sobre la salud mental \nCuando nos dividimos entre quienes somos y lo que estamos padeciendo.\n\t\t\t\t<\/figcaption><\/figure><figure class='gallery-item'>\n\t\t\t<div class='gallery-icon landscape'>\n\t\t\t\t<a data-elementor-open-lightbox=\"yes\" data-elementor-lightbox-slideshow=\"660e96c\" data-elementor-lightbox-title=\"Daniel\" data-elementor-lightbox-description=\"Daniel, un alma enredada en las complejidades de su propia mente, encuentra refugio en la soledad de su propia locura. Su mundo interior es un laberinto de pensamientos intrincados, un rinc\u00f3n donde las l\u00edneas entre la realidad y la fantas\u00eda se desdibujan de manera elusiva.\" data-e-action-hash=\"#elementor-action%3Aaction%3Dlightbox%26settings%3DeyJpZCI6MTg2OSwidXJsIjoiaHR0cHM6XC9cL3ByZW1pby1mb3RvZ3JhZmlhLmludHJhcy5lc1wvd3AtY29udGVudFwvdXBsb2Fkc1wvMjAyNlwvMDFcLzA0LURBTklFTC1zY2FsZWQuanBnIiwic2xpZGVzaG93IjoiNjYwZTk2YyJ9\" href='https:\/\/premio-fotografia.intras.es\/wp-content\/uploads\/2026\/01\/04-DANIEL-scaled.jpg'><img loading=\"lazy\" decoding=\"async\" width=\"300\" height=\"200\" src=\"https:\/\/premio-fotografia.intras.es\/wp-content\/uploads\/2026\/01\/04-DANIEL-300x200.jpg\" class=\"attachment-medium size-medium\" alt=\"Daniel\" aria-describedby=\"gallery-3-1869\" srcset=\"https:\/\/premio-fotografia.intras.es\/wp-content\/uploads\/2026\/01\/04-DANIEL-300x200.jpg 300w, https:\/\/premio-fotografia.intras.es\/wp-content\/uploads\/2026\/01\/04-DANIEL-1024x683.jpg 1024w, https:\/\/premio-fotografia.intras.es\/wp-content\/uploads\/2026\/01\/04-DANIEL-768x512.jpg 768w, https:\/\/premio-fotografia.intras.es\/wp-content\/uploads\/2026\/01\/04-DANIEL-1536x1024.jpg 1536w, https:\/\/premio-fotografia.intras.es\/wp-content\/uploads\/2026\/01\/04-DANIEL-2048x1365.jpg 2048w, https:\/\/premio-fotografia.intras.es\/wp-content\/uploads\/2026\/01\/04-DANIEL-1200x800.jpg 1200w, https:\/\/premio-fotografia.intras.es\/wp-content\/uploads\/2026\/01\/04-DANIEL-1980x1320.jpg 1980w\" sizes=\"(max-width: 300px) 100vw, 300px\" \/><\/a>\n\t\t\t<\/div>\n\t\t\t\t<figcaption class='wp-caption-text gallery-caption' id='gallery-3-1869'>\n\t\t\t\tDaniel &#8211; Daniel, un alma enredada en las complejidades de su propia mente, encuentra refugio en la soledad de su propia locura. Su mundo interior es un laberinto de pensamientos intrincados, un rinc\u00f3n donde las l\u00edneas entre la realidad y la fantas\u00eda se desdibujan de manera elusiva.\n\t\t\t\t<\/figcaption><\/figure><figure class='gallery-item'>\n\t\t\t<div class='gallery-icon landscape'>\n\t\t\t\t<a data-elementor-open-lightbox=\"yes\" data-elementor-lightbox-slideshow=\"660e96c\" data-elementor-lightbox-title=\"Estambul\" data-elementor-lightbox-description=\"Aunque su locura pueda parecer un viaje solitario, es importante recordar que cada gesto, cada movimiento, es una expresi\u00f3n \u00fanica de su experiencia. Detr\u00e1s de la cortina de su locura, es un individuo con una historia, una narrativa que solo puede ser comprendida con empat\u00eda y paciencia, una historia que merece ser contada con respeto y compasi\u00f3n.\" data-e-action-hash=\"#elementor-action%3Aaction%3Dlightbox%26settings%3DeyJpZCI6MTg3MCwidXJsIjoiaHR0cHM6XC9cL3ByZW1pby1mb3RvZ3JhZmlhLmludHJhcy5lc1wvd3AtY29udGVudFwvdXBsb2Fkc1wvMjAyNlwvMDFcLzA1LUVTVEFNQlVMLXNjYWxlZC5qcGciLCJzbGlkZXNob3ciOiI2NjBlOTZjIn0%3D\" href='https:\/\/premio-fotografia.intras.es\/wp-content\/uploads\/2026\/01\/05-ESTAMBUL-scaled.jpg'><img loading=\"lazy\" decoding=\"async\" width=\"300\" height=\"200\" src=\"https:\/\/premio-fotografia.intras.es\/wp-content\/uploads\/2026\/01\/05-ESTAMBUL-300x200.jpg\" class=\"attachment-medium size-medium\" alt=\"Estambul\" aria-describedby=\"gallery-3-1870\" srcset=\"https:\/\/premio-fotografia.intras.es\/wp-content\/uploads\/2026\/01\/05-ESTAMBUL-300x200.jpg 300w, https:\/\/premio-fotografia.intras.es\/wp-content\/uploads\/2026\/01\/05-ESTAMBUL-1024x683.jpg 1024w, https:\/\/premio-fotografia.intras.es\/wp-content\/uploads\/2026\/01\/05-ESTAMBUL-768x512.jpg 768w, https:\/\/premio-fotografia.intras.es\/wp-content\/uploads\/2026\/01\/05-ESTAMBUL-1536x1024.jpg 1536w, https:\/\/premio-fotografia.intras.es\/wp-content\/uploads\/2026\/01\/05-ESTAMBUL-2048x1365.jpg 2048w, https:\/\/premio-fotografia.intras.es\/wp-content\/uploads\/2026\/01\/05-ESTAMBUL-1200x800.jpg 1200w, https:\/\/premio-fotografia.intras.es\/wp-content\/uploads\/2026\/01\/05-ESTAMBUL-1980x1320.jpg 1980w\" sizes=\"(max-width: 300px) 100vw, 300px\" \/><\/a>\n\t\t\t<\/div>\n\t\t\t\t<figcaption class='wp-caption-text gallery-caption' id='gallery-3-1870'>\n\t\t\t\tEstambul &#8211; Aunque su locura pueda parecer un viaje solitario, es importante recordar que cada gesto, cada movimiento, es una expresi\u00f3n \u00fanica de su experiencia. Detr\u00e1s de la cortina de su locura, es un individuo con una historia, una narrativa que solo puede ser comprendida con empat\u00eda y paciencia, una historia que merece ser contada con respeto y compasi\u00f3n.\n\t\t\t\t<\/figcaption><\/figure><figure class='gallery-item'>\n\t\t\t<div class='gallery-icon landscape'>\n\t\t\t\t<a data-elementor-open-lightbox=\"yes\" data-elementor-lightbox-slideshow=\"660e96c\" data-elementor-lightbox-title=\"Murria\" data-elementor-lightbox-description=\"La representaci\u00f3n de gestos de locura es un tema complejo que a menudo se ha abordado en diversas formas art\u00edsticas y culturales. Los gestos asociados con la locura pueden variar seg\u00fan la interpretaci\u00f3n individual y las representaciones medi\u00e1ticas. Es crucial abordar este tema con sensibilidad y consideraci\u00f3n, ya que estigmatizar o caricaturizar a personas con desaf\u00edos de salud mental puede perpetuar malentendidos y prejuicios.\" data-e-action-hash=\"#elementor-action%3Aaction%3Dlightbox%26settings%3DeyJpZCI6MTg3MSwidXJsIjoiaHR0cHM6XC9cL3ByZW1pby1mb3RvZ3JhZmlhLmludHJhcy5lc1wvd3AtY29udGVudFwvdXBsb2Fkc1wvMjAyNlwvMDFcLzA2LU1VUlJJQS1zY2FsZWQuanBnIiwic2xpZGVzaG93IjoiNjYwZTk2YyJ9\" href='https:\/\/premio-fotografia.intras.es\/wp-content\/uploads\/2026\/01\/06-MURRIA-scaled.jpg'><img loading=\"lazy\" decoding=\"async\" width=\"300\" height=\"300\" src=\"https:\/\/premio-fotografia.intras.es\/wp-content\/uploads\/2026\/01\/06-MURRIA-300x300.jpg\" class=\"attachment-medium size-medium\" alt=\"Murria\" aria-describedby=\"gallery-3-1871\" srcset=\"https:\/\/premio-fotografia.intras.es\/wp-content\/uploads\/2026\/01\/06-MURRIA-300x300.jpg 300w, https:\/\/premio-fotografia.intras.es\/wp-content\/uploads\/2026\/01\/06-MURRIA-1024x1024.jpg 1024w, https:\/\/premio-fotografia.intras.es\/wp-content\/uploads\/2026\/01\/06-MURRIA-150x150.jpg 150w, https:\/\/premio-fotografia.intras.es\/wp-content\/uploads\/2026\/01\/06-MURRIA-768x768.jpg 768w, https:\/\/premio-fotografia.intras.es\/wp-content\/uploads\/2026\/01\/06-MURRIA-220x220.jpg 220w, https:\/\/premio-fotografia.intras.es\/wp-content\/uploads\/2026\/01\/06-MURRIA-450x450.jpg 450w, https:\/\/premio-fotografia.intras.es\/wp-content\/uploads\/2026\/01\/06-MURRIA-1536x1536.jpg 1536w, https:\/\/premio-fotografia.intras.es\/wp-content\/uploads\/2026\/01\/06-MURRIA-2048x2048.jpg 2048w, https:\/\/premio-fotografia.intras.es\/wp-content\/uploads\/2026\/01\/06-MURRIA-1200x1200.jpg 1200w, https:\/\/premio-fotografia.intras.es\/wp-content\/uploads\/2026\/01\/06-MURRIA-1980x1980.jpg 1980w\" sizes=\"(max-width: 300px) 100vw, 300px\" \/><\/a>\n\t\t\t<\/div>\n\t\t\t\t<figcaption class='wp-caption-text gallery-caption' id='gallery-3-1871'>\n\t\t\t\tMurria &#8211; La representaci\u00f3n de gestos de locura es un tema complejo que a menudo se ha abordado en diversas formas art\u00edsticas y culturales. Los gestos asociados con la locura pueden variar seg\u00fan la interpretaci\u00f3n individual y las representaciones medi\u00e1ticas. Es crucial abordar este tema con sensibilidad y consideraci\u00f3n, ya que estigmatizar o caricaturizar a personas con desaf\u00edos de salud mental puede perpetuar malentendidos y prejuicios.\n\t\t\t\t<\/figcaption><\/figure><figure class='gallery-item'>\n\t\t\t<div class='gallery-icon landscape'>\n\t\t\t\t<a data-elementor-open-lightbox=\"yes\" data-elementor-lightbox-slideshow=\"660e96c\" data-elementor-lightbox-title=\"A\u00f1oranza\" data-elementor-lightbox-description=\"La p\u00e9rdida de un ser humano con el que has compartido tu  vida puede ser motivo m\u00e1s que suficiente para que tengas un estado de tristeza, melancol\u00eda, a\u00f1oranza. Algo perfectamente normal e inherente a la naturaleza humana, adem\u00e1s de ser algo habitual.\nSe trata de superar las fases del duelo que, de una forma natural o con ayuda de especialistas, nos ayudan a cambiar de estado. Si estos sentimientos no se gestionan correctamente puede convertirse en un estado perenne del que no sepamos salir. A\u00fan as\u00ed, en nuestro interior, siempre sentiremos que nos hemos roto y hemos perdido un pedacito de nosotros.\" data-e-action-hash=\"#elementor-action%3Aaction%3Dlightbox%26settings%3DeyJpZCI6MTg3MiwidXJsIjoiaHR0cHM6XC9cL3ByZW1pby1mb3RvZ3JhZmlhLmludHJhcy5lc1wvd3AtY29udGVudFwvdXBsb2Fkc1wvMjAyNlwvMDFcLzA4X2Fub3JhbnphLXNjYWxlZC5qcGciLCJzbGlkZXNob3ciOiI2NjBlOTZjIn0%3D\" href='https:\/\/premio-fotografia.intras.es\/wp-content\/uploads\/2026\/01\/08_anoranza-scaled.jpg'><img loading=\"lazy\" decoding=\"async\" width=\"300\" height=\"200\" src=\"https:\/\/premio-fotografia.intras.es\/wp-content\/uploads\/2026\/01\/08_anoranza-300x200.jpg\" class=\"attachment-medium size-medium\" alt=\"A\u00f1oranza\" aria-describedby=\"gallery-3-1872\" srcset=\"https:\/\/premio-fotografia.intras.es\/wp-content\/uploads\/2026\/01\/08_anoranza-300x200.jpg 300w, https:\/\/premio-fotografia.intras.es\/wp-content\/uploads\/2026\/01\/08_anoranza-1024x683.jpg 1024w, https:\/\/premio-fotografia.intras.es\/wp-content\/uploads\/2026\/01\/08_anoranza-768x512.jpg 768w, https:\/\/premio-fotografia.intras.es\/wp-content\/uploads\/2026\/01\/08_anoranza-1536x1024.jpg 1536w, https:\/\/premio-fotografia.intras.es\/wp-content\/uploads\/2026\/01\/08_anoranza-2048x1365.jpg 2048w, https:\/\/premio-fotografia.intras.es\/wp-content\/uploads\/2026\/01\/08_anoranza-1200x800.jpg 1200w, https:\/\/premio-fotografia.intras.es\/wp-content\/uploads\/2026\/01\/08_anoranza-1980x1320.jpg 1980w\" sizes=\"(max-width: 300px) 100vw, 300px\" \/><\/a>\n\t\t\t<\/div>\n\t\t\t\t<figcaption class='wp-caption-text gallery-caption' id='gallery-3-1872'>\n\t\t\t\tA\u00f1oranza &#8211; La p\u00e9rdida de un ser humano con el que has compartido tu  vida puede ser motivo m\u00e1s que suficiente para que tengas un estado de tristeza, melancol\u00eda, a\u00f1oranza. Algo perfectamente normal e inherente a la naturaleza humana, adem\u00e1s de ser algo habitual.\nSe trata de superar las fases del duelo que, de una forma natural o con ayuda de especialistas, nos ayudan a cambiar de estado. Si estos sentimientos no se gestionan correctamente puede convertirse en un estado perenne del que no sepamos salir. A\u00fan as\u00ed, en nuestro interior, siempre sentiremos que nos hemos roto y hemos perdido un pedacito de nosotros.\n\t\t\t\t<\/figcaption><\/figure><figure class='gallery-item'>\n\t\t\t<div class='gallery-icon landscape'>\n\t\t\t\t<a data-elementor-open-lightbox=\"yes\" data-elementor-lightbox-slideshow=\"660e96c\" data-elementor-lightbox-title=\"P\u00e9rdida de identidad\" data-elementor-lightbox-description=\"La vida que llevamos te hace llevar un ritmo que a veces, es dif\u00edcil de seguir y que puede conllevar unas consecuencias perjudiciales para tu salud. Una vida impuesta por la sociedad que nos hace vivir m\u00e1s r\u00e1pidamente. El trabajo, las actividades dom\u00e9sticas, las actividades extraescolares de los ni\u00f1os, las compras, las redes sociales que te hacen obsersionarte con los likes y los comentarios para ser aceptado. Todo esto puede ocasionar una p\u00e9rdida de identidad y ser lo que los dem\u00e1s quieren y esperan que seas. Y cuando consigues parar o te ayudan a disminuir el ritmo de vida, reflexionas y eres consciente de que est\u00e1s inmerso en una aut\u00e9ntica locura.\" data-e-action-hash=\"#elementor-action%3Aaction%3Dlightbox%26settings%3DeyJpZCI6MTg3MywidXJsIjoiaHR0cHM6XC9cL3ByZW1pby1mb3RvZ3JhZmlhLmludHJhcy5lc1wvd3AtY29udGVudFwvdXBsb2Fkc1wvMjAyNlwvMDFcLzA5X1BlcmRpZGFfaWRlbnRpZGFkLXNjYWxlZC5qcGciLCJzbGlkZXNob3ciOiI2NjBlOTZjIn0%3D\" href='https:\/\/premio-fotografia.intras.es\/wp-content\/uploads\/2026\/01\/09_Perdida_identidad-scaled.jpg'><img loading=\"lazy\" decoding=\"async\" width=\"300\" height=\"200\" src=\"https:\/\/premio-fotografia.intras.es\/wp-content\/uploads\/2026\/01\/09_Perdida_identidad-300x200.jpg\" class=\"attachment-medium size-medium\" alt=\"P\u00e9rdida de identidad\" aria-describedby=\"gallery-3-1873\" srcset=\"https:\/\/premio-fotografia.intras.es\/wp-content\/uploads\/2026\/01\/09_Perdida_identidad-300x200.jpg 300w, https:\/\/premio-fotografia.intras.es\/wp-content\/uploads\/2026\/01\/09_Perdida_identidad-1024x683.jpg 1024w, https:\/\/premio-fotografia.intras.es\/wp-content\/uploads\/2026\/01\/09_Perdida_identidad-768x512.jpg 768w, https:\/\/premio-fotografia.intras.es\/wp-content\/uploads\/2026\/01\/09_Perdida_identidad-1536x1024.jpg 1536w, https:\/\/premio-fotografia.intras.es\/wp-content\/uploads\/2026\/01\/09_Perdida_identidad-2048x1365.jpg 2048w, https:\/\/premio-fotografia.intras.es\/wp-content\/uploads\/2026\/01\/09_Perdida_identidad-1200x800.jpg 1200w, https:\/\/premio-fotografia.intras.es\/wp-content\/uploads\/2026\/01\/09_Perdida_identidad-1980x1320.jpg 1980w\" sizes=\"(max-width: 300px) 100vw, 300px\" \/><\/a>\n\t\t\t<\/div>\n\t\t\t\t<figcaption class='wp-caption-text gallery-caption' id='gallery-3-1873'>\n\t\t\t\tP\u00e9rdida de identidad &#8211; La vida que llevamos te hace llevar un ritmo que a veces, es dif\u00edcil de seguir y que puede conllevar unas consecuencias perjudiciales para tu salud. Una vida impuesta por la sociedad que nos hace vivir m\u00e1s r\u00e1pidamente. El trabajo, las actividades dom\u00e9sticas, las actividades extraescolares de los ni\u00f1os, las compras, las redes sociales que te hacen obsersionarte con los likes y los comentarios para ser aceptado. Todo esto puede ocasionar una p\u00e9rdida de identidad y ser lo que los dem\u00e1s quieren y esperan que seas. Y cuando consigues parar o te ayudan a disminuir el ritmo de vida, reflexionas y eres consciente de que est\u00e1s inmerso en una aut\u00e9ntica locura.\n\t\t\t\t<\/figcaption><\/figure><figure class='gallery-item'>\n\t\t\t<div class='gallery-icon landscape'>\n\t\t\t\t<a data-elementor-open-lightbox=\"yes\" data-elementor-lightbox-slideshow=\"660e96c\" data-elementor-lightbox-title=\"La ventana del delirio\" data-elementor-lightbox-description=\"Nuestra mente es  una ventana abierta a  m\u00faltiples est\u00edmulos que percibimos del exterior.  P\u00e1jaros que vuelan\u2026 gotas de lluvia\u2026  met\u00e1foras de mensajes indescriptibles  que interiorizamos y que comienzan a crecer en nuestro mundo interior. Ese mundo interior que a veces no es capaz de interpretar de forma correcta los mensajes  y que yerra en la b\u00fasqueda del sentido de los mismos.   Seres racionales cargados de sensibilidad que vagan en el camino de la cordura y que en ocasiones se pierden en \u00e9l.  La comprensi\u00f3n de  esta  compleja \u201cVentana del delirio\u201d es el camino  que debemos emprender para  entender el sufrimiento y tristeza que produce cualquier desequilibrio mental en aquellos que lo padecen. \" data-e-action-hash=\"#elementor-action%3Aaction%3Dlightbox%26settings%3DeyJpZCI6MTg3NCwidXJsIjoiaHR0cHM6XC9cL3ByZW1pby1mb3RvZ3JhZmlhLmludHJhcy5lc1wvd3AtY29udGVudFwvdXBsb2Fkc1wvMjAyNlwvMDFcLzEwX3ZlbnRhbmFfZGVsaXJpby5qcGciLCJzbGlkZXNob3ciOiI2NjBlOTZjIn0%3D\" href='https:\/\/premio-fotografia.intras.es\/wp-content\/uploads\/2026\/01\/10_ventana_delirio.jpg'><img loading=\"lazy\" decoding=\"async\" width=\"300\" height=\"214\" src=\"https:\/\/premio-fotografia.intras.es\/wp-content\/uploads\/2026\/01\/10_ventana_delirio-300x214.jpg\" class=\"attachment-medium size-medium\" alt=\"La ventana del delirio\" aria-describedby=\"gallery-3-1874\" srcset=\"https:\/\/premio-fotografia.intras.es\/wp-content\/uploads\/2026\/01\/10_ventana_delirio-300x214.jpg 300w, https:\/\/premio-fotografia.intras.es\/wp-content\/uploads\/2026\/01\/10_ventana_delirio-1024x730.jpg 1024w, https:\/\/premio-fotografia.intras.es\/wp-content\/uploads\/2026\/01\/10_ventana_delirio-768x547.jpg 768w, https:\/\/premio-fotografia.intras.es\/wp-content\/uploads\/2026\/01\/10_ventana_delirio-1536x1095.jpg 1536w, https:\/\/premio-fotografia.intras.es\/wp-content\/uploads\/2026\/01\/10_ventana_delirio-2048x1460.jpg 2048w, https:\/\/premio-fotografia.intras.es\/wp-content\/uploads\/2026\/01\/10_ventana_delirio-1200x855.jpg 1200w, https:\/\/premio-fotografia.intras.es\/wp-content\/uploads\/2026\/01\/10_ventana_delirio-1980x1411.jpg 1980w\" sizes=\"(max-width: 300px) 100vw, 300px\" \/><\/a>\n\t\t\t<\/div>\n\t\t\t\t<figcaption class='wp-caption-text gallery-caption' id='gallery-3-1874'>\n\t\t\t\tLa ventana del delirio &#8211; Nuestra mente es  una ventana abierta a  m\u00faltiples est\u00edmulos que percibimos del exterior.  P\u00e1jaros que vuelan\u2026 gotas de lluvia\u2026  met\u00e1foras de mensajes indescriptibles  que interiorizamos y que comienzan a crecer en nuestro mundo interior. Ese mundo interior que a veces no es capaz de interpretar de forma correcta los mensajes  y que yerra en la b\u00fasqueda del sentido de los mismos.   Seres racionales cargados de sensibilidad que vagan en el camino de la cordura y que en ocasiones se pierden en \u00e9l.  La comprensi\u00f3n de  esta  compleja \u201cVentana del delirio\u201d es el camino  que debemos emprender para  entender el sufrimiento y tristeza que produce cualquier desequilibrio mental en aquellos que lo padecen. \n\t\t\t\t<\/figcaption><\/figure><figure class='gallery-item'>\n\t\t\t<div class='gallery-icon landscape'>\n\t\t\t\t<a data-elementor-open-lightbox=\"yes\" data-elementor-lightbox-slideshow=\"660e96c\" data-elementor-lightbox-title=\"Crazy for music 01\" data-elementor-lightbox-description=\"La &quot;locura&quot; a veces puede ser un momento de exaltaci\u00f3n provocado por un c\u00famulo de emociones\" data-e-action-hash=\"#elementor-action%3Aaction%3Dlightbox%26settings%3DeyJpZCI6MTg3NSwidXJsIjoiaHR0cHM6XC9cL3ByZW1pby1mb3RvZ3JhZmlhLmludHJhcy5lc1wvd3AtY29udGVudFwvdXBsb2Fkc1wvMjAyNlwvMDFcLzExX0NSQVpZX0ZPUl9NVVNJQ18wMS1zY2FsZWQuanBnIiwic2xpZGVzaG93IjoiNjYwZTk2YyJ9\" href='https:\/\/premio-fotografia.intras.es\/wp-content\/uploads\/2026\/01\/11_CRAZY_FOR_MUSIC_01-scaled.jpg'><img loading=\"lazy\" decoding=\"async\" width=\"300\" height=\"200\" src=\"https:\/\/premio-fotografia.intras.es\/wp-content\/uploads\/2026\/01\/11_CRAZY_FOR_MUSIC_01-300x200.jpg\" class=\"attachment-medium size-medium\" alt=\"Crazy for music 01\" aria-describedby=\"gallery-3-1875\" srcset=\"https:\/\/premio-fotografia.intras.es\/wp-content\/uploads\/2026\/01\/11_CRAZY_FOR_MUSIC_01-300x200.jpg 300w, https:\/\/premio-fotografia.intras.es\/wp-content\/uploads\/2026\/01\/11_CRAZY_FOR_MUSIC_01-1024x683.jpg 1024w, https:\/\/premio-fotografia.intras.es\/wp-content\/uploads\/2026\/01\/11_CRAZY_FOR_MUSIC_01-768x512.jpg 768w, https:\/\/premio-fotografia.intras.es\/wp-content\/uploads\/2026\/01\/11_CRAZY_FOR_MUSIC_01-1536x1024.jpg 1536w, https:\/\/premio-fotografia.intras.es\/wp-content\/uploads\/2026\/01\/11_CRAZY_FOR_MUSIC_01-2048x1366.jpg 2048w, https:\/\/premio-fotografia.intras.es\/wp-content\/uploads\/2026\/01\/11_CRAZY_FOR_MUSIC_01-1200x800.jpg 1200w, https:\/\/premio-fotografia.intras.es\/wp-content\/uploads\/2026\/01\/11_CRAZY_FOR_MUSIC_01-1980x1320.jpg 1980w\" sizes=\"(max-width: 300px) 100vw, 300px\" \/><\/a>\n\t\t\t<\/div>\n\t\t\t\t<figcaption class='wp-caption-text gallery-caption' id='gallery-3-1875'>\n\t\t\t\tCrazy for music 01 &#8211; La \u00ablocura\u00bb a veces puede ser un momento de exaltaci\u00f3n provocado por un c\u00famulo de emociones\n\t\t\t\t<\/figcaption><\/figure><figure class='gallery-item'>\n\t\t\t<div class='gallery-icon landscape'>\n\t\t\t\t<a data-elementor-open-lightbox=\"yes\" data-elementor-lightbox-slideshow=\"660e96c\" data-elementor-lightbox-title=\"Crazy for music 02\" data-elementor-lightbox-description=\"La &quot;locura&quot; a veces puede ser un momento de exaltaci\u00f3n provocado por un c\u00famulo de emociones\" data-e-action-hash=\"#elementor-action%3Aaction%3Dlightbox%26settings%3DeyJpZCI6MTg3NiwidXJsIjoiaHR0cHM6XC9cL3ByZW1pby1mb3RvZ3JhZmlhLmludHJhcy5lc1wvd3AtY29udGVudFwvdXBsb2Fkc1wvMjAyNlwvMDFcLzEyX0NSQVpZX0ZPUl9NVVNJQ18wMi1zY2FsZWQuanBnIiwic2xpZGVzaG93IjoiNjYwZTk2YyJ9\" href='https:\/\/premio-fotografia.intras.es\/wp-content\/uploads\/2026\/01\/12_CRAZY_FOR_MUSIC_02-scaled.jpg'><img loading=\"lazy\" decoding=\"async\" width=\"300\" height=\"200\" src=\"https:\/\/premio-fotografia.intras.es\/wp-content\/uploads\/2026\/01\/12_CRAZY_FOR_MUSIC_02-300x200.jpg\" class=\"attachment-medium size-medium\" alt=\"Crazy for music 02\" aria-describedby=\"gallery-3-1876\" srcset=\"https:\/\/premio-fotografia.intras.es\/wp-content\/uploads\/2026\/01\/12_CRAZY_FOR_MUSIC_02-300x200.jpg 300w, https:\/\/premio-fotografia.intras.es\/wp-content\/uploads\/2026\/01\/12_CRAZY_FOR_MUSIC_02-1024x683.jpg 1024w, https:\/\/premio-fotografia.intras.es\/wp-content\/uploads\/2026\/01\/12_CRAZY_FOR_MUSIC_02-768x512.jpg 768w, https:\/\/premio-fotografia.intras.es\/wp-content\/uploads\/2026\/01\/12_CRAZY_FOR_MUSIC_02-1536x1024.jpg 1536w, https:\/\/premio-fotografia.intras.es\/wp-content\/uploads\/2026\/01\/12_CRAZY_FOR_MUSIC_02-2048x1365.jpg 2048w, https:\/\/premio-fotografia.intras.es\/wp-content\/uploads\/2026\/01\/12_CRAZY_FOR_MUSIC_02-1200x800.jpg 1200w, https:\/\/premio-fotografia.intras.es\/wp-content\/uploads\/2026\/01\/12_CRAZY_FOR_MUSIC_02-1980x1320.jpg 1980w\" sizes=\"(max-width: 300px) 100vw, 300px\" \/><\/a>\n\t\t\t<\/div>\n\t\t\t\t<figcaption class='wp-caption-text gallery-caption' id='gallery-3-1876'>\n\t\t\t\tCrazy for music 02 &#8211; La \u00ablocura\u00bb a veces puede ser un momento de exaltaci\u00f3n provocado por un c\u00famulo de emociones\n\t\t\t\t<\/figcaption><\/figure><figure class='gallery-item'>\n\t\t\t<div class='gallery-icon portrait'>\n\t\t\t\t<a data-elementor-open-lightbox=\"yes\" data-elementor-lightbox-slideshow=\"660e96c\" data-elementor-lightbox-title=\"Toc Verificaci\u00f3n 2\" data-elementor-lightbox-description=\"A trav\u00e9s de esta fotograf\u00eda quiero trasmitir que en un acto tan simple y cotidiano como cerrar el coche la dificultad que supone para una persona que sufre un TOC de verificaci\u00f3n\" data-e-action-hash=\"#elementor-action%3Aaction%3Dlightbox%26settings%3DeyJpZCI6MTg3NywidXJsIjoiaHR0cHM6XC9cL3ByZW1pby1mb3RvZ3JhZmlhLmludHJhcy5lc1wvd3AtY29udGVudFwvdXBsb2Fkc1wvMjAyNlwvMDFcLzE0X1RvYy1WZXJpZmljYWNpb24tMi1zY2FsZWQuanBnIiwic2xpZGVzaG93IjoiNjYwZTk2YyJ9\" href='https:\/\/premio-fotografia.intras.es\/wp-content\/uploads\/2026\/01\/14_Toc-Verificacion-2-scaled.jpg'><img loading=\"lazy\" decoding=\"async\" width=\"200\" height=\"300\" src=\"https:\/\/premio-fotografia.intras.es\/wp-content\/uploads\/2026\/01\/14_Toc-Verificacion-2-200x300.jpg\" class=\"attachment-medium size-medium\" alt=\"Toc Verificaci\u00f3n 2\" aria-describedby=\"gallery-3-1877\" srcset=\"https:\/\/premio-fotografia.intras.es\/wp-content\/uploads\/2026\/01\/14_Toc-Verificacion-2-200x300.jpg 200w, https:\/\/premio-fotografia.intras.es\/wp-content\/uploads\/2026\/01\/14_Toc-Verificacion-2-683x1024.jpg 683w, https:\/\/premio-fotografia.intras.es\/wp-content\/uploads\/2026\/01\/14_Toc-Verificacion-2-768x1152.jpg 768w, https:\/\/premio-fotografia.intras.es\/wp-content\/uploads\/2026\/01\/14_Toc-Verificacion-2-1024x1536.jpg 1024w, https:\/\/premio-fotografia.intras.es\/wp-content\/uploads\/2026\/01\/14_Toc-Verificacion-2-1365x2048.jpg 1365w, https:\/\/premio-fotografia.intras.es\/wp-content\/uploads\/2026\/01\/14_Toc-Verificacion-2-1200x1800.jpg 1200w, https:\/\/premio-fotografia.intras.es\/wp-content\/uploads\/2026\/01\/14_Toc-Verificacion-2-1980x2970.jpg 1980w, https:\/\/premio-fotografia.intras.es\/wp-content\/uploads\/2026\/01\/14_Toc-Verificacion-2-scaled.jpg 1707w\" sizes=\"(max-width: 200px) 100vw, 200px\" \/><\/a>\n\t\t\t<\/div>\n\t\t\t\t<figcaption class='wp-caption-text gallery-caption' id='gallery-3-1877'>\n\t\t\t\tToc Verificaci\u00f3n 2 &#8211; A trav\u00e9s de esta fotograf\u00eda quiero trasmitir que en un acto tan simple y cotidiano como cerrar el coche la dificultad que supone para una persona que sufre un TOC de verificaci\u00f3n\n\t\t\t\t<\/figcaption><\/figure><figure class='gallery-item'>\n\t\t\t<div class='gallery-icon landscape'>\n\t\t\t\t<a data-elementor-open-lightbox=\"yes\" data-elementor-lightbox-slideshow=\"660e96c\" data-elementor-lightbox-title=\"Toc Verificaci\u00f3n 3\" data-elementor-lightbox-description=\"A trav\u00e9s de esta fotograf\u00eda quiero trasmitir que en un acto tan simple y cotidiano como cerrar el coche la dificultad que supone para una persona que sufre un TOC de verificaci\u00f3n\" data-e-action-hash=\"#elementor-action%3Aaction%3Dlightbox%26settings%3DeyJpZCI6MTg3OCwidXJsIjoiaHR0cHM6XC9cL3ByZW1pby1mb3RvZ3JhZmlhLmludHJhcy5lc1wvd3AtY29udGVudFwvdXBsb2Fkc1wvMjAyNlwvMDFcLzE1X1RvYy1WZXJpZmljYWNpb24tMy1zY2FsZWQuanBnIiwic2xpZGVzaG93IjoiNjYwZTk2YyJ9\" href='https:\/\/premio-fotografia.intras.es\/wp-content\/uploads\/2026\/01\/15_Toc-Verificacion-3-scaled.jpg'><img loading=\"lazy\" decoding=\"async\" width=\"300\" height=\"200\" src=\"https:\/\/premio-fotografia.intras.es\/wp-content\/uploads\/2026\/01\/15_Toc-Verificacion-3-300x200.jpg\" class=\"attachment-medium size-medium\" alt=\"Toc Verificaci\u00f3n 3\" aria-describedby=\"gallery-3-1878\" srcset=\"https:\/\/premio-fotografia.intras.es\/wp-content\/uploads\/2026\/01\/15_Toc-Verificacion-3-300x200.jpg 300w, https:\/\/premio-fotografia.intras.es\/wp-content\/uploads\/2026\/01\/15_Toc-Verificacion-3-1024x683.jpg 1024w, https:\/\/premio-fotografia.intras.es\/wp-content\/uploads\/2026\/01\/15_Toc-Verificacion-3-768x512.jpg 768w, https:\/\/premio-fotografia.intras.es\/wp-content\/uploads\/2026\/01\/15_Toc-Verificacion-3-1536x1024.jpg 1536w, https:\/\/premio-fotografia.intras.es\/wp-content\/uploads\/2026\/01\/15_Toc-Verificacion-3-2048x1365.jpg 2048w, https:\/\/premio-fotografia.intras.es\/wp-content\/uploads\/2026\/01\/15_Toc-Verificacion-3-1200x800.jpg 1200w, https:\/\/premio-fotografia.intras.es\/wp-content\/uploads\/2026\/01\/15_Toc-Verificacion-3-1980x1320.jpg 1980w\" sizes=\"(max-width: 300px) 100vw, 300px\" \/><\/a>\n\t\t\t<\/div>\n\t\t\t\t<figcaption class='wp-caption-text gallery-caption' id='gallery-3-1878'>\n\t\t\t\tToc Verificaci\u00f3n 3 &#8211; A trav\u00e9s de esta fotograf\u00eda quiero trasmitir que en un acto tan simple y cotidiano como cerrar el coche la dificultad que supone para una persona que sufre un TOC de verificaci\u00f3n\n\t\t\t\t<\/figcaption><\/figure><figure class='gallery-item'>\n\t\t\t<div class='gallery-icon landscape'>\n\t\t\t\t<a data-elementor-open-lightbox=\"yes\" data-elementor-lightbox-slideshow=\"660e96c\" data-elementor-lightbox-title=\"Camuflado\" data-elementor-lightbox-description=\"Locuras que haces por una fotograf\u00eda? O estamos disfrazados de cuerdos y no es nuestro estado natural. La verdad es que algunas veces quieres desaparecer diluirte en el paisaje. La fotograf\u00eda es un escape para soltar todo lo que tienes dentro y que no puedes mostrat por el qu\u00e9 dir\u00e1n y por c\u00f3mo est\u00e1 establecida esta sociedad. Haciendo cosas de estas te sientes bien, muy bien\" data-e-action-hash=\"#elementor-action%3Aaction%3Dlightbox%26settings%3DeyJpZCI6MTg3OSwidXJsIjoiaHR0cHM6XC9cL3ByZW1pby1mb3RvZ3JhZmlhLmludHJhcy5lc1wvd3AtY29udGVudFwvdXBsb2Fkc1wvMjAyNlwvMDFcLzE2X0NBTVVGTEFETy1zY2FsZWQuanBnIiwic2xpZGVzaG93IjoiNjYwZTk2YyJ9\" href='https:\/\/premio-fotografia.intras.es\/wp-content\/uploads\/2026\/01\/16_CAMUFLADO-scaled.jpg'><img loading=\"lazy\" decoding=\"async\" width=\"300\" height=\"200\" src=\"https:\/\/premio-fotografia.intras.es\/wp-content\/uploads\/2026\/01\/16_CAMUFLADO-300x200.jpg\" class=\"attachment-medium size-medium\" alt=\"Camuflado\" aria-describedby=\"gallery-3-1879\" srcset=\"https:\/\/premio-fotografia.intras.es\/wp-content\/uploads\/2026\/01\/16_CAMUFLADO-300x200.jpg 300w, https:\/\/premio-fotografia.intras.es\/wp-content\/uploads\/2026\/01\/16_CAMUFLADO-1024x682.jpg 1024w, https:\/\/premio-fotografia.intras.es\/wp-content\/uploads\/2026\/01\/16_CAMUFLADO-768x512.jpg 768w, https:\/\/premio-fotografia.intras.es\/wp-content\/uploads\/2026\/01\/16_CAMUFLADO-1536x1023.jpg 1536w, https:\/\/premio-fotografia.intras.es\/wp-content\/uploads\/2026\/01\/16_CAMUFLADO-2048x1364.jpg 2048w, https:\/\/premio-fotografia.intras.es\/wp-content\/uploads\/2026\/01\/16_CAMUFLADO-1200x800.jpg 1200w, https:\/\/premio-fotografia.intras.es\/wp-content\/uploads\/2026\/01\/16_CAMUFLADO-1980x1319.jpg 1980w\" sizes=\"(max-width: 300px) 100vw, 300px\" \/><\/a>\n\t\t\t<\/div>\n\t\t\t\t<figcaption class='wp-caption-text gallery-caption' id='gallery-3-1879'>\n\t\t\t\tCamuflado &#8211; Locuras que haces por una fotograf\u00eda? O estamos disfrazados de cuerdos y no es nuestro estado natural. La verdad es que algunas veces quieres desaparecer diluirte en el paisaje. La fotograf\u00eda es un escape para soltar todo lo que tienes dentro y que no puedes mostrat por el qu\u00e9 dir\u00e1n y por c\u00f3mo est\u00e1 establecida esta sociedad. Haciendo cosas de estas te sientes bien, muy bien\n\t\t\t\t<\/figcaption><\/figure><figure class='gallery-item'>\n\t\t\t<div class='gallery-icon landscape'>\n\t\t\t\t<a data-elementor-open-lightbox=\"yes\" data-elementor-lightbox-slideshow=\"660e96c\" data-elementor-lightbox-title=\"SOS\" data-elementor-lightbox-description=\"Con el cambio clim\u00e1tico las cosas muchas veces no pasan como es normal que pasen o como han estado pasando un mont\u00f3n de a\u00f1os, el cambio clim\u00e1tico esta generando muchos problemas en las personas que dependen directamente de el, personas desquiciadas que no dejan de darle vueltas y vueltas a las cosas en la cabeza.\nLas situaciones con el cambio clim\u00e1tico son extremas (sequ\u00eda o riadas) y ah\u00ed es donde nos lleva a nuestras mentes.\nLocuras que haces por una fotograf\u00eda. La fotograf\u00eda es un escape para soltar todo lo que tienes dentro y que no puedes mostrat por el qu\u00e9 dir\u00e1n y por c\u00f3mo est\u00e1 establecida esta sociedad. Haciendo cosas de estas te sientes bien, muy bien\" data-e-action-hash=\"#elementor-action%3Aaction%3Dlightbox%26settings%3DeyJpZCI6MTg4MCwidXJsIjoiaHR0cHM6XC9cL3ByZW1pby1mb3RvZ3JhZmlhLmludHJhcy5lc1wvd3AtY29udGVudFwvdXBsb2Fkc1wvMjAyNlwvMDFcLzE3X1NPUy1zY2FsZWQuanBnIiwic2xpZGVzaG93IjoiNjYwZTk2YyJ9\" href='https:\/\/premio-fotografia.intras.es\/wp-content\/uploads\/2026\/01\/17_SOS-scaled.jpg'><img loading=\"lazy\" decoding=\"async\" width=\"300\" height=\"225\" src=\"https:\/\/premio-fotografia.intras.es\/wp-content\/uploads\/2026\/01\/17_SOS-300x225.jpg\" class=\"attachment-medium size-medium\" alt=\"SOS\" aria-describedby=\"gallery-3-1880\" srcset=\"https:\/\/premio-fotografia.intras.es\/wp-content\/uploads\/2026\/01\/17_SOS-300x225.jpg 300w, https:\/\/premio-fotografia.intras.es\/wp-content\/uploads\/2026\/01\/17_SOS-1024x767.jpg 1024w, https:\/\/premio-fotografia.intras.es\/wp-content\/uploads\/2026\/01\/17_SOS-768x575.jpg 768w, https:\/\/premio-fotografia.intras.es\/wp-content\/uploads\/2026\/01\/17_SOS-1536x1150.jpg 1536w, https:\/\/premio-fotografia.intras.es\/wp-content\/uploads\/2026\/01\/17_SOS-2048x1533.jpg 2048w, https:\/\/premio-fotografia.intras.es\/wp-content\/uploads\/2026\/01\/17_SOS-1200x899.jpg 1200w, https:\/\/premio-fotografia.intras.es\/wp-content\/uploads\/2026\/01\/17_SOS-1980x1483.jpg 1980w\" sizes=\"(max-width: 300px) 100vw, 300px\" \/><\/a>\n\t\t\t<\/div>\n\t\t\t\t<figcaption class='wp-caption-text gallery-caption' id='gallery-3-1880'>\n\t\t\t\tSOS &#8211; Con el cambio clim\u00e1tico las cosas muchas veces no pasan como es normal que pasen o como han estado pasando un mont\u00f3n de a\u00f1os, el cambio clim\u00e1tico esta generando muchos problemas en las personas que dependen directamente de el, personas desquiciadas que no dejan de darle vueltas y vueltas a las cosas en la cabeza.\nLas situaciones con el cambio clim\u00e1tico son extremas (sequ\u00eda o riadas) y ah\u00ed es donde nos lleva a nuestras mentes.\nLocuras que haces por una fotograf\u00eda. La fotograf\u00eda es un escape para soltar todo lo que tienes dentro y que no puedes mostrat por el qu\u00e9 dir\u00e1n y por c\u00f3mo est\u00e1 establecida esta sociedad. Haciendo cosas de estas te sientes bien, muy bien\n\t\t\t\t<\/figcaption><\/figure><figure class='gallery-item'>\n\t\t\t<div class='gallery-icon portrait'>\n\t\t\t\t<a data-elementor-open-lightbox=\"yes\" data-elementor-lightbox-slideshow=\"660e96c\" data-elementor-lightbox-title=\"Melancol\u00eda\" data-elementor-lightbox-description=\"Autorretrato entre visillos, la tristeza vaga y profunda me invade, la fotografi\u00e1 acude a modo de rescate pero no llega a salvarme de ese profundo pozo que es la melancol\u00eda. Para tan triste autorretrato utilice un tr\u00edpode y una canon eos 6d con un 24-70mm. Hice una exposici\u00f3n lenta con un golpe de flash lateral de tal manera que al moverme apareciera el visillo que estaba detr\u00e1s de mi. Es en definitiva una doble exposici\u00f3n hecha en c\u00e1mara. Con esta foto intente entablar un dialogo con el espectador con mi mirada desafiante pero cargada  de ese dolor profundo que desgarra el alma. En definitiva una locura que me lleva a los mas oscuros recodos de mi mente.\" data-e-action-hash=\"#elementor-action%3Aaction%3Dlightbox%26settings%3DeyJpZCI6MTg4MSwidXJsIjoiaHR0cHM6XC9cL3ByZW1pby1mb3RvZ3JhZmlhLmludHJhcy5lc1wvd3AtY29udGVudFwvdXBsb2Fkc1wvMjAyNlwvMDFcLzE4X01lbGFuY29saWEtc2NhbGVkLmpwZyIsInNsaWRlc2hvdyI6IjY2MGU5NmMifQ%3D%3D\" href='https:\/\/premio-fotografia.intras.es\/wp-content\/uploads\/2026\/01\/18_Melancolia-scaled.jpg'><img loading=\"lazy\" decoding=\"async\" width=\"200\" height=\"300\" src=\"https:\/\/premio-fotografia.intras.es\/wp-content\/uploads\/2026\/01\/18_Melancolia-200x300.jpg\" class=\"attachment-medium size-medium\" alt=\"Melancol\u00eda\" aria-describedby=\"gallery-3-1881\" srcset=\"https:\/\/premio-fotografia.intras.es\/wp-content\/uploads\/2026\/01\/18_Melancolia-200x300.jpg 200w, https:\/\/premio-fotografia.intras.es\/wp-content\/uploads\/2026\/01\/18_Melancolia-683x1024.jpg 683w, https:\/\/premio-fotografia.intras.es\/wp-content\/uploads\/2026\/01\/18_Melancolia-768x1152.jpg 768w, https:\/\/premio-fotografia.intras.es\/wp-content\/uploads\/2026\/01\/18_Melancolia-1024x1536.jpg 1024w, https:\/\/premio-fotografia.intras.es\/wp-content\/uploads\/2026\/01\/18_Melancolia-1365x2048.jpg 1365w, https:\/\/premio-fotografia.intras.es\/wp-content\/uploads\/2026\/01\/18_Melancolia-1200x1800.jpg 1200w, https:\/\/premio-fotografia.intras.es\/wp-content\/uploads\/2026\/01\/18_Melancolia-scaled.jpg 1707w\" sizes=\"(max-width: 200px) 100vw, 200px\" \/><\/a>\n\t\t\t<\/div>\n\t\t\t\t<figcaption class='wp-caption-text gallery-caption' id='gallery-3-1881'>\n\t\t\t\tMelancol\u00eda &#8211; Autorretrato entre visillos, la tristeza vaga y profunda me invade, la fotografi\u00e1 acude a modo de rescate pero no llega a salvarme de ese profundo pozo que es la melancol\u00eda. Para tan triste autorretrato utilice un tr\u00edpode y una canon eos 6d con un 24-70mm. Hice una exposici\u00f3n lenta con un golpe de flash lateral de tal manera que al moverme apareciera el visillo que estaba detr\u00e1s de mi. Es en definitiva una doble exposici\u00f3n hecha en c\u00e1mara. Con esta foto intente entablar un dialogo con el espectador con mi mirada desafiante pero cargada  de ese dolor profundo que desgarra el alma. En definitiva una locura que me lleva a los mas oscuros recodos de mi mente.\n\t\t\t\t<\/figcaption><\/figure><figure class='gallery-item'>\n\t\t\t<div class='gallery-icon portrait'>\n\t\t\t\t<a data-elementor-open-lightbox=\"yes\" data-elementor-lightbox-slideshow=\"660e96c\" data-elementor-lightbox-title=\"Nebulosa de cristal\" data-elementor-lightbox-description=\"La mayor locura en este fren\u00e9tico mundo es la cordura, donde los miedos de la raz\u00f3n fusionan en sufrimiento pasado, presente y futuro, hasta que la cordura produce monstruos.\nConstruimos una c\u00fapula de cristal transparente para poder volar entre galaxias y dejarnos invadir de polvo de estrellas, dejando fuera los juicios y prejuicios de quienes nos observan, erigi\u00e9ndose en dioses, para estigmatizarnos. Y vivimos en el aislamiento, la soledad y la confusi\u00f3n mental, pero nos sentimos libres en ese mundo paralelo, porque la mayor irrealidad est\u00e1 ah\u00ed afuera.\nInventamos nebulosas como herramienta y transgresi\u00f3n, como acto de protesta, como huida de la desesperaci\u00f3n, y nos sumergimos en la niebla cuando el sol ciega y quema para resistir hasta el reencuentro con nuestros motivos y la capacidad de sabidur\u00eda que nos otorga la locura, hasta cambiar nuestra realidad con el arte de la mente y el coraz\u00f3n.\" data-e-action-hash=\"#elementor-action%3Aaction%3Dlightbox%26settings%3DeyJpZCI6MTg4MiwidXJsIjoiaHR0cHM6XC9cL3ByZW1pby1mb3RvZ3JhZmlhLmludHJhcy5lc1wvd3AtY29udGVudFwvdXBsb2Fkc1wvMjAyNlwvMDFcLzE5X05FQlVMT1NBX0RFX0NSSVNUQUwtc2NhbGVkLmpwZyIsInNsaWRlc2hvdyI6IjY2MGU5NmMifQ%3D%3D\" href='https:\/\/premio-fotografia.intras.es\/wp-content\/uploads\/2026\/01\/19_NEBULOSA_DE_CRISTAL-scaled.jpg'><img loading=\"lazy\" decoding=\"async\" width=\"155\" height=\"300\" src=\"https:\/\/premio-fotografia.intras.es\/wp-content\/uploads\/2026\/01\/19_NEBULOSA_DE_CRISTAL-155x300.jpg\" class=\"attachment-medium size-medium\" alt=\"Nebulosa de cristal\" aria-describedby=\"gallery-3-1882\" srcset=\"https:\/\/premio-fotografia.intras.es\/wp-content\/uploads\/2026\/01\/19_NEBULOSA_DE_CRISTAL-155x300.jpg 155w, https:\/\/premio-fotografia.intras.es\/wp-content\/uploads\/2026\/01\/19_NEBULOSA_DE_CRISTAL-527x1024.jpg 527w, https:\/\/premio-fotografia.intras.es\/wp-content\/uploads\/2026\/01\/19_NEBULOSA_DE_CRISTAL-768x1491.jpg 768w, https:\/\/premio-fotografia.intras.es\/wp-content\/uploads\/2026\/01\/19_NEBULOSA_DE_CRISTAL-791x1536.jpg 791w, https:\/\/premio-fotografia.intras.es\/wp-content\/uploads\/2026\/01\/19_NEBULOSA_DE_CRISTAL-1055x2048.jpg 1055w, https:\/\/premio-fotografia.intras.es\/wp-content\/uploads\/2026\/01\/19_NEBULOSA_DE_CRISTAL-1200x2330.jpg 1200w, https:\/\/premio-fotografia.intras.es\/wp-content\/uploads\/2026\/01\/19_NEBULOSA_DE_CRISTAL-1980x3845.jpg 1980w, https:\/\/premio-fotografia.intras.es\/wp-content\/uploads\/2026\/01\/19_NEBULOSA_DE_CRISTAL-scaled.jpg 1318w\" sizes=\"(max-width: 155px) 100vw, 155px\" \/><\/a>\n\t\t\t<\/div>\n\t\t\t\t<figcaption class='wp-caption-text gallery-caption' id='gallery-3-1882'>\n\t\t\t\tNebulosa de cristal &#8211; La mayor locura en este fren\u00e9tico mundo es la cordura, donde los miedos de la raz\u00f3n fusionan en sufrimiento pasado, presente y futuro, hasta que la cordura produce monstruos.\nConstruimos una c\u00fapula de cristal transparente para poder volar entre galaxias y dejarnos invadir de polvo de estrellas, dejando fuera los juicios y prejuicios de quienes nos observan, erigi\u00e9ndose en dioses, para estigmatizarnos. Y vivimos en el aislamiento, la soledad y la confusi\u00f3n mental, pero nos sentimos libres en ese mundo paralelo, porque la mayor irrealidad est\u00e1 ah\u00ed afuera.\nInventamos nebulosas como herramienta y transgresi\u00f3n, como acto de protesta, como huida de la desesperaci\u00f3n, y nos sumergimos en la niebla cuando el sol ciega y quema para resistir hasta el reencuentro con nuestros motivos y la capacidad de sabidur\u00eda que nos otorga la locura, hasta cambiar nuestra realidad con el arte de la mente y el coraz\u00f3n.\n\t\t\t\t<\/figcaption><\/figure><figure class='gallery-item'>\n\t\t\t<div class='gallery-icon landscape'>\n\t\t\t\t<a data-elementor-open-lightbox=\"yes\" data-elementor-lightbox-slideshow=\"660e96c\" data-elementor-lightbox-title=\"Director del destino\" data-elementor-lightbox-description=\"Entre el caos del carrete desenrollado, una figura se destaca, tirando de la cinta de pel\u00edcula como si desentra\u00f1ara los fragmentos de su propia realidad. Cada tir\u00f3n revela momentos desordenados de su vida, una proyecci\u00f3n ca\u00f3tica de recuerdos y experiencias. La cinta, como la l\u00ednea del tiempo, se despliega con una narrativa distorsionada, donde los eventos se entrelazan en una danza err\u00e1tica. La figura, atrapada entre pasado y presente, se convierte en un director de su propia locura, editando y reelaborando la historia a medida que avanza. En este acto de desenrollar la pel\u00edcula de la vida, la persona se sumerge en la complejidad de su propia existencia, enfrentando la dualidad de la cordura y la extravagancia. Cada fotograma suelto es un destello de su psique, mientras la cinta se desliza entre sus manos, desafiando la linealidad de la realidad y sumergi\u00e9ndose en la profundidad de la mente perturbada.\" data-e-action-hash=\"#elementor-action%3Aaction%3Dlightbox%26settings%3DeyJpZCI6MTg4MywidXJsIjoiaHR0cHM6XC9cL3ByZW1pby1mb3RvZ3JhZmlhLmludHJhcy5lc1wvd3AtY29udGVudFwvdXBsb2Fkc1wvMjAyNlwvMDFcLzIwX0RpcmVjdG9yX2RlbF9kZXN0aW5vLXNjYWxlZC5qcGciLCJzbGlkZXNob3ciOiI2NjBlOTZjIn0%3D\" href='https:\/\/premio-fotografia.intras.es\/wp-content\/uploads\/2026\/01\/20_Director_del_destino-scaled.jpg'><img loading=\"lazy\" decoding=\"async\" width=\"300\" height=\"225\" src=\"https:\/\/premio-fotografia.intras.es\/wp-content\/uploads\/2026\/01\/20_Director_del_destino-300x225.jpg\" class=\"attachment-medium size-medium\" alt=\"Director del destino\" aria-describedby=\"gallery-3-1883\" srcset=\"https:\/\/premio-fotografia.intras.es\/wp-content\/uploads\/2026\/01\/20_Director_del_destino-300x225.jpg 300w, https:\/\/premio-fotografia.intras.es\/wp-content\/uploads\/2026\/01\/20_Director_del_destino-1024x768.jpg 1024w, https:\/\/premio-fotografia.intras.es\/wp-content\/uploads\/2026\/01\/20_Director_del_destino-768x576.jpg 768w, https:\/\/premio-fotografia.intras.es\/wp-content\/uploads\/2026\/01\/20_Director_del_destino-1536x1152.jpg 1536w, https:\/\/premio-fotografia.intras.es\/wp-content\/uploads\/2026\/01\/20_Director_del_destino-2048x1536.jpg 2048w, https:\/\/premio-fotografia.intras.es\/wp-content\/uploads\/2026\/01\/20_Director_del_destino-1200x900.jpg 1200w, https:\/\/premio-fotografia.intras.es\/wp-content\/uploads\/2026\/01\/20_Director_del_destino-1980x1485.jpg 1980w\" sizes=\"(max-width: 300px) 100vw, 300px\" \/><\/a>\n\t\t\t<\/div>\n\t\t\t\t<figcaption class='wp-caption-text gallery-caption' id='gallery-3-1883'>\n\t\t\t\tDirector del destino &#8211; Entre el caos del carrete desenrollado, una figura se destaca, tirando de la cinta de pel\u00edcula como si desentra\u00f1ara los fragmentos de su propia realidad. Cada tir\u00f3n revela momentos desordenados de su vida, una proyecci\u00f3n ca\u00f3tica de recuerdos y experiencias. La cinta, como la l\u00ednea del tiempo, se despliega con una narrativa distorsionada, donde los eventos se entrelazan en una danza err\u00e1tica. La figura, atrapada entre pasado y presente, se convierte en un director de su propia locura, editando y reelaborando la historia a medida que avanza. En este acto de desenrollar la pel\u00edcula de la vida, la persona se sumerge en la complejidad de su propia existencia, enfrentando la dualidad de la cordura y la extravagancia. Cada fotograma suelto es un destello de su psique, mientras la cinta se desliza entre sus manos, desafiando la linealidad de la realidad y sumergi\u00e9ndose en la profundidad de la mente perturbada.\n\t\t\t\t<\/figcaption><\/figure><figure class='gallery-item'>\n\t\t\t<div class='gallery-icon landscape'>\n\t\t\t\t<a data-elementor-open-lightbox=\"yes\" data-elementor-lightbox-slideshow=\"660e96c\" data-elementor-lightbox-title=\"El tiempo a sus pies\" data-elementor-lightbox-description=\"Ante el imponente reloj de \u00e9poca, que parece ser el dictador del tiempo, una escalera serpentea desde el suelo hasta su majestuosa presencia. La figura, con la mirada fija en el reloj, contempla el paso inexorable del tiempo, atrapada en la dualidad de la nostalgia y la anticipaci\u00f3n. La escalera, como un sendero hacia el pasado o el futuro, simboliza la elecci\u00f3n de la persona de ascender o descender en la corriente temporal. Cada pelda\u00f1o resuena con los ecos de decisiones pasadas y futuras, creando una sinfon\u00eda de momentos. La figura, como un viajero en el tiempo, se enfrenta al reloj como si fuera un portal a dimensiones desconocidas. En esta escena, el tiempo y la locura bailan en un vals et\u00e9reo, donde la persona busca respuestas en la mec\u00e1nica meticulosa de las manecillas. Un cuadro donde el reloj, la escalera y la mirada ascendente se entrelazan en una danza atemporal de reflexi\u00f3n y misterio.\" data-e-action-hash=\"#elementor-action%3Aaction%3Dlightbox%26settings%3DeyJpZCI6MTg4NCwidXJsIjoiaHR0cHM6XC9cL3ByZW1pby1mb3RvZ3JhZmlhLmludHJhcy5lc1wvd3AtY29udGVudFwvdXBsb2Fkc1wvMjAyNlwvMDFcLzIxX0VsX3RpZW1wb19hX3N1c19waWVzLXNjYWxlZC5qcGciLCJzbGlkZXNob3ciOiI2NjBlOTZjIn0%3D\" href='https:\/\/premio-fotografia.intras.es\/wp-content\/uploads\/2026\/01\/21_El_tiempo_a_sus_pies-scaled.jpg'><img loading=\"lazy\" decoding=\"async\" width=\"300\" height=\"200\" src=\"https:\/\/premio-fotografia.intras.es\/wp-content\/uploads\/2026\/01\/21_El_tiempo_a_sus_pies-300x200.jpg\" class=\"attachment-medium size-medium\" alt=\"El tiempo a sus pies\" aria-describedby=\"gallery-3-1884\" srcset=\"https:\/\/premio-fotografia.intras.es\/wp-content\/uploads\/2026\/01\/21_El_tiempo_a_sus_pies-300x200.jpg 300w, https:\/\/premio-fotografia.intras.es\/wp-content\/uploads\/2026\/01\/21_El_tiempo_a_sus_pies-1024x683.jpg 1024w, https:\/\/premio-fotografia.intras.es\/wp-content\/uploads\/2026\/01\/21_El_tiempo_a_sus_pies-768x513.jpg 768w, https:\/\/premio-fotografia.intras.es\/wp-content\/uploads\/2026\/01\/21_El_tiempo_a_sus_pies-1536x1025.jpg 1536w, https:\/\/premio-fotografia.intras.es\/wp-content\/uploads\/2026\/01\/21_El_tiempo_a_sus_pies-2048x1367.jpg 2048w, https:\/\/premio-fotografia.intras.es\/wp-content\/uploads\/2026\/01\/21_El_tiempo_a_sus_pies-1200x801.jpg 1200w, https:\/\/premio-fotografia.intras.es\/wp-content\/uploads\/2026\/01\/21_El_tiempo_a_sus_pies-1980x1321.jpg 1980w\" sizes=\"(max-width: 300px) 100vw, 300px\" \/><\/a>\n\t\t\t<\/div>\n\t\t\t\t<figcaption class='wp-caption-text gallery-caption' id='gallery-3-1884'>\n\t\t\t\tEl tiempo a sus pies &#8211; Ante el imponente reloj de \u00e9poca, que parece ser el dictador del tiempo, una escalera serpentea desde el suelo hasta su majestuosa presencia. La figura, con la mirada fija en el reloj, contempla el paso inexorable del tiempo, atrapada en la dualidad de la nostalgia y la anticipaci\u00f3n. La escalera, como un sendero hacia el pasado o el futuro, simboliza la elecci\u00f3n de la persona de ascender o descender en la corriente temporal. Cada pelda\u00f1o resuena con los ecos de decisiones pasadas y futuras, creando una sinfon\u00eda de momentos. La figura, como un viajero en el tiempo, se enfrenta al reloj como si fuera un portal a dimensiones desconocidas. En esta escena, el tiempo y la locura bailan en un vals et\u00e9reo, donde la persona busca respuestas en la mec\u00e1nica meticulosa de las manecillas. Un cuadro donde el reloj, la escalera y la mirada ascendente se entrelazan en una danza atemporal de reflexi\u00f3n y misterio.\n\t\t\t\t<\/figcaption><\/figure><figure class='gallery-item'>\n\t\t\t<div class='gallery-icon landscape'>\n\t\t\t\t<a data-elementor-open-lightbox=\"yes\" data-elementor-lightbox-slideshow=\"660e96c\" data-elementor-lightbox-title=\"Escalera hacia la ventana\" data-elementor-lightbox-description=\"En la penumbra de la mente, una escalera serpentea hacia lo desconocido, sus pelda\u00f1os desgastados testigos de incontables ascensos hacia la locura. En la cima, una ventana entreabierta espera como un umbral hacia la realidad distorsionada. La figura solitaria que se aventura por los escalones parece ser presa de un \u00e9xtasis surrealista, sus pasos marcando una danza ca\u00f3tica con la demencia. La escalera, como una met\u00e1fora de la mente, se retuerce y se tuerce, desafiando la l\u00f3gica y llevando al viajero a las profundidades de su propia psique. Cada escal\u00f3n es un recordatorio de la fr\u00e1gil l\u00ednea entre la cordura y la locura, mientras la figura persiste, decidida a alcanzar la ventana que ofrece una perspectiva distorsionada del mundo exterior. En este viaje hacia lo irracional, la realidad se desdibuja, y la locura se convierte en un paisaje intrigante y perturbador.\" data-e-action-hash=\"#elementor-action%3Aaction%3Dlightbox%26settings%3DeyJpZCI6MTg4NSwidXJsIjoiaHR0cHM6XC9cL3ByZW1pby1mb3RvZ3JhZmlhLmludHJhcy5lc1wvd3AtY29udGVudFwvdXBsb2Fkc1wvMjAyNlwvMDFcLzIyX0VzY2FsZXJhX2hhY2lhX2xhX3ZlbnRhbmEtc2NhbGVkLmpwZyIsInNsaWRlc2hvdyI6IjY2MGU5NmMifQ%3D%3D\" href='https:\/\/premio-fotografia.intras.es\/wp-content\/uploads\/2026\/01\/22_Escalera_hacia_la_ventana-scaled.jpg'><img loading=\"lazy\" decoding=\"async\" width=\"300\" height=\"240\" src=\"https:\/\/premio-fotografia.intras.es\/wp-content\/uploads\/2026\/01\/22_Escalera_hacia_la_ventana-300x240.jpg\" class=\"attachment-medium size-medium\" alt=\"Escalera hacia la ventana\" aria-describedby=\"gallery-3-1885\" srcset=\"https:\/\/premio-fotografia.intras.es\/wp-content\/uploads\/2026\/01\/22_Escalera_hacia_la_ventana-300x240.jpg 300w, https:\/\/premio-fotografia.intras.es\/wp-content\/uploads\/2026\/01\/22_Escalera_hacia_la_ventana-1024x819.jpg 1024w, https:\/\/premio-fotografia.intras.es\/wp-content\/uploads\/2026\/01\/22_Escalera_hacia_la_ventana-768x614.jpg 768w, https:\/\/premio-fotografia.intras.es\/wp-content\/uploads\/2026\/01\/22_Escalera_hacia_la_ventana-1536x1229.jpg 1536w, https:\/\/premio-fotografia.intras.es\/wp-content\/uploads\/2026\/01\/22_Escalera_hacia_la_ventana-2048x1638.jpg 2048w, https:\/\/premio-fotografia.intras.es\/wp-content\/uploads\/2026\/01\/22_Escalera_hacia_la_ventana-1200x960.jpg 1200w, https:\/\/premio-fotografia.intras.es\/wp-content\/uploads\/2026\/01\/22_Escalera_hacia_la_ventana-1980x1584.jpg 1980w\" sizes=\"(max-width: 300px) 100vw, 300px\" \/><\/a>\n\t\t\t<\/div>\n\t\t\t\t<figcaption class='wp-caption-text gallery-caption' id='gallery-3-1885'>\n\t\t\t\tEscalera hacia la ventana &#8211; En la penumbra de la mente, una escalera serpentea hacia lo desconocido, sus pelda\u00f1os desgastados testigos de incontables ascensos hacia la locura. En la cima, una ventana entreabierta espera como un umbral hacia la realidad distorsionada. La figura solitaria que se aventura por los escalones parece ser presa de un \u00e9xtasis surrealista, sus pasos marcando una danza ca\u00f3tica con la demencia. La escalera, como una met\u00e1fora de la mente, se retuerce y se tuerce, desafiando la l\u00f3gica y llevando al viajero a las profundidades de su propia psique. Cada escal\u00f3n es un recordatorio de la fr\u00e1gil l\u00ednea entre la cordura y la locura, mientras la figura persiste, decidida a alcanzar la ventana que ofrece una perspectiva distorsionada del mundo exterior. En este viaje hacia lo irracional, la realidad se desdibuja, y la locura se convierte en un paisaje intrigante y perturbador.\n\t\t\t\t<\/figcaption><\/figure><figure class='gallery-item'>\n\t\t\t<div class='gallery-icon portrait'>\n\t\t\t\t<a data-elementor-open-lightbox=\"yes\" data-elementor-lightbox-slideshow=\"660e96c\" data-elementor-lightbox-title=\"Abrazo de fuego\" data-elementor-lightbox-description=\"Esta fotograf\u00eda la capt\u00e9 durante una actuaci\u00f3n de danza contempor\u00e1nea en el momento en que el hombre y la mujer de la representaci\u00f3n se abrazan con fuerza y ternura tras una serie de desencuentros dramatizados. Las condiciones de luz del escenario eran muy pobres y m\u00e1s para las limitaciones t\u00e9cnicas de mi equipo fotogr\u00e1fico, a\u00fan as\u00ed logr\u00e9 atrapar esta imagen distorsionada en la que la luz enfatiza la intensidad del acto.\nPersonalmente esta imagen me hiere de alguna forma al verla porque no suelo sentirme c\u00f3modo en la intimidad f\u00edsica con otras personas y envidio a quienes no tienen problemas al respecto. Tengo discapacidad psicol\u00f3gica permanente desde hace a\u00f1os y no s\u00e9 en qu\u00e9 medida tendr\u00e1 relaci\u00f3n como causa, consecuencia, o ambas a la vez, esa rareza m\u00eda con el contacto humano. No es ya afortunadamente tan limitante, pero me duele la juventud y el tiempo perdidos por desaprovechar oportunidades que me brind\u00f3 la vida de conocer, tratar y quiz\u00e1s amar a algunas mujeres. Creo que el exceso de sensibilidad puede ser motivo de locura\" data-e-action-hash=\"#elementor-action%3Aaction%3Dlightbox%26settings%3DeyJpZCI6MTg4NiwidXJsIjoiaHR0cHM6XC9cL3ByZW1pby1mb3RvZ3JhZmlhLmludHJhcy5lc1wvd3AtY29udGVudFwvdXBsb2Fkc1wvMjAyNlwvMDFcLzI0X0FicmF6by1kZS1mdWVnby1zY2FsZWQuanBnIiwic2xpZGVzaG93IjoiNjYwZTk2YyJ9\" href='https:\/\/premio-fotografia.intras.es\/wp-content\/uploads\/2026\/01\/24_Abrazo-de-fuego-scaled.jpg'><img loading=\"lazy\" decoding=\"async\" width=\"200\" height=\"300\" src=\"https:\/\/premio-fotografia.intras.es\/wp-content\/uploads\/2026\/01\/24_Abrazo-de-fuego-200x300.jpg\" class=\"attachment-medium size-medium\" alt=\"Abrazo de fuego\" aria-describedby=\"gallery-3-1886\" srcset=\"https:\/\/premio-fotografia.intras.es\/wp-content\/uploads\/2026\/01\/24_Abrazo-de-fuego-200x300.jpg 200w, https:\/\/premio-fotografia.intras.es\/wp-content\/uploads\/2026\/01\/24_Abrazo-de-fuego-683x1024.jpg 683w, https:\/\/premio-fotografia.intras.es\/wp-content\/uploads\/2026\/01\/24_Abrazo-de-fuego-768x1152.jpg 768w, https:\/\/premio-fotografia.intras.es\/wp-content\/uploads\/2026\/01\/24_Abrazo-de-fuego-1024x1536.jpg 1024w, https:\/\/premio-fotografia.intras.es\/wp-content\/uploads\/2026\/01\/24_Abrazo-de-fuego-1365x2048.jpg 1365w, https:\/\/premio-fotografia.intras.es\/wp-content\/uploads\/2026\/01\/24_Abrazo-de-fuego-1200x1800.jpg 1200w, https:\/\/premio-fotografia.intras.es\/wp-content\/uploads\/2026\/01\/24_Abrazo-de-fuego-1980x2970.jpg 1980w, https:\/\/premio-fotografia.intras.es\/wp-content\/uploads\/2026\/01\/24_Abrazo-de-fuego-scaled.jpg 1707w\" sizes=\"(max-width: 200px) 100vw, 200px\" \/><\/a>\n\t\t\t<\/div>\n\t\t\t\t<figcaption class='wp-caption-text gallery-caption' id='gallery-3-1886'>\n\t\t\t\tAbrazo de fuego &#8211; Esta fotograf\u00eda la capt\u00e9 durante una actuaci\u00f3n de danza contempor\u00e1nea en el momento en que el hombre y la mujer de la representaci\u00f3n se abrazan con fuerza y ternura tras una serie de desencuentros dramatizados. Las condiciones de luz del escenario eran muy pobres y m\u00e1s para las limitaciones t\u00e9cnicas de mi equipo fotogr\u00e1fico, a\u00fan as\u00ed logr\u00e9 atrapar esta imagen distorsionada en la que la luz enfatiza la intensidad del acto.\nPersonalmente esta imagen me hiere de alguna forma al verla porque no suelo sentirme c\u00f3modo en la intimidad f\u00edsica con otras personas y envidio a quienes no tienen problemas al respecto. Tengo discapacidad psicol\u00f3gica permanente desde hace a\u00f1os y no s\u00e9 en qu\u00e9 medida tendr\u00e1 relaci\u00f3n como causa, consecuencia, o ambas a la vez, esa rareza m\u00eda con el contacto humano. No es ya afortunadamente tan limitante, pero me duele la juventud y el tiempo perdidos por desaprovechar oportunidades que me brind\u00f3 la vida de conocer, tratar y quiz\u00e1s amar a algunas mujeres. Creo que el exceso de sensibilidad puede ser motivo de locura\n\t\t\t\t<\/figcaption><\/figure><figure class='gallery-item'>\n\t\t\t<div class='gallery-icon landscape'>\n\t\t\t\t<a data-elementor-open-lightbox=\"yes\" data-elementor-lightbox-slideshow=\"660e96c\" data-elementor-lightbox-title=\"Desesperaci\u00f3n\" data-elementor-lightbox-description=\"Esta foto, que realic\u00e9 en una exhibici\u00f3n de danza oriental, me gusta por su energ\u00eda y plasticidad, pero al mismo tiempo, me desagrada por lo que parece transmitir: deseperaci\u00f3n. Conozco bien esta sensaci\u00f3n por doble motivo; primero por la frustraci\u00f3n que provoca la enfermedad mental, que cuesta mucho asumir, aprender a manejar y por supuesto sanar, y segundo, por eso mismo que igualmente provoca una enfermedad f\u00edsica grave como el c\u00e1ncer, con el a\u00f1adido que \u00e9sta supone dolor. A\u00fan as\u00ed, con toda la dureza que supone vivir en situaciones o coyunturas de tal envergadura, la desesperaci\u00f3n puede conducirte a estados luminosos cuando logras salid de ella. Es muy peligrosa si se hace permanente pues puede hacerte caer en perniciosas adicciones o conducirte a pr\u00e1cticas autolesivas, incluso al suicidio, pero si es transitoria te aporta un aprendizaje de tu vulnerabilidad nada grato pero valioso pues te hace humilde. Adem\u00e1s te ense\u00f1a a apreciar y agradecer m\u00e1s lo bueno que hay en tu vida y a centrarte en el presente, sac\u00e1ndote todo el provecho posible cuando est\u00e1s bien o al menos no asfixiado por el sufrimiento y la ausencia de esperanza para salir de \u00e9l\" data-e-action-hash=\"#elementor-action%3Aaction%3Dlightbox%26settings%3DeyJpZCI6MTg4NywidXJsIjoiaHR0cHM6XC9cL3ByZW1pby1mb3RvZ3JhZmlhLmludHJhcy5lc1wvd3AtY29udGVudFwvdXBsb2Fkc1wvMjAyNlwvMDFcLzI1X0Rlc2VzcGVyYWNpb24tc2NhbGVkLmpwZyIsInNsaWRlc2hvdyI6IjY2MGU5NmMifQ%3D%3D\" href='https:\/\/premio-fotografia.intras.es\/wp-content\/uploads\/2026\/01\/25_Desesperacion-scaled.jpg'><img loading=\"lazy\" decoding=\"async\" width=\"300\" height=\"200\" src=\"https:\/\/premio-fotografia.intras.es\/wp-content\/uploads\/2026\/01\/25_Desesperacion-300x200.jpg\" class=\"attachment-medium size-medium\" alt=\"Desesperaci\u00f3n\" aria-describedby=\"gallery-3-1887\" srcset=\"https:\/\/premio-fotografia.intras.es\/wp-content\/uploads\/2026\/01\/25_Desesperacion-300x200.jpg 300w, https:\/\/premio-fotografia.intras.es\/wp-content\/uploads\/2026\/01\/25_Desesperacion-1024x683.jpg 1024w, https:\/\/premio-fotografia.intras.es\/wp-content\/uploads\/2026\/01\/25_Desesperacion-768x512.jpg 768w, https:\/\/premio-fotografia.intras.es\/wp-content\/uploads\/2026\/01\/25_Desesperacion-1536x1024.jpg 1536w, https:\/\/premio-fotografia.intras.es\/wp-content\/uploads\/2026\/01\/25_Desesperacion-2048x1365.jpg 2048w, https:\/\/premio-fotografia.intras.es\/wp-content\/uploads\/2026\/01\/25_Desesperacion-1200x800.jpg 1200w, https:\/\/premio-fotografia.intras.es\/wp-content\/uploads\/2026\/01\/25_Desesperacion-1980x1320.jpg 1980w\" sizes=\"(max-width: 300px) 100vw, 300px\" \/><\/a>\n\t\t\t<\/div>\n\t\t\t\t<figcaption class='wp-caption-text gallery-caption' id='gallery-3-1887'>\n\t\t\t\tDesesperaci\u00f3n &#8211; Esta foto, que realic\u00e9 en una exhibici\u00f3n de danza oriental, me gusta por su energ\u00eda y plasticidad, pero al mismo tiempo, me desagrada por lo que parece transmitir: deseperaci\u00f3n. Conozco bien esta sensaci\u00f3n por doble motivo; primero por la frustraci\u00f3n que provoca la enfermedad mental, que cuesta mucho asumir, aprender a manejar y por supuesto sanar, y segundo, por eso mismo que igualmente provoca una enfermedad f\u00edsica grave como el c\u00e1ncer, con el a\u00f1adido que \u00e9sta supone dolor. A\u00fan as\u00ed, con toda la dureza que supone vivir en situaciones o coyunturas de tal envergadura, la desesperaci\u00f3n puede conducirte a estados luminosos cuando logras salid de ella. Es muy peligrosa si se hace permanente pues puede hacerte caer en perniciosas adicciones o conducirte a pr\u00e1cticas autolesivas, incluso al suicidio, pero si es transitoria te aporta un aprendizaje de tu vulnerabilidad nada grato pero valioso pues te hace humilde. Adem\u00e1s te ense\u00f1a a apreciar y agradecer m\u00e1s lo bueno que hay en tu vida y a centrarte en el presente, sac\u00e1ndote todo el provecho posible cuando est\u00e1s bien o al menos no asfixiado por el sufrimiento y la ausencia de esperanza para salir de \u00e9l\n\t\t\t\t<\/figcaption><\/figure><figure class='gallery-item'>\n\t\t\t<div class='gallery-icon landscape'>\n\t\t\t\t<a data-elementor-open-lightbox=\"yes\" data-elementor-lightbox-slideshow=\"660e96c\" data-elementor-lightbox-title=\"Mente Guitarra\" data-elementor-lightbox-description=\"Entre las cuerdas de la locura, su mente resonaba como una guitarra trastocada. Melod\u00edas de pensamientos discordantes la consum\u00edan, cada nota vibrando con la intensidad de sus emociones. En la caja de resonancia de su psique, una mujer bailaba entre acordes desgarrados. Susurros de cuerdas rotas y lamentos se entrelazaban mientras ella exploraba los confines de su propia sinfon\u00eda ca\u00f3tica. La realidad se desdibujaba, fusion\u00e1ndose con los acordes distorsionados, creando un paisaje sonoro surrealista. La mujer y la guitarra, una en la misma, se perd\u00edan en el laberinto de su propia creaci\u00f3n musical y mental.\" data-e-action-hash=\"#elementor-action%3Aaction%3Dlightbox%26settings%3DeyJpZCI6MTg4OCwidXJsIjoiaHR0cHM6XC9cL3ByZW1pby1mb3RvZ3JhZmlhLmludHJhcy5lc1wvd3AtY29udGVudFwvdXBsb2Fkc1wvMjAyNlwvMDFcLzI2X01lbnRlLUd1aXRhcnJhLXNjYWxlZC5qcGciLCJzbGlkZXNob3ciOiI2NjBlOTZjIn0%3D\" href='https:\/\/premio-fotografia.intras.es\/wp-content\/uploads\/2026\/01\/26_Mente-Guitarra-scaled.jpg'><img loading=\"lazy\" decoding=\"async\" width=\"300\" height=\"153\" src=\"https:\/\/premio-fotografia.intras.es\/wp-content\/uploads\/2026\/01\/26_Mente-Guitarra-300x153.jpg\" class=\"attachment-medium size-medium\" alt=\"Mente Guitarra\" aria-describedby=\"gallery-3-1888\" srcset=\"https:\/\/premio-fotografia.intras.es\/wp-content\/uploads\/2026\/01\/26_Mente-Guitarra-300x153.jpg 300w, https:\/\/premio-fotografia.intras.es\/wp-content\/uploads\/2026\/01\/26_Mente-Guitarra-1024x521.jpg 1024w, https:\/\/premio-fotografia.intras.es\/wp-content\/uploads\/2026\/01\/26_Mente-Guitarra-768x391.jpg 768w, https:\/\/premio-fotografia.intras.es\/wp-content\/uploads\/2026\/01\/26_Mente-Guitarra-1536x781.jpg 1536w, https:\/\/premio-fotografia.intras.es\/wp-content\/uploads\/2026\/01\/26_Mente-Guitarra-2048x1041.jpg 2048w, https:\/\/premio-fotografia.intras.es\/wp-content\/uploads\/2026\/01\/26_Mente-Guitarra-1200x610.jpg 1200w, https:\/\/premio-fotografia.intras.es\/wp-content\/uploads\/2026\/01\/26_Mente-Guitarra-1980x1007.jpg 1980w\" sizes=\"(max-width: 300px) 100vw, 300px\" \/><\/a>\n\t\t\t<\/div>\n\t\t\t\t<figcaption class='wp-caption-text gallery-caption' id='gallery-3-1888'>\n\t\t\t\tMente Guitarra &#8211; Entre las cuerdas de la locura, su mente resonaba como una guitarra trastocada. Melod\u00edas de pensamientos discordantes la consum\u00edan, cada nota vibrando con la intensidad de sus emociones. En la caja de resonancia de su psique, una mujer bailaba entre acordes desgarrados. Susurros de cuerdas rotas y lamentos se entrelazaban mientras ella exploraba los confines de su propia sinfon\u00eda ca\u00f3tica. La realidad se desdibujaba, fusion\u00e1ndose con los acordes distorsionados, creando un paisaje sonoro surrealista. La mujer y la guitarra, una en la misma, se perd\u00edan en el laberinto de su propia creaci\u00f3n musical y mental.\n\t\t\t\t<\/figcaption><\/figure><figure class='gallery-item'>\n\t\t\t<div class='gallery-icon portrait'>\n\t\t\t\t<a data-elementor-open-lightbox=\"yes\" data-elementor-lightbox-slideshow=\"660e96c\" data-elementor-lightbox-title=\"Benzocidad\" data-elementor-lightbox-description=\"Bienestar inmediato, r\u00e1pido y fugaz inducido por Lorazepanes de 1 mg. en el pa\u00eds con el mayor consumo de benzodiacepinas del mundo. Cada pastilla representa un patr\u00f3n repetitivo para lograr una sonrisa tan sim\u00e9trica como as\u00e9ptica y pasajera. A su vez, representa la necesidad desesperada por reducir el malestar ps\u00edquico mediante un m\u00e9todo eficiente, sin ser transformador ni duradero, ante la necesidad imperante de seguir en la rueda de un sistema que nos empuja a continuar siendo funcionales y para ello es necesario repetir las tomas una y otra vez, lo que terminar\u00e1 por desdibujar la sonrisa.\" data-e-action-hash=\"#elementor-action%3Aaction%3Dlightbox%26settings%3DeyJpZCI6MTg4OSwidXJsIjoiaHR0cHM6XC9cL3ByZW1pby1mb3RvZ3JhZmlhLmludHJhcy5lc1wvd3AtY29udGVudFwvdXBsb2Fkc1wvMjAyNlwvMDFcLzI3X0JlbnpvY2lkYWQtc2NhbGVkLmpwZyIsInNsaWRlc2hvdyI6IjY2MGU5NmMifQ%3D%3D\" href='https:\/\/premio-fotografia.intras.es\/wp-content\/uploads\/2026\/01\/27_Benzocidad-scaled.jpg'><img loading=\"lazy\" decoding=\"async\" width=\"225\" height=\"300\" src=\"https:\/\/premio-fotografia.intras.es\/wp-content\/uploads\/2026\/01\/27_Benzocidad-225x300.jpg\" class=\"attachment-medium size-medium\" alt=\"Benzocidad\" aria-describedby=\"gallery-3-1889\" srcset=\"https:\/\/premio-fotografia.intras.es\/wp-content\/uploads\/2026\/01\/27_Benzocidad-225x300.jpg 225w, https:\/\/premio-fotografia.intras.es\/wp-content\/uploads\/2026\/01\/27_Benzocidad-768x1024.jpg 768w, https:\/\/premio-fotografia.intras.es\/wp-content\/uploads\/2026\/01\/27_Benzocidad-1152x1536.jpg 1152w, https:\/\/premio-fotografia.intras.es\/wp-content\/uploads\/2026\/01\/27_Benzocidad-1536x2048.jpg 1536w, https:\/\/premio-fotografia.intras.es\/wp-content\/uploads\/2026\/01\/27_Benzocidad-1200x1600.jpg 1200w, https:\/\/premio-fotografia.intras.es\/wp-content\/uploads\/2026\/01\/27_Benzocidad-1980x2640.jpg 1980w, https:\/\/premio-fotografia.intras.es\/wp-content\/uploads\/2026\/01\/27_Benzocidad-scaled.jpg 1920w\" sizes=\"(max-width: 225px) 100vw, 225px\" \/><\/a>\n\t\t\t<\/div>\n\t\t\t\t<figcaption class='wp-caption-text gallery-caption' id='gallery-3-1889'>\n\t\t\t\tBenzocidad &#8211; Bienestar inmediato, r\u00e1pido y fugaz inducido por Lorazepanes de 1 mg. en el pa\u00eds con el mayor consumo de benzodiacepinas del mundo. Cada pastilla representa un patr\u00f3n repetitivo para lograr una sonrisa tan sim\u00e9trica como as\u00e9ptica y pasajera. A su vez, representa la necesidad desesperada por reducir el malestar ps\u00edquico mediante un m\u00e9todo eficiente, sin ser transformador ni duradero, ante la necesidad imperante de seguir en la rueda de un sistema que nos empuja a continuar siendo funcionales y para ello es necesario repetir las tomas una y otra vez, lo que terminar\u00e1 por desdibujar la sonrisa.\n\t\t\t\t<\/figcaption><\/figure><figure class='gallery-item'>\n\t\t\t<div class='gallery-icon landscape'>\n\t\t\t\t<a data-elementor-open-lightbox=\"yes\" data-elementor-lightbox-slideshow=\"660e96c\" data-elementor-lightbox-title=\"Carga y descarga\" data-elementor-lightbox-description=\"Tercera fotograf\u00eda representando la cosificaci\u00f3n de la vida y las subjetividades humanas dentro de un sistema material y capitalista que deja en un segundo plano el ser por detr\u00e1s del tener. Graciela y Alejandro esperan la llegada de un ferry que les transporte de un lugar a otro como objetos inertes, de un estado emocional al siguiente. La espalda de \u00e9l refleja la pasividad, la dificultad de enfrentarse a aquello que no queremos o no podemos afrontar y no queremos ver. La mirada de ella, en cambio, es la predisposici\u00f3n a aceptar lo que tenga que llegar de una manera digna y sedente, sin resistencias.\" data-e-action-hash=\"#elementor-action%3Aaction%3Dlightbox%26settings%3DeyJpZCI6MTg5MCwidXJsIjoiaHR0cHM6XC9cL3ByZW1pby1mb3RvZ3JhZmlhLmludHJhcy5lc1wvd3AtY29udGVudFwvdXBsb2Fkc1wvMjAyNlwvMDFcLzI4X0NhcmdhLXktZGVzY2FyZ2EuanBnIiwic2xpZGVzaG93IjoiNjYwZTk2YyJ9\" href='https:\/\/premio-fotografia.intras.es\/wp-content\/uploads\/2026\/01\/28_Carga-y-descarga.jpg'><img loading=\"lazy\" decoding=\"async\" width=\"300\" height=\"200\" src=\"https:\/\/premio-fotografia.intras.es\/wp-content\/uploads\/2026\/01\/28_Carga-y-descarga-300x200.jpg\" class=\"attachment-medium size-medium\" alt=\"Carga y descarga\" aria-describedby=\"gallery-3-1890\" srcset=\"https:\/\/premio-fotografia.intras.es\/wp-content\/uploads\/2026\/01\/28_Carga-y-descarga-300x200.jpg 300w, https:\/\/premio-fotografia.intras.es\/wp-content\/uploads\/2026\/01\/28_Carga-y-descarga-1024x683.jpg 1024w, https:\/\/premio-fotografia.intras.es\/wp-content\/uploads\/2026\/01\/28_Carga-y-descarga-768x512.jpg 768w, https:\/\/premio-fotografia.intras.es\/wp-content\/uploads\/2026\/01\/28_Carga-y-descarga-1536x1024.jpg 1536w, https:\/\/premio-fotografia.intras.es\/wp-content\/uploads\/2026\/01\/28_Carga-y-descarga-1200x800.jpg 1200w, https:\/\/premio-fotografia.intras.es\/wp-content\/uploads\/2026\/01\/28_Carga-y-descarga-1980x1320.jpg 1980w, https:\/\/premio-fotografia.intras.es\/wp-content\/uploads\/2026\/01\/28_Carga-y-descarga.jpg 2048w\" sizes=\"(max-width: 300px) 100vw, 300px\" \/><\/a>\n\t\t\t<\/div>\n\t\t\t\t<figcaption class='wp-caption-text gallery-caption' id='gallery-3-1890'>\n\t\t\t\tCarga y descarga &#8211; Tercera fotograf\u00eda representando la cosificaci\u00f3n de la vida y las subjetividades humanas dentro de un sistema material y capitalista que deja en un segundo plano el ser por detr\u00e1s del tener. Graciela y Alejandro esperan la llegada de un ferry que les transporte de un lugar a otro como objetos inertes, de un estado emocional al siguiente. La espalda de \u00e9l refleja la pasividad, la dificultad de enfrentarse a aquello que no queremos o no podemos afrontar y no queremos ver. La mirada de ella, en cambio, es la predisposici\u00f3n a aceptar lo que tenga que llegar de una manera digna y sedente, sin resistencias.\n\t\t\t\t<\/figcaption><\/figure><figure class='gallery-item'>\n\t\t\t<div class='gallery-icon landscape'>\n\t\t\t\t<a data-elementor-open-lightbox=\"yes\" data-elementor-lightbox-slideshow=\"660e96c\" data-elementor-lightbox-title=\"\u00bfSoledad deseada?\" data-elementor-lightbox-description=\"Casi desintegrado, lejos de m\u00ed mismo\u2026Harry me amarra a la acera\u2026se desintegra conmigo en nuestra soledad compartida y acompa\u00f1ada. Nada nos une, nada nos separa, pero en compa\u00f1\u00eda resistimos.\nSoledad buscada, soledad amada, soledad que es trinchera\u2026 en mi tierra cada d\u00eda m\u00e1s vac\u00eda. Tras la alegr\u00eda y la risa siempre sigue la soledad en espiral interminable, como ausencia de deseo, como soledad no deseada\u2026. La soledad no viene sola\u2026 viene  acompa\u00f1ada de p\u00e9rdida, de olvido, de abandono y de estigma, tambi\u00e9n de libertad.\" data-e-action-hash=\"#elementor-action%3Aaction%3Dlightbox%26settings%3DeyJpZCI6MTg5MiwidXJsIjoiaHR0cHM6XC9cL3ByZW1pby1mb3RvZ3JhZmlhLmludHJhcy5lc1wvd3AtY29udGVudFwvdXBsb2Fkc1wvMjAyNlwvMDFcLzM0X1NvbGVkYWQtc2NhbGVkLmpwZyIsInNsaWRlc2hvdyI6IjY2MGU5NmMifQ%3D%3D\" href='https:\/\/premio-fotografia.intras.es\/wp-content\/uploads\/2026\/01\/34_Soledad-scaled.jpg'><img loading=\"lazy\" decoding=\"async\" width=\"300\" height=\"215\" src=\"https:\/\/premio-fotografia.intras.es\/wp-content\/uploads\/2026\/01\/34_Soledad-300x215.jpg\" class=\"attachment-medium size-medium\" alt=\"\u00bfSoledad deseada?\" aria-describedby=\"gallery-3-1892\" srcset=\"https:\/\/premio-fotografia.intras.es\/wp-content\/uploads\/2026\/01\/34_Soledad-300x215.jpg 300w, https:\/\/premio-fotografia.intras.es\/wp-content\/uploads\/2026\/01\/34_Soledad-1024x734.jpg 1024w, https:\/\/premio-fotografia.intras.es\/wp-content\/uploads\/2026\/01\/34_Soledad-768x551.jpg 768w, https:\/\/premio-fotografia.intras.es\/wp-content\/uploads\/2026\/01\/34_Soledad-1536x1101.jpg 1536w, https:\/\/premio-fotografia.intras.es\/wp-content\/uploads\/2026\/01\/34_Soledad-2048x1469.jpg 2048w, https:\/\/premio-fotografia.intras.es\/wp-content\/uploads\/2026\/01\/34_Soledad-1200x861.jpg 1200w, https:\/\/premio-fotografia.intras.es\/wp-content\/uploads\/2026\/01\/34_Soledad-1980x1420.jpg 1980w\" sizes=\"(max-width: 300px) 100vw, 300px\" \/><\/a>\n\t\t\t<\/div>\n\t\t\t\t<figcaption class='wp-caption-text gallery-caption' id='gallery-3-1892'>\n\t\t\t\t\u00bfSoledad deseada? &#8211; Vicente Mateos Kraaij &#8211; Casi desintegrado, lejos de m\u00ed mismo\u2026Harry me amarra a la acera\u2026se desintegra conmigo en nuestra soledad compartida y acompa\u00f1ada. Nada nos une, nada nos separa, pero en compa\u00f1\u00eda resistimos.\nSoledad buscada, soledad amada, soledad que es trinchera\u2026 en mi tierra cada d\u00eda m\u00e1s vac\u00eda. Tras la alegr\u00eda y la risa siempre sigue la soledad en espiral interminable, como ausencia de deseo, como soledad no deseada\u2026. La soledad no viene sola\u2026 viene  acompa\u00f1ada de p\u00e9rdida, de olvido, de abandono y de estigma, tambi\u00e9n de libertad.\n\t\t\t\t<\/figcaption><\/figure>\n\t\t<\/div>\n\t\t<\/div>\n\t\t\t\t<\/div>\n\t\t\t\t<\/div>\n\t\t\t\t\t<\/div>\n\t\t\t\t<\/div>\n\t\t\t\t\t\t\t<\/div>\n\t\t","protected":false},"excerpt":{"rendered":"<p>Jos\u00e9 Mar\u00eda Rubio Calonge gana el V Premio Internacional de Fotograf\u00eda y Locura &#8216;Locograf\u00eda&#8217;. El jurado convocado por Fundaci\u00f3n INTRAS ha designado a\u00a0Jos\u00e9 Mar\u00eda Rubio Calonge\u00a0por su obra \u2018ALZH 14\u2019 como ganador del V Premio Internacional de Fotograf\u00eda y Locura \u2018LOCOGRAF\u00cdAS\u2019. El jurado, integrado por profesionales de la salud mental, los servicios sociales, los medios [&hellip;]<\/p>\n","protected":false},"author":1,"featured_media":0,"parent":0,"menu_order":0,"comment_status":"closed","ping_status":"closed","template":"","meta":{"footnotes":""},"class_list":["post-1863","page","type-page","status-publish","hentry"],"_links":{"self":[{"href":"https:\/\/premio-fotografia.intras.es\/index.php\/wp-json\/wp\/v2\/pages\/1863","targetHints":{"allow":["GET"]}}],"collection":[{"href":"https:\/\/premio-fotografia.intras.es\/index.php\/wp-json\/wp\/v2\/pages"}],"about":[{"href":"https:\/\/premio-fotografia.intras.es\/index.php\/wp-json\/wp\/v2\/types\/page"}],"author":[{"embeddable":true,"href":"https:\/\/premio-fotografia.intras.es\/index.php\/wp-json\/wp\/v2\/users\/1"}],"replies":[{"embeddable":true,"href":"https:\/\/premio-fotografia.intras.es\/index.php\/wp-json\/wp\/v2\/comments?post=1863"}],"version-history":[{"count":5,"href":"https:\/\/premio-fotografia.intras.es\/index.php\/wp-json\/wp\/v2\/pages\/1863\/revisions"}],"predecessor-version":[{"id":1897,"href":"https:\/\/premio-fotografia.intras.es\/index.php\/wp-json\/wp\/v2\/pages\/1863\/revisions\/1897"}],"wp:attachment":[{"href":"https:\/\/premio-fotografia.intras.es\/index.php\/wp-json\/wp\/v2\/media?parent=1863"}],"curies":[{"name":"wp","href":"https:\/\/api.w.org\/{rel}","templated":true}]}}